{"id":146,"date":"2025-10-09T13:26:22","date_gmt":"2025-10-09T13:26:22","guid":{"rendered":"https:\/\/eabctcongress.org\/fr\/?page_id=146"},"modified":"2026-04-27T16:03:32","modified_gmt":"2026-04-27T16:03:32","slug":"conferenciers","status":"publish","type":"page","link":"https:\/\/eabctcongress.org\/fr\/index.php\/conferenciers\/","title":{"rendered":"Conf\u00e9renciers"},"content":{"rendered":"<p>[et_pb_section fb_built=&#8221;1&#8243; _builder_version=&#8221;4.27.4&#8243; _module_preset=&#8221;default&#8221; global_colors_info=&#8221;{}&#8221;][et_pb_row _builder_version=&#8221;4.27.4&#8243; _module_preset=&#8221;default&#8221; global_colors_info=&#8221;{}&#8221;][et_pb_column type=&#8221;4_4&#8243; _builder_version=&#8221;4.27.4&#8243; _module_preset=&#8221;default&#8221; global_colors_info=&#8221;{}&#8221;][et_pb_text _builder_version=&#8221;4.27.5&#8243; _module_preset=&#8221;default&#8221; global_colors_info=&#8221;{}&#8221;]<\/p>\n<h3><span style=\"color: #008e90;\"><strong>Conf\u00e9renciers<\/strong><\/span><\/h3>\n<p>[\/et_pb_text][\/et_pb_column][\/et_pb_row][et_pb_row column_structure=&#8221;1_3,2_3&#8243; _builder_version=&#8221;4.27.4&#8243; _module_preset=&#8221;default&#8221; border_width_top=&#8221;2px&#8221; border_color_top=&#8221;#008E90&#8243; global_colors_info=&#8221;{}&#8221;][et_pb_column type=&#8221;1_3&#8243; _builder_version=&#8221;4.27.4&#8243; _module_preset=&#8221;default&#8221; global_colors_info=&#8221;{}&#8221;][et_pb_team_member name=&#8221;Matthias Berking&#8221; position=&#8221;Professeur&#8221; image_url=&#8221;https:\/\/eabctcongress.org\/fr\/wp-content\/uploads\/2025\/10\/Matthias_Berking.jpg&#8221; _builder_version=&#8221;4.27.5&#8243; _module_preset=&#8221;default&#8221; header_font=&#8221;||||||||&#8221; header_text_color=&#8221;#008E90&#8243; header_font_size=&#8221;14px&#8221; text_orientation=&#8221;center&#8221; width=&#8221;65%&#8221; module_alignment=&#8221;center&#8221; custom_padding=&#8221;30px|30px|30px|30px|false|false&#8221; box_shadow_style=&#8221;preset1&#8243; global_colors_info=&#8221;{}&#8221;][\/et_pb_team_member][\/et_pb_column][et_pb_column type=&#8221;2_3&#8243; _builder_version=&#8221;4.27.4&#8243; _module_preset=&#8221;default&#8221; global_colors_info=&#8221;{}&#8221;][et_pb_toggle title=&#8221;BIOGRAPHIE&#8221; _builder_version=&#8221;4.27.5&#8243; _module_preset=&#8221;default&#8221; global_colors_info=&#8221;{}&#8221;]<\/p>\n<p><em><strong>BIOGRAPHIE<\/strong><\/em><\/p>\n<p>Le professeur Matthias Berking est chef du d\u00e9partement de psychologie clinique et de psychoth\u00e9rapie de l&#8217;Universit\u00e9 Friedrich-Alexander d&#8217;Erlangen-Nuremberg (FAU), directeur de la consultation externe de psychoth\u00e9rapie et du centre de formation des psychoth\u00e9rapeutes de la FAU. Auteur de nombreux articles scientifiques, il figure parmi les 0,01 % des chercheurs les plus cit\u00e9s au monde en psychologie clinique selon la liste de Stanford en 2022, 2023 et 2024.<\/p>\n<p>[\/et_pb_toggle][\/et_pb_column][\/et_pb_row][et_pb_row column_structure=&#8221;1_3,2_3&#8243; _builder_version=&#8221;4.27.4&#8243; _module_preset=&#8221;default&#8221; border_width_top=&#8221;2px&#8221; border_color_top=&#8221;#008E90&#8243; global_colors_info=&#8221;{}&#8221;][et_pb_column type=&#8221;1_3&#8243; _builder_version=&#8221;4.27.4&#8243; _module_preset=&#8221;default&#8221; global_colors_info=&#8221;{}&#8221;][et_pb_team_member name=&#8221;Jo\u00ebl Billieux&#8221; position=&#8221;Professeur&#8221; image_url=&#8221;https:\/\/eabctcongress.org\/fr\/wp-content\/uploads\/2025\/10\/Joel_Billieux.jpg&#8221; _builder_version=&#8221;4.27.5&#8243; _module_preset=&#8221;default&#8221; header_font=&#8221;||||||||&#8221; header_text_color=&#8221;#008E90&#8243; header_font_size=&#8221;14px&#8221; text_orientation=&#8221;center&#8221; width=&#8221;65%&#8221; module_alignment=&#8221;center&#8221; custom_padding=&#8221;30px|30px|30px|30px|false|false&#8221; box_shadow_style=&#8221;preset1&#8243; global_colors_info=&#8221;{}&#8221;]<\/p>\n<p style=\"text-align: center;\"><a href=\"https:\/\/vimeo.com\/1172512923\" target=\"_blank\" rel=\"noopener\"><img loading=\"lazy\" decoding=\"async\" src=\"https:\/\/eabctcongress.org\/fr\/wp-content\/uploads\/2026\/03\/video_2.jpg\" width=\"65\" height=\"47\" alt=\"\" class=\"wp-image-753 alignnone size-full\" \/><\/a><\/p>\n<p>[\/et_pb_team_member][\/et_pb_column][et_pb_column type=&#8221;2_3&#8243; _builder_version=&#8221;4.27.4&#8243; _module_preset=&#8221;default&#8221; global_colors_info=&#8221;{}&#8221;][et_pb_toggle title=&#8221;BIOGRAPHIE&#8221; _builder_version=&#8221;4.27.5&#8243; _module_preset=&#8221;default&#8221; global_colors_info=&#8221;{}&#8221;]<\/p>\n<p style=\"text-align: justify;\">Il est professeur de psychologie clinique \u00e0 l&#8217;Universit\u00e9 de Lausanne et au Centre de lutte contre le jeu excessif (H\u00f4pitaux universitaires lausannois). Ses recherches portent sur les facteurs psychologiques impliqu\u00e9s dans l&#8217;\u00e9tiologie des conduites addictives, ainsi que sur la conceptualisation et le diagnostic des addictions comportementales. Il m\u00e8ne \u00e9galement des recherches sur l&#8217;utilisation th\u00e9rapeutique des jeux de r\u00f4le sur table. Il contribue \u00e0 la section \u00ab Troubles li\u00e9s \u00e0 l&#8217;usage de substances et conduites addictives \u00bb de la CIM-11 du CDDR.<\/p>\n<p>[\/et_pb_toggle][\/et_pb_column][\/et_pb_row][et_pb_row column_structure=&#8221;1_3,2_3&#8243; _builder_version=&#8221;4.27.4&#8243; _module_preset=&#8221;default&#8221; border_width_top=&#8221;2px&#8221; border_color_top=&#8221;#008E90&#8243; global_colors_info=&#8221;{}&#8221;][et_pb_column type=&#8221;1_3&#8243; _builder_version=&#8221;4.27.4&#8243; _module_preset=&#8221;default&#8221; global_colors_info=&#8221;{}&#8221;][et_pb_team_member name=&#8221;Maria do C\u00e9u Salvador&#8221; position=&#8221;Professeure&#8221; image_url=&#8221;https:\/\/eabctcongress.org\/fr\/wp-content\/uploads\/2025\/10\/Maria_do_Ceu_Salvador.jpg&#8221; _builder_version=&#8221;4.27.5&#8243; _module_preset=&#8221;default&#8221; header_font=&#8221;||||||||&#8221; header_text_color=&#8221;#008E90&#8243; header_font_size=&#8221;14px&#8221; text_orientation=&#8221;center&#8221; width=&#8221;65%&#8221; module_alignment=&#8221;center&#8221; custom_padding=&#8221;30px|30px|30px|30px|false|false&#8221; box_shadow_style=&#8221;preset1&#8243; global_colors_info=&#8221;{}&#8221;][\/et_pb_team_member][\/et_pb_column][et_pb_column type=&#8221;2_3&#8243; _builder_version=&#8221;4.27.4&#8243; _module_preset=&#8221;default&#8221; global_colors_info=&#8221;{}&#8221;][et_pb_toggle title=&#8221;BIOGRAPHIE&#8221; _builder_version=&#8221;4.27.5&#8243; _module_preset=&#8221;default&#8221; global_colors_info=&#8221;{}&#8221;]<\/p>\n<p style=\"text-align: justify;\">Maria do C\u00e9u Salvador est professeure \u00e0 l&#8217;Universit\u00e9 de Coimbra. Elle enseigne les mod\u00e8les et interventions de th\u00e9rapie comportementale cognitive (TCC), m\u00e8ne des recherches et supervise des formations, des masters et des th\u00e8ses de doctorat en TCC. Psychologue clinicienne et psychoth\u00e9rapeute et superviseure accr\u00e9dit\u00e9e en TCC, elle exerce en cabinet priv\u00e9 et enseigne dans le cadre de plusieurs programmes de formation, au Portugal et \u00e0 l&#8217;\u00e9tranger. Elle est actuellement pr\u00e9sidente de l&#8217;Association portugaise de th\u00e9rapie comportementale.<\/p>\n<p>[\/et_pb_toggle][\/et_pb_column][\/et_pb_row][et_pb_row column_structure=&#8221;1_3,2_3&#8243; _builder_version=&#8221;4.27.4&#8243; _module_preset=&#8221;default&#8221; border_width_top=&#8221;2px&#8221; border_color_top=&#8221;#008E90&#8243; global_colors_info=&#8221;{}&#8221;][et_pb_column type=&#8221;1_3&#8243; _builder_version=&#8221;4.27.4&#8243; _module_preset=&#8221;default&#8221; global_colors_info=&#8221;{}&#8221;][et_pb_team_member name=&#8221;Nazanin Derakhshan&#8221; position=&#8221;Professeure de psychopathologie exp\u00e9rimentale&#8221; image_url=&#8221;https:\/\/eabctcongress.org\/fr\/wp-content\/uploads\/2025\/10\/Nazanin_Derakhshan.jpg&#8221; _builder_version=&#8221;4.27.5&#8243; _module_preset=&#8221;default&#8221; header_font=&#8221;||||||||&#8221; header_text_color=&#8221;#008E90&#8243; header_font_size=&#8221;14px&#8221; text_orientation=&#8221;center&#8221; width=&#8221;65%&#8221; module_alignment=&#8221;center&#8221; custom_padding=&#8221;30px|30px|30px|30px|false|false&#8221; box_shadow_style=&#8221;preset1&#8243; global_colors_info=&#8221;{}&#8221;]<\/p>\n<p style=\"text-align: center;\"><a href=\"https:\/\/vimeo.com\/manage\/videos\/1176930101\" target=\"_blank\" rel=\"noopener\"><img loading=\"lazy\" decoding=\"async\" src=\"https:\/\/eabctcongress.org\/fr\/wp-content\/uploads\/2026\/03\/video_2.jpg\" width=\"65\" height=\"47\" alt=\"\" class=\"wp-image-753 alignnone size-full\" \/><\/a><\/p>\n<p>[\/et_pb_team_member][\/et_pb_column][et_pb_column type=&#8221;2_3&#8243; _builder_version=&#8221;4.27.4&#8243; _module_preset=&#8221;default&#8221; global_colors_info=&#8221;{}&#8221;][et_pb_text _builder_version=&#8221;4.27.5&#8243; _module_preset=&#8221;default&#8221; hover_enabled=&#8221;0&#8243; sticky_enabled=&#8221;0&#8243;]<\/p>\n<p><strong>Beyond Survival: Attentional Control, Emotional Resilience and Implications for Healthcare Policy<\/strong><\/p>\n<p>[\/et_pb_text][et_pb_toggle title=&#8221;KEYNOTE et BIOGRAPHIE&#8221; _builder_version=&#8221;4.27.5&#8243; _module_preset=&#8221;default&#8221; hover_enabled=&#8221;0&#8243; global_colors_info=&#8221;{}&#8221; sticky_enabled=&#8221;0&#8243;]<\/p>\n<p style=\"text-align: justify;\">Keynote Title:<strong> Beyond Survival: Attentional Control, Emotional Resilience and Implications for Healthcare Policy<\/strong><\/p>\n<p style=\"text-align: justify;\">Anxiety and depression are among the leading contributors to global disability, yet interventions that deliver sustained, long\u2011term benefits remain limited, and key risk factors are still poorly understood. The need for global health policies that promote emotional resilience within supportive medicine\u2014particularly in the context of chronic conditions such as breast cancer\u2014has never been more urgent.<\/p>\n<p style=\"text-align: justify;\">In this talk, I will trace the journey from fundamental scientific discoveries in our research on attentional control and its role in emotional vulnerability and resilience, to translational interventions capable of delivering sustainable improvements in quality of life. These interventions target neurocognitive and autonomic functioning and demonstrate the potential for step\u2011change advances in psychological outcomes. The primary focus is on (breast) cancer, where anxiety and depression are known to shape clinical outcomes, limiting the effectiveness of survival\u2011extending medical advances. The broader implications extend across chronic illness and mental health more generally.<\/p>\n<p style=\"text-align: justify;\">I will conclude by outlining how simple, accessible, and psycho\u2011educational interventions can be systematically embedded within healthcare delivery models and policy frameworks, enabling sustainable support structures that empower patients, clinicians, and services to move beyond survival toward long\u2011term resilience and recovery.<\/p>\n<p style=\"text-align: justify;\"><strong>BIOGRAPHIE<\/strong><\/p>\n<p style=\"text-align: justify;\">Nazanin Derakhshan est professeure de psychopathologie exp\u00e9rimentale et fondatrice du Centre pour le renforcement de la r\u00e9silience face au cancer du sein (BRiC) au Royaume-Uni. Elle y m\u00e8ne des recherches innovantes sur la r\u00e9silience \u00e9motionnelle dans les situations d&#8217;anxi\u00e9t\u00e9, de d\u00e9pression et de cancer. Ses travaux ont mis en lumi\u00e8re le r\u00f4le crucial du contr\u00f4le attentionnel dans la vuln\u00e9rabilit\u00e9 \u00e9motionnelle et ont conduit au d\u00e9veloppement d&#8217;interventions neurocognitives efficaces. Ayant surv\u00e9cu \u00e0 un cancer du sein, elle est profond\u00e9ment engag\u00e9e dans le soutien aux femmes gr\u00e2ce \u00e0 des ressources psycho\u00e9ducatives et a \u00e9t\u00e9 largement reconnue pour son impact, notamment en \u00e9tant nomm\u00e9e figure cl\u00e9 du changement dans Birkbeck Inspires. Avec plus de 100 publications et pr\u00e8s de 20 000 citations, Naz a apport\u00e9 une contribution significative \u00e0 la psychologie et \u00e0 l&#8217;int\u00e9gration des soins de sant\u00e9 mentale en oncologie. Elle conseille \u00e9galement des organisations caritatives et gouvernementales, d\u00e9fendant des approches holistiques et fond\u00e9es sur la recherche pour la prise en charge du cancer et le bien-\u00eatre psychologique.<\/p>\n<p>[\/et_pb_toggle][\/et_pb_column][\/et_pb_row][et_pb_row column_structure=&#8221;1_3,2_3&#8243; _builder_version=&#8221;4.27.4&#8243; _module_preset=&#8221;default&#8221; border_width_top=&#8221;2px&#8221; border_color_top=&#8221;#008E90&#8243; global_colors_info=&#8221;{}&#8221;][et_pb_column type=&#8221;1_3&#8243; _builder_version=&#8221;4.27.4&#8243; _module_preset=&#8221;default&#8221; global_colors_info=&#8221;{}&#8221;][et_pb_team_member name=&#8221;Cecilia A. Essau&#8221; position=&#8221;Professeure&#8221; image_url=&#8221;https:\/\/eabctcongress.org\/fr\/wp-content\/uploads\/2025\/10\/Cecilia_Essau.jpg&#8221; _builder_version=&#8221;4.27.5&#8243; _module_preset=&#8221;default&#8221; header_font=&#8221;||||||||&#8221; header_text_color=&#8221;#008E90&#8243; header_font_size=&#8221;14px&#8221; text_orientation=&#8221;center&#8221; width=&#8221;65%&#8221; module_alignment=&#8221;center&#8221; custom_padding=&#8221;30px|30px|30px|30px|false|false&#8221; box_shadow_style=&#8221;preset1&#8243; global_colors_info=&#8221;{}&#8221;][\/et_pb_team_member][\/et_pb_column][et_pb_column type=&#8221;2_3&#8243; _builder_version=&#8221;4.27.4&#8243; _module_preset=&#8221;default&#8221; global_colors_info=&#8221;{}&#8221;][et_pb_text _builder_version=&#8221;4.27.5&#8243; _module_preset=&#8221;default&#8221; hover_enabled=&#8221;0&#8243; sticky_enabled=&#8221;0&#8243;]<\/p>\n<p><strong>Cultural Adaptation of CBT for Youth Anxiety and Depression in Non-WEIRD Nations<\/strong><\/p>\n<p>[\/et_pb_text][et_pb_toggle title=&#8221;KEYNOTE et BIOGRAPHIE&#8221; _builder_version=&#8221;4.27.5&#8243; _module_preset=&#8221;default&#8221; hover_enabled=&#8221;0&#8243; global_colors_info=&#8221;{}&#8221; sticky_enabled=&#8221;0&#8243;]<\/p>\n<p style=\"text-align: justify;\">Keynote:\u00a0<strong>Cultural Adaptation of CBT for Youth Anxiety and Depression in Non-WEIRD Nations<\/strong><\/p>\n<p style=\"text-align: justify;\">Anxiety and depression are among the most prevalent mental health disorders in young people, affecting up to 32% of the general population. These conditions frequently co-occur with other mental health problems and, when left untreated, often follow a chronic and impairing trajectory into adulthood, impacting educational attainment, social functioning, and long-term wellbeing. Despite the availability of effective, evidence-based interventions, access to mental health services for children and adolescents remains limited worldwide, particularly in low- and middle-income countries and other under-resourced settings. Research has identified a broad range of psychosocial, environmental, and developmental factors that contribute to the onset and maintenance of anxiety and depression in youth. However, much of this evidence is derived from studies conducted in Western, Educated, Industrialized, Rich, and Democratic (WEIRD) contexts, raising important questions about its applicability across diverse cultural settings. Cultural context plays a critical role in shaping how mental health difficulties are experienced, expressed, and understood, as well as influencing help-seeking behaviours, stigma, family and community responses, and access to care. This keynote will draw on cross-cultural research to examine both universal and culture-specific mechanisms underlying youth anxiety and depression. It will explore how these insights can inform the cultural adaptation of Cognitive Behavioral Therapy (CBT), with a focus on maintaining core therapeutic principles\u2014such as cognitive restructuring, behavioural activation, and skills training\u2014while enhancing cultural relevance, engagement, and acceptability. Practical examples will illustrate how CBT-based interventions can be adapted across different cultural, educational, and resource contexts. The keynote will also address key challenges in implementing culturally responsive CBT interventions, including barriers and facilitators at the individual, community, and system levels. Emphasis will be placed on strategies to improve accessibility, scalability, and sustainability, particularly within school and community settings. By situating CBT within a broader cultural framework, this keynote highlights the importance of flexible, context-sensitive approaches to ensure that evidence-based interventions remain effective and equitable for diverse populations of young people worldwide.<\/p>\n<p style=\"text-align: justify;\"><strong>BIOGRAPHIE<\/strong><\/p>\n<p style=\"text-align: justify;\">Cecilia A. Essau est professeure de psychopathologie du d\u00e9veloppement \u00e0 l&#8217;Universit\u00e9 de Roehampton, au Royaume-Uni. Elle a r\u00e9cemment re\u00e7u le prix \u00ab Distinguished Contributions Award \u00bb de la section \u00ab Psychologie du d\u00e9veloppement \u00bb de la British Psychological Society pour ses contributions durables et substantielles \u00e0 la recherche, qui ont eu un impact sur la soci\u00e9t\u00e9 au sens large. Cecilia a d\u00e9velopp\u00e9 un programme (Super Skills for Life ; SSL) qui permet aux enfants et aux adolescents d&#8217;acqu\u00e9rir les comp\u00e9tences n\u00e9cessaires pour g\u00e9rer des situations qui auraient pu les angoisser et les mettre en difficult\u00e9. Gr\u00e2ce \u00e0 une approche de formation des formateurs, la formation SSL a renforc\u00e9 les capacit\u00e9s et fa\u00e7onn\u00e9 la pratique de 26 000 praticiens, et a produit des r\u00e9sultats positifs en mati\u00e8re de sant\u00e9 mentale chez environ un million de jeunes dans 23 pays.<\/p>\n<p>[\/et_pb_toggle][\/et_pb_column][\/et_pb_row][et_pb_row column_structure=&#8221;1_3,2_3&#8243; _builder_version=&#8221;4.27.4&#8243; _module_preset=&#8221;default&#8221; border_width_top=&#8221;2px&#8221; border_color_top=&#8221;#008E90&#8243; global_colors_info=&#8221;{}&#8221;][et_pb_column type=&#8221;1_3&#8243; _builder_version=&#8221;4.27.4&#8243; _module_preset=&#8221;default&#8221; global_colors_info=&#8221;{}&#8221;][et_pb_team_member name=&#8221;Stefan G. Hofmann&#8221; position=&#8221;Professeur, Docteur&#8221; image_url=&#8221;https:\/\/eabctcongress.org\/fr\/wp-content\/uploads\/2025\/10\/Stefan_G_Hofmann.jpg&#8221; _builder_version=&#8221;4.27.5&#8243; _module_preset=&#8221;default&#8221; header_font=&#8221;||||||||&#8221; header_text_color=&#8221;#008E90&#8243; header_font_size=&#8221;14px&#8221; text_orientation=&#8221;center&#8221; width=&#8221;65%&#8221; module_alignment=&#8221;center&#8221; custom_padding=&#8221;30px|30px|30px|30px|false|false&#8221; box_shadow_style=&#8221;preset1&#8243; global_colors_info=&#8221;{}&#8221;][\/et_pb_team_member][\/et_pb_column][et_pb_column type=&#8221;2_3&#8243; _builder_version=&#8221;4.27.4&#8243; _module_preset=&#8221;default&#8221; global_colors_info=&#8221;{}&#8221;][et_pb_text _builder_version=&#8221;4.27.5&#8243; _module_preset=&#8221;default&#8221; hover_enabled=&#8221;0&#8243; sticky_enabled=&#8221;0&#8243;]<\/p>\n<p><strong>Improving CBT from Molecules to Models<\/strong><\/p>\n<p>[\/et_pb_text][et_pb_toggle title=&#8221;KEYNOTE et BIOGRAPHIE&#8221; _builder_version=&#8221;4.27.5&#8243; _module_preset=&#8221;default&#8221; hover_enabled=&#8221;0&#8243; global_colors_info=&#8221;{}&#8221; sticky_enabled=&#8221;0&#8243;]<\/p>\n<p style=\"text-align: justify;\">Keynote Title: <strong>Improving CBT from Molecules to Models<\/strong><\/p>\n<p style=\"text-align: justify;\">CBT is one of the great success stories of psychiatry. However, we have reached a crisis point because treatment efficacy has not been improving over the last few decades. To overcome this crisis, I will discuss 3 strategies to improve our CBT approach, primarily focused on mood and anxiety disorders. First, insights from translational research and neuroscience can augment existing strategies, even on the molecular level. Second, theory-informed novel therapeutic strategies can enhance treatment success. Third, and perhaps most importantly, we need to revisit and improve some of our basic models and paradigms that serve as the basis for CBT. This may require a radical departure from the latent disease model of the current psychiatric nosology of the DSM\/ICD and the absurd proliferation of the protocols-for-syndrome approach. Such a paradigm shift is currently underway, moving toward process-based therapy (PBT). PBT focuses on how to best target and change core biopsychosocial processes in a specific situation for given goals with a given client. This approach recognizes that psychotherapy typically involves non-linear (rather than linear), bidirectional (rather than unidirectional), and dynamic changes of many (rather than only a few) interconnected variables. Effective therapy leads to changes of the entire system toward a stable and adaptive state. This requires gathering high-density longitudinal idiographic data to capture the complexity of psychopathology using a dynamic network approach within the general framework of evolutionary science. I will conclude that CBT can be improved through translational research while embracing an evolutionary model toward psychopathology and treatment change.<\/p>\n<p style=\"text-align: justify;\"><em>Key References:<\/em><br \/>Hofmann, S. G. (2025). A network control theory of dynamic systems approach to personalize therapy. Behavior Therapy, 56, 199-212. doi: 10.1016\/j.beth.2024.10.006<\/p>\n<p style=\"text-align: justify;\">Westhoff, M., Berg, M., Reif, A., Rief, W., &amp; Hofmann, S. G. (2024). Major problems in clinical psychological science and how to address them: Introducing a multimodal dynamical network approach. Cognitive Therapy and Research, 48, 791\u2013807 https:\/\/doi.org\/10.1007\/s10608-024-10487-9<\/p>\n<p style=\"text-align: justify;\"><strong>BIOGRAPHIE<\/strong><\/p>\n<p style=\"text-align: justify;\">Le professeur Stefan G. Hofmann est titulaire de la chaire Alexander von Humboldt de psychologie clinique translationnelle \u00e0 l&#8217;Universit\u00e9 Philipps de Marbourg, en Allemagne. Il a \u00e9t\u00e9 chercheur hautement cit\u00e9 par Clarivate, a \u00e9t\u00e9 r\u00e9dacteur en chef de Cognitive Therapy and Research et est le prochain r\u00e9dacteur en chef de Psychological Bulletin. Il a publi\u00e9 plus de 500 articles de revues \u00e0 comit\u00e9 de lecture et 20 ouvrages sur les troubles anxieux, les \u00e9motions et les pratiques th\u00e9rapeutiques fond\u00e9es sur des donn\u00e9es probantes.<\/p>\n<p>[\/et_pb_toggle][\/et_pb_column][\/et_pb_row][et_pb_row column_structure=&#8221;1_3,2_3&#8243; _builder_version=&#8221;4.27.4&#8243; _module_preset=&#8221;default&#8221; border_width_top=&#8221;2px&#8221; border_color_top=&#8221;#008E90&#8243; global_colors_info=&#8221;{}&#8221;][et_pb_column type=&#8221;1_3&#8243; _builder_version=&#8221;4.27.4&#8243; _module_preset=&#8221;default&#8221; global_colors_info=&#8221;{}&#8221;][et_pb_team_member name=&#8221;Nikolaos Kazantzis&#8221; position=&#8221;Professeur de psychologie clinique&#8221; image_url=&#8221;https:\/\/eabctcongress.org\/fr\/wp-content\/uploads\/2025\/10\/Nikolaos_Kazantzis.jpg&#8221; _builder_version=&#8221;4.27.5&#8243; _module_preset=&#8221;default&#8221; header_font=&#8221;||||||||&#8221; header_text_color=&#8221;#008E90&#8243; header_font_size=&#8221;14px&#8221; text_orientation=&#8221;center&#8221; width=&#8221;65%&#8221; module_alignment=&#8221;center&#8221; custom_padding=&#8221;30px|30px|30px|30px|false|false&#8221; box_shadow_style=&#8221;preset1&#8243; global_colors_info=&#8221;{}&#8221;][\/et_pb_team_member][\/et_pb_column][et_pb_column type=&#8221;2_3&#8243; _builder_version=&#8221;4.27.4&#8243; _module_preset=&#8221;default&#8221; global_colors_info=&#8221;{}&#8221;][et_pb_toggle title=&#8221;BIOGRAPHIE&#8221; _builder_version=&#8221;4.27.5&#8243; _module_preset=&#8221;default&#8221; global_colors_info=&#8221;{}&#8221;]<\/p>\n<p style=\"text-align: justify;\">Le Dr Nikolaos Kazantzis est professeur de psychologie clinique et affili\u00e9 \u00e0 l&#8217;Unit\u00e9 de recherche en th\u00e9rapie cognitivo-comportementale (CBTRU ; Melbourne, Australie) et \u00e0 l&#8217;Institut Beck de th\u00e9rapie cognitivo-comportementale (Philadelphie, \u00c9tats-Unis). Il est largement reconnu comme une figure de proue de la TCC pour ses travaux sur les approches fond\u00e9es sur des donn\u00e9es probantes visant \u00e0 adapter la relation th\u00e9rapeutique et, en particulier, \u00e0 optimiser l&#8217;engagement des patients dans les exercices th\u00e9rapeutiques entre les s\u00e9ances. Les travaux de son \u00e9quipe, bas\u00e9s sur les mod\u00e8les conceptuels et les mesures de la CBTRU, ont permis d&#8217;obtenir de nombreuses subventions des Instituts nationaux de la sant\u00e9 (NIH) des \u00c9tats-Unis et ont donn\u00e9 lieu \u00e0 plus de 200 publications scientifiques, six ouvrages destin\u00e9s aux cliniciens et 19 num\u00e9ros sp\u00e9ciaux de revues. En 2019, l&#8217;Association am\u00e9ricaine de psychologie (APA) a d\u00e9cern\u00e9 \u00e0 son \u00e9quipe le prix de l&#8217;article le plus t\u00e9l\u00e9charg\u00e9 parmi plus de 4 500 articles publi\u00e9s dans ses 89 revues. Il est l&#8217;ancien r\u00e9dacteur en chef de Cognitive and Behavioral Practice, est actuellement r\u00e9dacteur de la collection \u00ab CBT : Science into Practice \u00bb de Springer Nature et a re\u00e7u le prix Beck Scholar du Dr Aaron T. Beck et du Dr Judith S. Beck en reconnaissance de ses contributions scientifiques. Des informations compl\u00e9mentaires sont disponibles \u00e0 l\u2019adresse suivante : <a href=\"http:\/\/www.nikolaoskazantzis.com\" target=\"_blank\" rel=\"noopener\">www.nikolaoskazantzis.com<\/a>, <a href=\"http:\/\/www.cbtru.com\" target=\"_blank\" rel=\"noopener\">www.cbtru.com<\/a>, et <a href=\"https:\/\/link.springer.com\/series\/15752\/books\" target=\"_blank\" rel=\"noopener\">https:\/\/link.springer.com\/series\/15752\/books<\/a>.<\/p>\n<p>[\/et_pb_toggle][\/et_pb_column][\/et_pb_row][et_pb_row column_structure=&#8221;1_3,2_3&#8243; _builder_version=&#8221;4.27.4&#8243; _module_preset=&#8221;default&#8221; border_width_top=&#8221;2px&#8221; border_color_top=&#8221;#008E90&#8243; global_colors_info=&#8221;{}&#8221;][et_pb_column type=&#8221;1_3&#8243; _builder_version=&#8221;4.27.4&#8243; _module_preset=&#8221;default&#8221; global_colors_info=&#8221;{}&#8221;][et_pb_team_member name=&#8221;Willem Kuyken&#8221; image_url=&#8221;https:\/\/eabctcongress.org\/fr\/wp-content\/uploads\/2025\/10\/Willem_Kuyken.jpg&#8221; _builder_version=&#8221;4.27.5&#8243; _module_preset=&#8221;default&#8221; header_font=&#8221;||||||||&#8221; header_text_color=&#8221;#008E90&#8243; header_font_size=&#8221;14px&#8221; text_orientation=&#8221;center&#8221; width=&#8221;65%&#8221; module_alignment=&#8221;center&#8221; custom_padding=&#8221;30px|30px|30px|30px|false|false&#8221; box_shadow_style=&#8221;preset1&#8243; global_colors_info=&#8221;{}&#8221;][\/et_pb_team_member][\/et_pb_column][et_pb_column type=&#8221;2_3&#8243; _builder_version=&#8221;4.27.4&#8243; _module_preset=&#8221;default&#8221; global_colors_info=&#8221;{}&#8221;][et_pb_text _builder_version=&#8221;4.27.5&#8243; _module_preset=&#8221;default&#8221; hover_enabled=&#8221;0&#8243; sticky_enabled=&#8221;0&#8243;]<\/p>\n<p><strong>From Preventing Depression to Promoting Human Flourishing: MBCT Comes of Age<\/strong><\/p>\n<p>[\/et_pb_text][et_pb_toggle title=&#8221;KEYNOTE et BIOGRAPHIE&#8221; _builder_version=&#8221;4.27.5&#8243; _module_preset=&#8221;default&#8221; hover_enabled=&#8221;0&#8243; global_colors_info=&#8221;{}&#8221; sticky_enabled=&#8221;0&#8243;]<\/p>\n<p style=\"text-align: justify;\"><em>Keynote Title:<\/em><strong> From Preventing Depression to Promoting Human Flourishing: MBCT Comes of Age<\/strong><\/p>\n<p style=\"text-align: justify;\">Depression will affect an estimated one billion people worldwide at some point in their lives. We have made extraordinary progress in developing approaches to treatment and prevention. Both cognitive and mindfulness-based therapies have been shown to be as effective as medication, to prevent relapse, and to give people skills that extend well beyond the end of treatment. Clinical guidelines around the world now recommend these approaches. And yet mental health remains a major challange, particularly among young people and those in socioeconomically deprived communities. Specialist psychological therapies, however well-delivered, can only ever reach a fraction of those who need them.<\/p>\n<p style=\"text-align: justify;\">This keynote traces the arc of that progress and asks what comes next. The argument is threefold. First, we need to move beyond treatment to prevention \u2014 intervening earlier, and at scale, before depression takes hold. Second, we need to move beyond prevention to flourishing \u2014 teaching foundational skills for mental health and a life well lived, not merely the absence of disorder. Third, we need approaches that are accessible, engaging, and inclusive across the full range of life stages and contexts, from schools and workplaces to communities and families.<\/p>\n<p style=\"text-align: justify;\">Drawing on ancient wisdom and the best of modern psychological science, the Mindfulness for Life programme represents one response to this challenge. Organised around levels of learning \u2014 systemic, introductory, intermediate, and advanced \u2014 it offers a scalable, evidence-informed pathway from managing daily difficulties to living with purpose, resilience, and connection.<\/p>\n<p style=\"text-align: justify;\">A vision for 2050 is a world free from the devastating impacts of depression, where people flourish. This keynote sets out what that vision demands of us as researchers, clinicians, and teachers \u2014 and what the evidence suggests is within reach.<\/p>\n<p style=\"text-align: justify;\"><em>Key References:<\/em><br \/>Montero-Marin, J., van der Velden, A. M., &amp; Kuyken, W. (2024). Mindfulness-based cognitive therapy&#8217;s untapped potential. JAMA Psychiatry. https:\/\/doi.org\/10.1001\/jamapsychiatry.2024.2741<\/p>\n<p style=\"text-align: justify;\"><strong>BIOGRAPHIE<\/strong><\/p>\n<p style=\"text-align: justify;\">Willem Kuykem est professeur Ritblat de pleine conscience et de sciences psychologiques \u00e0 l&#8217;Universit\u00e9 d&#8217;Oxford, au Royaume-Uni. Ses travaux portent sur la pr\u00e9vention de la d\u00e9pression, la promotion de la sant\u00e9 mentale et l&#8217;\u00e9panouissement tout au long de la vie. Il a publi\u00e9 plus de 150 articles et a \u00e9t\u00e9 class\u00e9 par Web of Science parmi les 1 % des scientifiques les plus cit\u00e9s au monde en 2019, 2020, 2021, 2022 et 2023.<\/p>\n<p style=\"text-align: justify;\">Il est l&#8217;auteur de deux ouvrages, Mindfulness for Life (2024) et Mindfulness \u2013 Ancient Wisdom Meets Modern Psychology (2019) avec Christina Feldman, tous deux publi\u00e9s par Guilford Press. Ses travaux ont \u00e9t\u00e9 pr\u00e9sent\u00e9s dans le New York Times, New Scientist, Nature, Scientific American, Times Oprah Daily, Educational Supplement, la BBC, CBS, New Statesman, Le Monde, der Zeit, le Telegraph, le Guardian et de nombreux podcasts. Il vit \u00e0 Londres.<\/p>\n<p>[\/et_pb_toggle][\/et_pb_column][\/et_pb_row][et_pb_row column_structure=&#8221;1_3,2_3&#8243; _builder_version=&#8221;4.27.4&#8243; _module_preset=&#8221;default&#8221; border_width_top=&#8221;2px&#8221; border_color_top=&#8221;#008E90&#8243; global_colors_info=&#8221;{}&#8221;][et_pb_column type=&#8221;1_3&#8243; _builder_version=&#8221;4.27.4&#8243; _module_preset=&#8221;default&#8221; global_colors_info=&#8221;{}&#8221;][et_pb_team_member name=&#8221;Frank Lar\u00f8i&#8221; position=&#8221;Professeur&#8221; image_url=&#8221;https:\/\/eabctcongress.org\/fr\/wp-content\/uploads\/2026\/03\/Frank_Laroi.jpg&#8221; _builder_version=&#8221;4.27.5&#8243; _module_preset=&#8221;default&#8221; header_font=&#8221;||||||||&#8221; header_text_color=&#8221;#008E90&#8243; header_font_size=&#8221;14px&#8221; text_orientation=&#8221;center&#8221; width=&#8221;65%&#8221; module_alignment=&#8221;center&#8221; custom_padding=&#8221;30px|30px|30px|30px|false|false&#8221; box_shadow_style=&#8221;preset1&#8243; global_colors_info=&#8221;{}&#8221;][\/et_pb_team_member][\/et_pb_column][et_pb_column type=&#8221;2_3&#8243; _builder_version=&#8221;4.27.4&#8243; _module_preset=&#8221;default&#8221; global_colors_info=&#8221;{}&#8221;][et_pb_text _builder_version=&#8221;4.27.5&#8243; _module_preset=&#8221;default&#8221; hover_enabled=&#8221;0&#8243; sticky_enabled=&#8221;0&#8243;]<\/p>\n<p><strong>A review of evidence-based psychological interventions for psychosis<\/strong><\/p>\n<p>[\/et_pb_text][et_pb_toggle title=&#8221;KEYNOTE et BIOGRAPHIE&#8221; _builder_version=&#8221;4.27.5&#8243; _module_preset=&#8221;default&#8221; hover_enabled=&#8221;0&#8243; global_colors_info=&#8221;{}&#8221; sticky_enabled=&#8221;0&#8243;]<\/p>\n<p style=\"text-align: justify;\">Keynote title : <strong>A review of evidence-based psychological interventions for psychosis<\/strong><\/p>\n<p style=\"text-align: justify;\">Evidence-based psychological interventions are now a core component of comprehensive care for people with psychosis. The current literature on key approaches, their empirical support, and proposed mechanisms of action will be summarised. Cognitive-behavioural therapy for psychosis (CBTp) is the most extensively studied intervention. Randomized controlled trials and meta-analyses show modest but reliable benefits for positive symptoms, distress, functioning, and relapse prevention, particularly when CBTp is provided in addition to antipsychotic medication. Family interventions, typically combining psychoeducation, communication training, and problem-solving, consistently reduce relapse and rehospitalization. Cognitive remediation yields small to moderate improvements in cognition and functional outcomes. Social skills training and supported employment further enhance social and vocational functioning, complementing more symptom-focused therapies. Emerging approaches, including acceptance and commitment therapy, mindfulness-based interventions, and compassion-focused therapy, show promising effects though the evidence base remains more limited. Overall, the evidence supports routine provision of structured, manualized psychological interventions as part of standard care for psychosis.<\/p>\n<p style=\"text-align: justify;\"><strong>BIOGRAPHIE<\/strong><\/p>\n<p style=\"text-align: justify;\">Je suis professeur de psychologie \u00e0 l&#8217;Universit\u00e9 d&#8217;Oslo et \u00e0 l&#8217;Universit\u00e9 de Li\u00e8ge. Mes recherches portent sur la psychose et ses sympt\u00f4mes sp\u00e9cifiques, tels que les hallucinations et les id\u00e9es d\u00e9lirantes. J&#8217;ai eu le privil\u00e8ge d&#8217;utiliser diverses m\u00e9thodologies, notamment \u00e9pid\u00e9miologiques, exp\u00e9rimentales et longitudinales. Ces travaux ont \u00e9galement permis d&#8217;\u00e9tablir des collaborations interdisciplinaires stimulantes avec, par exemple, des anthropologues, des philosophes, des personnes ayant v\u00e9cu la psychose, ainsi que des sp\u00e9cialistes du cin\u00e9ma et de la litt\u00e9rature. Ils ont aussi ouvert la voie \u00e0 l&#8217;\u00e9tude des hallucinations chez d&#8217;autres groupes cliniques, comme les patients atteints de d\u00e9mence.<br \/>J&#8217;ai enseign\u00e9 dans plusieurs universit\u00e9s, tant sur la psychose, que sur la psychopathologie en g\u00e9n\u00e9ral. Mon exp\u00e9rience clinique concerne principalement le travail aupr\u00e8s de personnes souffrant de psychose.<\/p>\n<p>[\/et_pb_toggle][\/et_pb_column][\/et_pb_row][et_pb_row column_structure=&#8221;1_3,2_3&#8243; _builder_version=&#8221;4.27.4&#8243; _module_preset=&#8221;default&#8221; border_width_top=&#8221;2px&#8221; border_color_top=&#8221;#008E90&#8243; global_colors_info=&#8221;{}&#8221;][et_pb_column type=&#8221;1_3&#8243; _builder_version=&#8221;4.27.4&#8243; _module_preset=&#8221;default&#8221; global_colors_info=&#8221;{}&#8221;][et_pb_team_member name=&#8221;Jozefien De Leersnyder&#8221; position=&#8221;Professeure&#8221; image_url=&#8221;https:\/\/eabctcongress.org\/fr\/wp-content\/uploads\/2025\/10\/Jozefien_De_Leersnyder.jpg&#8221; _builder_version=&#8221;4.27.5&#8243; _module_preset=&#8221;default&#8221; header_font=&#8221;||||||||&#8221; header_text_color=&#8221;#008E90&#8243; header_font_size=&#8221;14px&#8221; text_orientation=&#8221;center&#8221; width=&#8221;65%&#8221; module_alignment=&#8221;center&#8221; custom_padding=&#8221;30px|30px|30px|30px|false|false&#8221; box_shadow_style=&#8221;preset1&#8243; global_colors_info=&#8221;{}&#8221;][\/et_pb_team_member][\/et_pb_column][et_pb_column type=&#8221;2_3&#8243; _builder_version=&#8221;4.27.4&#8243; _module_preset=&#8221;default&#8221; global_colors_info=&#8221;{}&#8221;][et_pb_toggle title=&#8221;BIOGRAPHIE&#8221; _builder_version=&#8221;4.27.5&#8243; _module_preset=&#8221;default&#8221; global_colors_info=&#8221;{}&#8221;]<\/p>\n<p style=\"text-align: justify;\">Jozefien De Leersnyder est professeure associ\u00e9e au Centre de psychologie sociale et culturelle de la KU Leuven. Elle \u00e9tudie l&#8217;interaction entre culture, psych\u00e9 et bien-\u00eatre, notamment dans des mondes sociaux changeants et diversifi\u00e9s. Elle est l&#8217;\u00e9ditrice de \u00ab The Cultural Shaping of Emotion \u00bb (Cambridge University Press, 2026), ancienne copr\u00e9sidente de la Jeune Acad\u00e9mie belge et laur\u00e9ate de plusieurs prix internationaux (dont le prix IUPsys Young Scholar). Elle dirige actuellement plusieurs projets sur l&#8217;\u00e9quit\u00e9 dans l&#8217;\u00e9ducation (www.jeztoemotions.be) et un projet financ\u00e9 par l&#8217;ERC visant \u00e0 repenser l&#8217;acculturation psychologique.<\/p>\n<p>[\/et_pb_toggle][\/et_pb_column][\/et_pb_row][et_pb_row column_structure=&#8221;1_3,2_3&#8243; _builder_version=&#8221;4.27.4&#8243; _module_preset=&#8221;default&#8221; border_width_top=&#8221;2px&#8221; border_color_top=&#8221;#008E90&#8243; global_colors_info=&#8221;{}&#8221;][et_pb_column type=&#8221;1_3&#8243; _builder_version=&#8221;4.27.4&#8243; _module_preset=&#8221;default&#8221; global_colors_info=&#8221;{}&#8221;][et_pb_team_member name=&#8221;John Pachankis&#8221; position=&#8221;Docteur&#8221; image_url=&#8221;https:\/\/eabctcongress.org\/fr\/wp-content\/uploads\/2025\/10\/John_Pachankis.jpg&#8221; _builder_version=&#8221;4.27.5&#8243; _module_preset=&#8221;default&#8221; header_font=&#8221;||||||||&#8221; header_text_color=&#8221;#008E90&#8243; header_font_size=&#8221;14px&#8221; text_orientation=&#8221;center&#8221; width=&#8221;65%&#8221; module_alignment=&#8221;center&#8221; custom_padding=&#8221;30px|30px|30px|30px|false|false&#8221; box_shadow_style=&#8221;preset1&#8243; global_colors_info=&#8221;{}&#8221;][\/et_pb_team_member][\/et_pb_column][et_pb_column type=&#8221;2_3&#8243; _builder_version=&#8221;4.27.4&#8243; _module_preset=&#8221;default&#8221; global_colors_info=&#8221;{}&#8221;][et_pb_toggle title=&#8221;BIOGRAPHIE&#8221; _builder_version=&#8221;4.27.5&#8243; _module_preset=&#8221;default&#8221; global_colors_info=&#8221;{}&#8221;]<\/p>\n<p style=\"text-align: justify;\">Le Dr Pachankis est titulaire de la chaire David R. Kessler de sant\u00e9 publique, de psychiatrie et de psychologie \u00e0 Yale et directeur de l&#8217;Initiative pour la sant\u00e9 mentale LGBTQ de Yale. Ses recherches portent sur la sant\u00e9 mentale des populations LGBTQ aux \u00c9tats-Unis et dans le monde. Il a publi\u00e9 200 articles scientifiques sur la sant\u00e9 mentale des personnes LGBTQ.<\/p>\n<p>[\/et_pb_toggle][\/et_pb_column][\/et_pb_row][et_pb_row column_structure=&#8221;1_3,2_3&#8243; _builder_version=&#8221;4.27.4&#8243; _module_preset=&#8221;default&#8221; border_width_top=&#8221;2px&#8221; border_color_top=&#8221;#008E90&#8243; global_colors_info=&#8221;{}&#8221;][et_pb_column type=&#8221;1_3&#8243; _builder_version=&#8221;4.27.4&#8243; _module_preset=&#8221;default&#8221; global_colors_info=&#8221;{}&#8221;][et_pb_team_member name=&#8221;Niki (Nicola) Petrocchi&#8221; position=&#8221;Professeure, Doctoresse&#8221; image_url=&#8221;https:\/\/eabctcongress.org\/fr\/wp-content\/uploads\/2025\/10\/Niki_Petrocchi.jpg&#8221; _builder_version=&#8221;4.27.5&#8243; _module_preset=&#8221;default&#8221; header_font=&#8221;||||||||&#8221; header_text_color=&#8221;#008E90&#8243; header_font_size=&#8221;14px&#8221; text_orientation=&#8221;center&#8221; width=&#8221;65%&#8221; module_alignment=&#8221;center&#8221; custom_padding=&#8221;30px|30px|30px|30px|false|false&#8221; box_shadow_style=&#8221;preset1&#8243; global_colors_info=&#8221;{}&#8221;][\/et_pb_team_member][\/et_pb_column][et_pb_column type=&#8221;2_3&#8243; _builder_version=&#8221;4.27.4&#8243; _module_preset=&#8221;default&#8221; global_colors_info=&#8221;{}&#8221;][et_pb_text _builder_version=&#8221;4.27.5&#8243; _module_preset=&#8221;default&#8221; hover_enabled=&#8221;0&#8243; sticky_enabled=&#8221;0&#8243;]<\/p>\n<p><strong>From Restructuring to Relating: How Compassion Transforms the Therapeutic Process in Cognitive Behavioral Therapy<\/strong><\/p>\n<p>[\/et_pb_text][et_pb_toggle title=&#8221;KEYNOTE et BIOGRAPHIE&#8221; _builder_version=&#8221;4.27.5&#8243; _module_preset=&#8221;default&#8221; hover_enabled=&#8221;0&#8243; global_colors_info=&#8221;{}&#8221; sticky_enabled=&#8221;0&#8243;]<\/p>\n<p style=\"text-align: justify;\">Keynote Title: From Restructuring to Relating: How Compassion Transforms the Therapeutic Process in Cognitive Behavioral Therapy<\/p>\n<p style=\"text-align: justify;\">What if the greatest barrier to change isn\u2019t only a distorted belief, but also a harsh inner voice? And what if the therapist, too, is caught in cycles of self-criticism that silently shape the therapeutic encounter? Rather than replacing CBT, Compassion Focused Therapy (CFT) offers a powerful framework for enhancing its techniques through the lens of evolved motivational systems. Drawing on evolutionary science, affective neuroscience, and a growing body of meta-analytic evidence, I will illustrate how compassion \u2014 understood as a complex, evolved motivational system \u2014 can regulate shame and self-criticism, two key transdiagnostic processes often resistant to cognitive restructuring alone. By focusing on both intrapersonal and interpersonal motivational shifts, CFT promotes physiological regulation and deepens emotional processing, thereby facilitating belief and schema change. I will share findings from my research on heart rate variability and psychophysiological responses to compassion-based interventions, highlighting how motivational change precedes and enables cognitive change. Special attention will be given to CFT\u2019s application in LGBTQ+ populations, where shame-based processes are deeply intertwined with social stigma and identity development. This lecture will also briefly highlight the emerging relevance of compassion-focused approaches within psychedelic-assisted therapy, particularly in supporting preparation, emotional safeness, and the integration of difficult or transformative experiences. At the heart of CFT lies a deep awareness of the therapeutic relationship \u2014 not only with our clients, but with ourselves. By addressing the shame and self-doubt that arise in our own practice, compassion allows us to embrace our complexity, and become safer, braver spaces for others. Ultimately, this lecture will offer a perspective on how compassion \u2014 far from being a soft addition \u2014 serves as a scientifically grounded, powerful catalyst for transformation within cognitive therapy.<\/p>\n<p style=\"text-align: justify;\">Petrocchi, N., Kirby, J. N., &amp; Baldi, B. (2024). Essentials of compassion focused therapy: A practice manual for clinicians. Routledge.<\/p>\n<p style=\"text-align: justify;\">Seabra, D., Carvalho, S. A., Gato, J., Petrocchi, N., &amp; Salvador, M. D. C. (2025). (Self)tainted love: Shame and self-criticism as self-discriminatory processes underlying psychological suffering in sexual minority individuals.\u00a0Journal of Human Behavior in the Social Environment,\u00a035(5), 714\u2013732. https:\/\/doi.org\/10.1080\/10911359.2024.2333777<\/p>\n<p style=\"text-align: justify;\"><strong>BIOGRAPHIE<\/strong><\/p>\n<p style=\"text-align: justify;\">Niki (Nicola) Petrocchi, Ph. D., est professeure agr\u00e9g\u00e9e de psychologie \u00e0 l&#8217;Universit\u00e9 John Cabot (Rome) et fondatrice de Compassionate Mind Italia. Elle a publi\u00e9 plus de 100 articles scientifiques et un manuel sur la th\u00e9rapie centr\u00e9e sur la compassion. Ses recherches et son enseignement portent sur les fondements psychophysiologiques de la compassion et de la r\u00e9gulation \u00e9motionnelle, int\u00e9grant les approches CFT et TCC dans des contextes scientifiques et cliniques, avec un int\u00e9r\u00eat particulier pour les populations de diverses identit\u00e9s de genre.<\/p>\n<p>[\/et_pb_toggle][\/et_pb_column][\/et_pb_row][et_pb_row column_structure=&#8221;1_3,2_3&#8243; _builder_version=&#8221;4.27.4&#8243; _module_preset=&#8221;default&#8221; border_width_top=&#8221;2px&#8221; border_color_top=&#8221;#008E90&#8243; global_colors_info=&#8221;{}&#8221;][et_pb_column type=&#8221;1_3&#8243; _builder_version=&#8221;4.27.4&#8243; _module_preset=&#8221;default&#8221; global_colors_info=&#8221;{}&#8221;][et_pb_team_member name=&#8221;Peter Phiri&#8221; position=&#8221;Professeur, Docteur&#8221; image_url=&#8221;https:\/\/eabctcongress.org\/fr\/wp-content\/uploads\/2025\/10\/Peter_Phiri.jpg&#8221; _builder_version=&#8221;4.27.5&#8243; _module_preset=&#8221;default&#8221; header_font=&#8221;||||||||&#8221; header_text_color=&#8221;#008E90&#8243; header_font_size=&#8221;14px&#8221; text_orientation=&#8221;center&#8221; width=&#8221;65%&#8221; module_alignment=&#8221;center&#8221; custom_padding=&#8221;30px|30px|30px|30px|false|false&#8221; box_shadow_style=&#8221;preset1&#8243; global_colors_info=&#8221;{}&#8221;][\/et_pb_team_member][\/et_pb_column][et_pb_column type=&#8221;2_3&#8243; _builder_version=&#8221;4.27.4&#8243; _module_preset=&#8221;default&#8221; global_colors_info=&#8221;{}&#8221;][et_pb_toggle title=&#8221;BIOGRAPHIE&#8221; _builder_version=&#8221;4.27.5&#8243; _module_preset=&#8221;default&#8221; global_colors_info=&#8221;{}&#8221;]<\/p>\n<p style=\"text-align: justify;\"><em> Professeur, PhD, responsable de la recherche et de l&#8217;innovation, Hampshire &amp; Isle of Wight Healthcare NHS Foundation Trust, Royaume-Uni, chercheur invit\u00e9, \u00c9cole de psychologie, Universit\u00e9 de Southampton, Royaume-Uni, boursier BABCP<\/em><\/p>\n<p style=\"text-align: justify;\">Le professeur Phiri est responsable de la recherche et de l&#8217;innovation. Il est \u00e9galement professeur invit\u00e9 \u00e0 l&#8217;\u00c9cole de psychologie de l&#8217;Universit\u00e9 de Southampton et professeur invit\u00e9 \u00e0 la Facult\u00e9 des sciences param\u00e9dicales de l&#8217;Universit\u00e9 de Ruhuna et de l&#8217;Universit\u00e9 Nnamdi Azikiwe. Infirmier auxiliaire de sant\u00e9 mentale et psychoth\u00e9rapeute cognitivo-comportemental sp\u00e9cialis\u00e9, le professeur Phiri poss\u00e8de plus de vingt ans d&#8217;exp\u00e9rience clinique au sein du NHS et dans divers contextes de soins.<\/p>\n<p style=\"text-align: justify;\">Consultant en essais cliniques, il est l&#8217;auteur de plusieurs ouvrages, dont \u00ab Essais cliniques et tribulations \u00bb et \u00ab Adaptation culturelle de la TCC pour les maladies mentales graves : Guide de formation et de pratique \u00bb.<\/p>\n<p>[\/et_pb_toggle][\/et_pb_column][\/et_pb_row][et_pb_row column_structure=&#8221;1_3,2_3&#8243; _builder_version=&#8221;4.27.4&#8243; _module_preset=&#8221;default&#8221; border_width_top=&#8221;2px&#8221; border_color_top=&#8221;#008E90&#8243; global_colors_info=&#8221;{}&#8221;][et_pb_column type=&#8221;1_3&#8243; _builder_version=&#8221;4.27.4&#8243; _module_preset=&#8221;default&#8221; global_colors_info=&#8221;{}&#8221;][et_pb_team_member name=&#8221;Ioana R. Podina&#8221; position=&#8221;Professeure&#8221; image_url=&#8221;https:\/\/eabctcongress.org\/fr\/wp-content\/uploads\/2026\/04\/Ioana_Podina.jpg&#8221; _builder_version=&#8221;4.27.5&#8243; _module_preset=&#8221;default&#8221; header_font=&#8221;||||||||&#8221; header_text_color=&#8221;#008E90&#8243; header_font_size=&#8221;14px&#8221; text_orientation=&#8221;center&#8221; width=&#8221;65%&#8221; module_alignment=&#8221;center&#8221; custom_padding=&#8221;30px|30px|30px|30px|false|false&#8221; box_shadow_style=&#8221;preset1&#8243; global_colors_info=&#8221;{}&#8221;][\/et_pb_team_member][\/et_pb_column][et_pb_column type=&#8221;2_3&#8243; _builder_version=&#8221;4.27.4&#8243; _module_preset=&#8221;default&#8221; global_colors_info=&#8221;{}&#8221;][et_pb_text _builder_version=&#8221;4.27.5&#8243; _module_preset=&#8221;default&#8221; hover_enabled=&#8221;0&#8243; sticky_enabled=&#8221;0&#8243;]<\/p>\n<p><span><strong>Digital Mental Health: From Promise to Practice to Pause? <\/strong>Is it still ok?<\/span><\/p>\n<p>[\/et_pb_text][et_pb_toggle title=&#8221;KEYNOTE et BIOGRAPHIE&#8221; _builder_version=&#8221;4.27.5&#8243; _module_preset=&#8221;default&#8221; hover_enabled=&#8221;0&#8243; global_colors_info=&#8221;{}&#8221; sticky_enabled=&#8221;0&#8243;]<\/p>\n<p style=\"text-align: justify;\">Keynote Title: <strong>Digital Mental Health: From Promise to Practice to Pause?<\/strong> Is it still ok?<\/p>\n<p style=\"text-align: justify;\">There are two generations of digital mental health. The first was built by researchers and clinicians asking how to extend the reach of evidence-based therapy. The second is being built by technology companies asking how to make a language model feel like a therapist. The difference between those two questions is the difference between clinical science and product design. Recent statistics suggest AI chatbots may already be the largest unregulated provider of mental health support in the world, yet research shows that these tools systematically fail at core therapeutic tasks, including recognizing suicidal intent and challenging distorted thinking, while their design actively rewards engagement over recovery. Just as social media prompted calls for regulation and independent research, AI in mental health now may demand the same pause. This talk will examine where digital mental health helps, where it may harm, and why practitioners should lead the conversation about what comes next.<\/p>\n<p style=\"text-align: justify;\"><strong>BIOGRAPHIE<\/strong><\/p>\n<p style=\"text-align: justify;\">Ioana R. Podina est professeure de psychologie \u00e0 l&#8217;Universit\u00e9 de Bucarest et fondatrice du Laboratoire des sciences cliniques cognitives. Psychoth\u00e9rapeute cognitivo-comportementale agr\u00e9\u00e9e et certifi\u00e9e par l&#8217;Institut Albert Ellis (New York), ses recherches portent sur la sant\u00e9 mentale num\u00e9rique, la linguistique informatique appliqu\u00e9e \u00e0 la psychopathologie et la survie au cancer, et font l&#8217;objet de publications dans des revues internationales de premier plan. Au cours de la derni\u00e8re d\u00e9cennie, elle a mis au point des interventions pionni\u00e8res de Th\u00e9rapies Comportementales et Cognitives gamifi\u00e9es ax\u00e9es sur les jeunes ainsi que des chatbots de d\u00e9pistage en sant\u00e9 mentale. De plus en plus impliqu\u00e9e dans l&#8217;\u00e9thique des technologies \u00e9mergentes, elle a r\u00e9cemment occup\u00e9 le poste de Vice-Pr\u00e9sidente du groupe d&#8217;experts de l&#8217;UNESCO sur l&#8217;\u00e9thique des neurotechnologies. Elle si\u00e8ge actuellement au Comit\u00e9 \u00c9thique et Soci\u00e9t\u00e9 (EESC) d&#8217;EBRAINS, la plus grande infrastructure de recherche europ\u00e9enne d\u00e9di\u00e9e \u00e0 l&#8217;avancement des sciences du cerveau, o\u00f9 elle \u00e9labore des cadres pour le d\u00e9ploiement responsable des innovations neurotechnologiques dans les domaines de la sant\u00e9 et de la sant\u00e9 mentale.<\/p>\n<p>[\/et_pb_toggle][\/et_pb_column][\/et_pb_row][et_pb_row column_structure=&#8221;1_3,2_3&#8243; _builder_version=&#8221;4.27.4&#8243; _module_preset=&#8221;default&#8221; border_width_top=&#8221;2px&#8221; border_color_top=&#8221;#008E90&#8243; global_colors_info=&#8221;{}&#8221;][et_pb_column type=&#8221;1_3&#8243; _builder_version=&#8221;4.27.4&#8243; _module_preset=&#8221;default&#8221; global_colors_info=&#8221;{}&#8221;][et_pb_team_member name=&#8221;Romina Rinaldi&#8221; position=&#8221;Professeure&#8221; image_url=&#8221;https:\/\/eabctcongress.org\/fr\/wp-content\/uploads\/2026\/01\/Romina-Rinaldi.jpg&#8221; _builder_version=&#8221;4.27.5&#8243; _module_preset=&#8221;default&#8221; header_font=&#8221;||||||||&#8221; header_text_color=&#8221;#008E90&#8243; header_font_size=&#8221;14px&#8221; text_orientation=&#8221;center&#8221; width=&#8221;65%&#8221; module_alignment=&#8221;center&#8221; custom_padding=&#8221;30px|30px|30px|30px|false|false&#8221; box_shadow_style=&#8221;preset1&#8243; global_colors_info=&#8221;{}&#8221;]<\/p>\n<p style=\"text-align: center;\"><a href=\"https:\/\/vimeo.com\/1172849937\" target=\"_blank\" rel=\"noopener\"><img loading=\"lazy\" decoding=\"async\" src=\"https:\/\/eabctcongress.org\/fr\/wp-content\/uploads\/2026\/03\/video_2.jpg\" width=\"65\" height=\"47\" alt=\"\" class=\"wp-image-753 alignnone size-full\" \/><\/a><\/p>\n<p>[\/et_pb_team_member][\/et_pb_column][et_pb_column type=&#8221;2_3&#8243; _builder_version=&#8221;4.27.4&#8243; _module_preset=&#8221;default&#8221; global_colors_info=&#8221;{}&#8221;][et_pb_text _builder_version=&#8221;4.27.5&#8243; _module_preset=&#8221;default&#8221; hover_enabled=&#8221;0&#8243; sticky_enabled=&#8221;0&#8243;]<\/p>\n<p><strong>Sant\u00e9 mentale dans la d\u00e9ficience intellectuelle et les troubles du d\u00e9veloppement : entre h\u00e9ritages et \u00e9volutions<\/strong><\/p>\n<p>[\/et_pb_text][et_pb_toggle title=&#8221;KEYNOTE et BIOGRAPHIE&#8221; _builder_version=&#8221;4.27.5&#8243; _module_preset=&#8221;default&#8221; hover_enabled=&#8221;0&#8243; global_colors_info=&#8221;{}&#8221; sticky_enabled=&#8221;0&#8243;]<\/p>\n<p style=\"text-align: justify;\"><strong>Sant\u00e9 mentale dans la d\u00e9ficience intellectuelle et les troubles du d\u00e9veloppement : entre h\u00e9ritages et \u00e9volutions<\/strong><\/p>\n<p style=\"text-align: justify;\"><span>Les personnes avec d\u00e9ficience intellectuelle et troubles du d\u00e9veloppement pr\u00e9sentent une pr\u00e9valence \u00e9lev\u00e9e de troubles de sant\u00e9 mentale, ainsi que des in\u00e9galit\u00e9s persistantes dans l\u2019acc\u00e8s \u00e0 des soins adapt\u00e9s. Pendant longtemps, la sant\u00e9 mentale de ces personnes n\u2019a pas constitu\u00e9 un objet clinique ou de recherche \u00e0 part enti\u00e8re.<\/span><\/p>\n<p style=\"text-align: justify;\"><span>La reconnaissance de ces enjeux s\u2019est progressivement d\u00e9velopp\u00e9e, principalement \u00e0 travers le prisme du \u00ab double diagnostic \u00bb, centr\u00e9 sur l\u2019identification des troubles psychiatriques associ\u00e9s. Cette approche a permis de rendre ces probl\u00e9matiques plus visibles, sans conduire pour autant \u00e0 une \u00e9volution \u00e9quivalente des rep\u00e8res cliniques disponibles pour l\u2019accompagnement.<\/span><\/p>\n<p style=\"text-align: justify;\"><span>Dans le m\u00eame temps, les pratiques se sont largement structur\u00e9es autour de l\u2019analyse et de l\u2019accompagnement des comportements, avec des apports importants pour la compr\u00e9hension des situations et l\u2019organisation des interventions. Cette structuration a contribu\u00e9 \u00e0 soutenir l\u2019intervention dans de nombreuses situations, tout en laissant en partie ouvertes les questions relatives \u00e0 la caract\u00e9risation des besoins \u00e9motionnels des personnes et \u00e0 leur prise en compte dans l\u2019accompagnement.<\/span><\/p>\n<p style=\"text-align: justify;\"><span>Il en r\u00e9sulte un d\u00e9calage entre la reconnaissance des enjeux de sant\u00e9 mentale et les rep\u00e8res cliniques mobilis\u00e9s pour les \u00e9valuer et les accompagner. Dans ce contexte, il appara\u00eet n\u00e9cessaire de r\u00e9interroger ces rep\u00e8res pour comprendre et intervenir dans ces situations. <\/span><\/p>\n<p style=\"text-align: justify;\"><span>Cette contribution vise \u00e0 pr\u00e9senter diff\u00e9rents cadres compl\u00e9mentaires permettant de mieux articuler les dimensions comportementales, \u00e9motionnelles et d\u00e9veloppementales, afin de soutenir des modalit\u00e9s d\u2019accompagnement plus coh\u00e9rentes et adapt\u00e9es \u00e0 la complexit\u00e9 des situations. Les implications pour la pratique clinique et la formation des professionnels sont discut\u00e9es.<\/span><\/p>\n<p style=\"text-align: justify;\"><strong>BIOGRAPHIE<\/strong><\/p>\n<p style=\"text-align: justify;\">Romina Rinaldi, PhD, est ma\u00eetre de conf\u00e9rences et responsable du service d&#8217;orthop\u00e9dagogie clinique \u00e0 l&#8217;universit\u00e9 de Mons (Belgique). Elle est titulaire d&#8217;un doctorat en sciences psychologiques et \u00e9ducatives. Elle est l&#8217;auteure de <em>\u201cPsychopathology in Adults with Intellectual Disabilities: Prevention, Assessment, and Support<\/em> <em>(Mardaga, 2021)\u201d<\/em> et co-auteure de la version fran\u00e7aise de la <em>\u201cScale of Emotional Development \u2013 Short (SED-S) (Hogrefe, \u00e0 para\u00eetre en 2026)\u201d<\/em>, qui fournit une \u00e9valuation standardis\u00e9e des ressources et des besoins \u00e9motionnels des personnes atteintes d&#8217;un handicap intellectuel, dans le but d&#8217;orienter les pratiques de soutien adapt\u00e9es. Ses recherches portent sur la sant\u00e9 mentale et la qualit\u00e9 de vie des adultes atteints d&#8217;un handicap intellectuel.<\/p>\n<p>[\/et_pb_toggle][\/et_pb_column][\/et_pb_row][et_pb_row column_structure=&#8221;1_3,2_3&#8243; _builder_version=&#8221;4.27.4&#8243; _module_preset=&#8221;default&#8221; border_width_top=&#8221;2px&#8221; border_color_top=&#8221;#008E90&#8243; global_colors_info=&#8221;{}&#8221;][et_pb_column type=&#8221;1_3&#8243; _builder_version=&#8221;4.27.4&#8243; _module_preset=&#8221;default&#8221; global_colors_info=&#8221;{}&#8221;][et_pb_team_member name=&#8221;Ebru \u015ealc\u0131o\u011flu&#8221; position=&#8221;Professeure&#8221; image_url=&#8221;https:\/\/eabctcongress.org\/fr\/wp-content\/uploads\/2025\/10\/Ebru_Salcioglu.jpg&#8221; _builder_version=&#8221;4.27.5&#8243; _module_preset=&#8221;default&#8221; header_font=&#8221;||||||||&#8221; header_text_color=&#8221;#008E90&#8243; header_font_size=&#8221;14px&#8221; text_orientation=&#8221;center&#8221; width=&#8221;65%&#8221; module_alignment=&#8221;center&#8221; custom_padding=&#8221;30px|30px|30px|30px|false|false&#8221; box_shadow_style=&#8221;preset1&#8243; global_colors_info=&#8221;{}&#8221;]<\/p>\n<p style=\"text-align: center;\"><a href=\"https:\/\/vimeo.com\/1169591018\" target=\"_blank\" rel=\"noopener\"><img loading=\"lazy\" decoding=\"async\" src=\"https:\/\/eabctcongress.org\/fr\/wp-content\/uploads\/2026\/03\/video_2.jpg\" width=\"65\" height=\"47\" alt=\"\" class=\"wp-image-753 alignnone size-full\" \/><\/a><\/p>\n<p>[\/et_pb_team_member][\/et_pb_column][et_pb_column type=&#8221;2_3&#8243; _builder_version=&#8221;4.27.4&#8243; _module_preset=&#8221;default&#8221; global_colors_info=&#8221;{}&#8221;][et_pb_toggle title=&#8221;BIOGRAPHIE&#8221; _builder_version=&#8221;4.27.5&#8243; _module_preset=&#8221;default&#8221; global_colors_info=&#8221;{}&#8221;]<\/p>\n<p style=\"text-align: justify;\">Ebru \u015ealc\u0131o\u011flu est une th\u00e9rapeute comportementale et chercheuse reconnue pour ses travaux sur les th\u00e9rapies cognitives et comportementales fond\u00e9es sur des donn\u00e9es probantes, notamment sur la formulation de cas idiographiques et les strat\u00e9gies d&#8217;intervention transdiagnostiques. Son exp\u00e9rience clinique et de recherche couvre les pathologies li\u00e9es aux traumatismes, les troubles anxieux, les troubles du spectre obsessionnel-compulsif, le deuil prolong\u00e9 et les troubles du comportement alimentaire, en particulier chez les survivants de guerre, de torture, de catastrophes naturelles et de violences interpersonnelles. Elle a publi\u00e9 de nombreux ouvrages sur les m\u00e9canismes et le traitement des traumatismes et est l&#8217;auteure d&#8217;un ouvrage reconnu sur la formulation de cas et la planification th\u00e9rapeutique, ainsi que co-auteure d&#8217;un ouvrage clinique sur le traitement comportemental des traumatismes de guerre et de torture.<\/p>\n<p>[\/et_pb_toggle][\/et_pb_column][\/et_pb_row][et_pb_row column_structure=&#8221;1_3,2_3&#8243; _builder_version=&#8221;4.27.4&#8243; _module_preset=&#8221;default&#8221; border_width_top=&#8221;2px&#8221; border_color_top=&#8221;#008E90&#8243; global_colors_info=&#8221;{}&#8221;][et_pb_column type=&#8221;1_3&#8243; _builder_version=&#8221;4.27.4&#8243; _module_preset=&#8221;default&#8221; global_colors_info=&#8221;{}&#8221;][et_pb_team_member name=&#8221;Bram Vervliet&#8221; position=&#8221;Professeur&#8221; image_url=&#8221;https:\/\/eabctcongress.org\/fr\/wp-content\/uploads\/2026\/02\/Bram_Vervliet.jpg&#8221; _builder_version=&#8221;4.27.5&#8243; _module_preset=&#8221;default&#8221; header_font=&#8221;||||||||&#8221; header_text_color=&#8221;#008E90&#8243; header_font_size=&#8221;14px&#8221; text_orientation=&#8221;center&#8221; width=&#8221;65%&#8221; module_alignment=&#8221;center&#8221; custom_padding=&#8221;30px|30px|30px|30px|false|false&#8221; box_shadow_style=&#8221;preset1&#8243; global_colors_info=&#8221;{}&#8221;][\/et_pb_team_member][\/et_pb_column][et_pb_column type=&#8221;2_3&#8243; _builder_version=&#8221;4.27.4&#8243; _module_preset=&#8221;default&#8221; global_colors_info=&#8221;{}&#8221;][et_pb_text _builder_version=&#8221;4.27.5&#8243; _module_preset=&#8221;default&#8221; hover_enabled=&#8221;0&#8243; sticky_enabled=&#8221;0&#8243;]<\/p>\n<p><strong><span lang=\"EN-US\">The mental health trap of poverty<\/span><\/strong><\/p>\n<p>[\/et_pb_text][et_pb_toggle title=&#8221;KEYNOTE et BIOGRAPHIE&#8221; _builder_version=&#8221;4.27.5&#8243; _module_preset=&#8221;default&#8221; hover_enabled=&#8221;0&#8243; global_colors_info=&#8221;{}&#8221; sticky_enabled=&#8221;0&#8243;]<\/p>\n<p style=\"text-align: justify;\">Keynote Title: <strong>The mental health trap of poverty<\/strong><\/p>\n<p style=\"text-align: justify;\">Poverty cuts lives short. It brings death closer, obstructs self-realisation, wears down the body, and gives rise to mental disorders. The stress of financial scarcity is chronic and heavy, pressing down day after day. Despite the remarkable resilience of many people living in poverty, poverty remains a deep experience of vulnerability, invisibility, and powerlessness. It is hardly surprising, then, that poverty has psychological consequences.<\/p>\n<p style=\"text-align: justify;\">A context of scarcity shapes how people feel, think, and act. As a result, people living in poverty sometimes make more rational decisions than those from wealthier classes, yet at other times less rational ones. These create a psychological trap, making it even harder to escape poverty through individual effort alone. Poverty is also a convergence of risk factors for mental disorders: chronic stress, disrupted sleep, stigma, violence. Anxiety and depression occur up to three times more often among people living in poverty.<\/p>\n<p style=\"text-align: justify;\">We will see how poverty and mental disorders reinforce one another, tightening the trap still further. I will argue that only a combined approach\u2014addressing both poverty and psychological suffering\u2014can produce lasting change. Without tackling material deprivation, psychotherapy remains fragile; without psychological care, poverty reduction remains incomplete.\u00a0<\/p>\n<p style=\"text-align: justify;\">KEY REFERENCES:\u00a0<br \/>Ridley, M. W., Rao, G., Schilbach, F., &amp; Patel, V. H. (2020). Poverty, Depression, and Anxiety: Causal Relationships and Mechanisms. Science, 383, eadp1916. DOI: 10.1126\/science.adp1916<\/p>\n<p style=\"text-align: justify;\">Haushofer, J., &amp; Salicath, D. (2023). The psychology of poverty: where do we stand? Social Philosophy and Policy, 40, 150-184. DOI: https:\/\/doi.org\/10.1017\/S0265052523000419<\/p>\n<p style=\"text-align: justify;\"><strong>BIOGRAPHIE<\/strong><\/p>\n<p style=\"text-align: justify;\">Bram Vervliet est professeur \u00e0 la KU Leuven, en Belgique, o\u00f9 il m\u00e8ne des recherches translationnelles sur l\u2019extinction de la peur. Il est r\u00e9dacteur associ\u00e9 de Behaviour Research and Therapy et auteur de plus de 150 articles sur la peur et l\u2019anxi\u00e9t\u00e9. Ses recherches r\u00e9centes portent sur l\u2019anxi\u00e9t\u00e9 et la d\u00e9pression en situation de pauvret\u00e9, en \u00e9tudiant comment la raret\u00e9 (\u00ab ne pas avoir assez \u00bb) affecte les processus cognitifs et affectifs qui renforcent le pi\u00e8ge de la pauvret\u00e9.<\/p>\n<p>[\/et_pb_toggle][\/et_pb_column][\/et_pb_row][et_pb_row _builder_version=&#8221;4.27.4&#8243; _module_preset=&#8221;default&#8221; global_colors_info=&#8221;{}&#8221;][et_pb_column type=&#8221;4_4&#8243; _builder_version=&#8221;4.27.4&#8243; _module_preset=&#8221;default&#8221; global_colors_info=&#8221;{}&#8221;][et_pb_text _builder_version=&#8221;4.27.4&#8243; _module_preset=&#8221;default&#8221; global_colors_info=&#8221;{}&#8221;]<\/p>\n<h3><span style=\"color: #008c90;\"><strong>D&#8217;autres keynotes seront annonc\u00e9es prochainement<\/strong><\/span><\/h3>\n<p>[\/et_pb_text][\/et_pb_column][\/et_pb_row][\/et_pb_section]<\/p>\n","protected":false},"excerpt":{"rendered":"<p>Conf\u00e9renciersBIOGRAPHIE Le professeur Matthias Berking est chef du d\u00e9partement de psychologie clinique et de psychoth\u00e9rapie de l&#8217;Universit\u00e9 Friedrich-Alexander d&#8217;Erlangen-Nuremberg (FAU), directeur de la consultation externe de psychoth\u00e9rapie et du centre de formation des psychoth\u00e9rapeutes de la FAU. Auteur de nombreux articles scientifiques, il figure parmi les 0,01 % des chercheurs les plus cit\u00e9s au monde [&hellip;]<\/p>\n","protected":false},"author":1,"featured_media":0,"parent":0,"menu_order":0,"comment_status":"closed","ping_status":"closed","template":"","meta":{"_et_pb_use_builder":"on","_et_pb_old_content":"","_et_gb_content_width":"","footnotes":""},"class_list":["post-146","page","type-page","status-publish","hentry"],"yoast_head":"<!-- This site is optimized with the Yoast SEO plugin v27.4 - https:\/\/yoast.com\/product\/yoast-seo-wordpress\/ -->\n<title>Conf\u00e9renciers - EABCT<\/title>\n<meta name=\"robots\" content=\"index, follow, max-snippet:-1, max-image-preview:large, max-video-preview:-1\" \/>\n<link rel=\"canonical\" href=\"https:\/\/eabctcongress.org\/fr\/index.php\/conferenciers\/\" \/>\n<meta property=\"og:locale\" content=\"en_US\" \/>\n<meta property=\"og:type\" content=\"article\" \/>\n<meta property=\"og:title\" content=\"Conf\u00e9renciers - EABCT\" \/>\n<meta property=\"og:description\" content=\"Conf\u00e9renciersBIOGRAPHIE Le professeur Matthias Berking est chef du d\u00e9partement de psychologie clinique et de psychoth\u00e9rapie de l&#039;Universit\u00e9 Friedrich-Alexander d&#039;Erlangen-Nuremberg (FAU), directeur de la consultation externe de psychoth\u00e9rapie et du centre de formation des psychoth\u00e9rapeutes de la FAU. Auteur de nombreux articles scientifiques, il figure parmi les 0,01 % des chercheurs les plus cit\u00e9s au monde [&hellip;]\" \/>\n<meta property=\"og:url\" content=\"https:\/\/eabctcongress.org\/fr\/index.php\/conferenciers\/\" \/>\n<meta property=\"og:site_name\" content=\"EABCT\" \/>\n<meta property=\"article:modified_time\" content=\"2026-04-27T16:03:32+00:00\" \/>\n<meta property=\"og:image\" content=\"https:\/\/eabctcongress.org\/fr\/wp-content\/uploads\/2026\/03\/video_2.jpg\" \/>\n<meta name=\"twitter:card\" content=\"summary_large_image\" \/>\n<script type=\"application\/ld+json\" class=\"yoast-schema-graph\">{\"@context\":\"https:\\\/\\\/schema.org\",\"@graph\":[{\"@type\":\"WebPage\",\"@id\":\"https:\\\/\\\/eabctcongress.org\\\/fr\\\/index.php\\\/conferenciers\\\/\",\"url\":\"https:\\\/\\\/eabctcongress.org\\\/fr\\\/index.php\\\/conferenciers\\\/\",\"name\":\"Conf\u00e9renciers - EABCT\",\"isPartOf\":{\"@id\":\"https:\\\/\\\/eabctcongress.org\\\/fr\\\/#website\"},\"primaryImageOfPage\":{\"@id\":\"https:\\\/\\\/eabctcongress.org\\\/fr\\\/index.php\\\/conferenciers\\\/#primaryimage\"},\"image\":{\"@id\":\"https:\\\/\\\/eabctcongress.org\\\/fr\\\/index.php\\\/conferenciers\\\/#primaryimage\"},\"thumbnailUrl\":\"https:\\\/\\\/eabctcongress.org\\\/fr\\\/wp-content\\\/uploads\\\/2026\\\/03\\\/video_2.jpg\",\"datePublished\":\"2025-10-09T13:26:22+00:00\",\"dateModified\":\"2026-04-27T16:03:32+00:00\",\"breadcrumb\":{\"@id\":\"https:\\\/\\\/eabctcongress.org\\\/fr\\\/index.php\\\/conferenciers\\\/#breadcrumb\"},\"inLanguage\":\"en-US\",\"potentialAction\":[{\"@type\":\"ReadAction\",\"target\":[\"https:\\\/\\\/eabctcongress.org\\\/fr\\\/index.php\\\/conferenciers\\\/\"]}]},{\"@type\":\"ImageObject\",\"inLanguage\":\"en-US\",\"@id\":\"https:\\\/\\\/eabctcongress.org\\\/fr\\\/index.php\\\/conferenciers\\\/#primaryimage\",\"url\":\"https:\\\/\\\/eabctcongress.org\\\/fr\\\/wp-content\\\/uploads\\\/2026\\\/03\\\/video_2.jpg\",\"contentUrl\":\"https:\\\/\\\/eabctcongress.org\\\/fr\\\/wp-content\\\/uploads\\\/2026\\\/03\\\/video_2.jpg\",\"width\":65,\"height\":47},{\"@type\":\"BreadcrumbList\",\"@id\":\"https:\\\/\\\/eabctcongress.org\\\/fr\\\/index.php\\\/conferenciers\\\/#breadcrumb\",\"itemListElement\":[{\"@type\":\"ListItem\",\"position\":1,\"name\":\"Home\",\"item\":\"https:\\\/\\\/eabctcongress.org\\\/fr\\\/\"},{\"@type\":\"ListItem\",\"position\":2,\"name\":\"Conf\u00e9renciers\"}]},{\"@type\":\"WebSite\",\"@id\":\"https:\\\/\\\/eabctcongress.org\\\/fr\\\/#website\",\"url\":\"https:\\\/\\\/eabctcongress.org\\\/fr\\\/\",\"name\":\"EABCT\",\"description\":\"\",\"potentialAction\":[{\"@type\":\"SearchAction\",\"target\":{\"@type\":\"EntryPoint\",\"urlTemplate\":\"https:\\\/\\\/eabctcongress.org\\\/fr\\\/?s={search_term_string}\"},\"query-input\":{\"@type\":\"PropertyValueSpecification\",\"valueRequired\":true,\"valueName\":\"search_term_string\"}}],\"inLanguage\":\"en-US\"}]}<\/script>\n<!-- \/ Yoast SEO plugin. -->","yoast_head_json":{"title":"Conf\u00e9renciers - EABCT","robots":{"index":"index","follow":"follow","max-snippet":"max-snippet:-1","max-image-preview":"max-image-preview:large","max-video-preview":"max-video-preview:-1"},"canonical":"https:\/\/eabctcongress.org\/fr\/index.php\/conferenciers\/","og_locale":"en_US","og_type":"article","og_title":"Conf\u00e9renciers - EABCT","og_description":"Conf\u00e9renciersBIOGRAPHIE Le professeur Matthias Berking est chef du d\u00e9partement de psychologie clinique et de psychoth\u00e9rapie de l'Universit\u00e9 Friedrich-Alexander d'Erlangen-Nuremberg (FAU), directeur de la consultation externe de psychoth\u00e9rapie et du centre de formation des psychoth\u00e9rapeutes de la FAU. Auteur de nombreux articles scientifiques, il figure parmi les 0,01 % des chercheurs les plus cit\u00e9s au monde [&hellip;]","og_url":"https:\/\/eabctcongress.org\/fr\/index.php\/conferenciers\/","og_site_name":"EABCT","article_modified_time":"2026-04-27T16:03:32+00:00","og_image":[{"url":"https:\/\/eabctcongress.org\/fr\/wp-content\/uploads\/2026\/03\/video_2.jpg","type":"","width":"","height":""}],"twitter_card":"summary_large_image","schema":{"@context":"https:\/\/schema.org","@graph":[{"@type":"WebPage","@id":"https:\/\/eabctcongress.org\/fr\/index.php\/conferenciers\/","url":"https:\/\/eabctcongress.org\/fr\/index.php\/conferenciers\/","name":"Conf\u00e9renciers - EABCT","isPartOf":{"@id":"https:\/\/eabctcongress.org\/fr\/#website"},"primaryImageOfPage":{"@id":"https:\/\/eabctcongress.org\/fr\/index.php\/conferenciers\/#primaryimage"},"image":{"@id":"https:\/\/eabctcongress.org\/fr\/index.php\/conferenciers\/#primaryimage"},"thumbnailUrl":"https:\/\/eabctcongress.org\/fr\/wp-content\/uploads\/2026\/03\/video_2.jpg","datePublished":"2025-10-09T13:26:22+00:00","dateModified":"2026-04-27T16:03:32+00:00","breadcrumb":{"@id":"https:\/\/eabctcongress.org\/fr\/index.php\/conferenciers\/#breadcrumb"},"inLanguage":"en-US","potentialAction":[{"@type":"ReadAction","target":["https:\/\/eabctcongress.org\/fr\/index.php\/conferenciers\/"]}]},{"@type":"ImageObject","inLanguage":"en-US","@id":"https:\/\/eabctcongress.org\/fr\/index.php\/conferenciers\/#primaryimage","url":"https:\/\/eabctcongress.org\/fr\/wp-content\/uploads\/2026\/03\/video_2.jpg","contentUrl":"https:\/\/eabctcongress.org\/fr\/wp-content\/uploads\/2026\/03\/video_2.jpg","width":65,"height":47},{"@type":"BreadcrumbList","@id":"https:\/\/eabctcongress.org\/fr\/index.php\/conferenciers\/#breadcrumb","itemListElement":[{"@type":"ListItem","position":1,"name":"Home","item":"https:\/\/eabctcongress.org\/fr\/"},{"@type":"ListItem","position":2,"name":"Conf\u00e9renciers"}]},{"@type":"WebSite","@id":"https:\/\/eabctcongress.org\/fr\/#website","url":"https:\/\/eabctcongress.org\/fr\/","name":"EABCT","description":"","potentialAction":[{"@type":"SearchAction","target":{"@type":"EntryPoint","urlTemplate":"https:\/\/eabctcongress.org\/fr\/?s={search_term_string}"},"query-input":{"@type":"PropertyValueSpecification","valueRequired":true,"valueName":"search_term_string"}}],"inLanguage":"en-US"}]}},"_links":{"self":[{"href":"https:\/\/eabctcongress.org\/fr\/index.php\/wp-json\/wp\/v2\/pages\/146","targetHints":{"allow":["GET"]}}],"collection":[{"href":"https:\/\/eabctcongress.org\/fr\/index.php\/wp-json\/wp\/v2\/pages"}],"about":[{"href":"https:\/\/eabctcongress.org\/fr\/index.php\/wp-json\/wp\/v2\/types\/page"}],"author":[{"embeddable":true,"href":"https:\/\/eabctcongress.org\/fr\/index.php\/wp-json\/wp\/v2\/users\/1"}],"replies":[{"embeddable":true,"href":"https:\/\/eabctcongress.org\/fr\/index.php\/wp-json\/wp\/v2\/comments?post=146"}],"version-history":[{"count":42,"href":"https:\/\/eabctcongress.org\/fr\/index.php\/wp-json\/wp\/v2\/pages\/146\/revisions"}],"predecessor-version":[{"id":803,"href":"https:\/\/eabctcongress.org\/fr\/index.php\/wp-json\/wp\/v2\/pages\/146\/revisions\/803"}],"wp:attachment":[{"href":"https:\/\/eabctcongress.org\/fr\/index.php\/wp-json\/wp\/v2\/media?parent=146"}],"curies":[{"name":"wp","href":"https:\/\/api.w.org\/{rel}","templated":true}]}}