{"id":151,"date":"2025-10-09T14:06:21","date_gmt":"2025-10-09T14:06:21","guid":{"rendered":"https:\/\/eabctcongress.org\/fr\/?page_id=151"},"modified":"2026-03-06T12:00:30","modified_gmt":"2026-03-06T12:00:30","slug":"programme-social","status":"publish","type":"page","link":"https:\/\/eabctcongress.org\/fr\/index.php\/programme-social\/","title":{"rendered":"Programme Social"},"content":{"rendered":"<p>[et_pb_section fb_built=&#8221;1&#8243; _builder_version=&#8221;4.27.4&#8243; _module_preset=&#8221;default&#8221; global_colors_info=&#8221;{}&#8221;][et_pb_row column_structure=&#8221;2_3,1_3&#8243; _builder_version=&#8221;4.27.4&#8243; _module_preset=&#8221;default&#8221; border_width_top=&#8221;2px&#8221; border_color_top=&#8221;#1BB27F&#8221; global_colors_info=&#8221;{}&#8221;][et_pb_column type=&#8221;2_3&#8243; _builder_version=&#8221;4.27.4&#8243; _module_preset=&#8221;default&#8221; global_colors_info=&#8221;{}&#8221;][et_pb_text _builder_version=&#8221;4.27.5&#8243; _module_preset=&#8221;default&#8221; hover_enabled=&#8221;0&#8243; global_colors_info=&#8221;{}&#8221; sticky_enabled=&#8221;0&#8243;]<\/p>\n<h2><strong><span style=\"color: #008e90;\">C\u00e9r\u00e9monie d&#8217;ouverture et r\u00e9ception de bienvenue<\/span><\/strong><br \/><span style=\"color: #008e90;\"><\/span><\/h2>\n<h3><span style=\"color: #008e90;\">Mercredi 16 septembre\u00a0 &#8211;\u00a0 18h00-20h00<\/span><\/h3>\n<p><u><span lang=\"EN-US\" style=\"font-weight: normal;\">Lieu <\/span><\/u><span lang=\"EN-US\" style=\"font-weight: normal;\">: SQUARE<o:p><\/o:p><\/span><\/p>\n<p><u><span lang=\"EN-US\" style=\"font-weight: normal;\">Billet <\/span><\/u><span lang=\"EN-US\" style=\"font-weight: normal;\">: Gratuit<o:p><\/o:p><\/span><\/p>\n<p><span style=\"text-decoration: underline;\"><span lang=\"EN-US\" style=\"font-weight: normal;\">Code vestimentaire <\/span><\/span><span lang=\"EN-US\" style=\"font-weight: normal;\">: Tenue informelle<\/span><\/p>\n<p>Tous les participants inscrits sont cordialement invit\u00e9s \u00e0 la r\u00e9ception de bienvenue au centre de congr\u00e8s. Profitez du programme sp\u00e9cial que nous vous avons pr\u00e9par\u00e9, avec repas et boissons, en compagnie de vos coll\u00e8gues.<\/p>\n<p>[\/et_pb_text][\/et_pb_column][et_pb_column type=&#8221;1_3&#8243; _builder_version=&#8221;4.27.4&#8243; _module_preset=&#8221;default&#8221; global_colors_info=&#8221;{}&#8221;][et_pb_image src=&#8221;https:\/\/eabctcongress.org\/fr\/wp-content\/uploads\/2025\/10\/opening_ceremony.jpg&#8221; title_text=&#8221;opening_ceremony&#8221; _builder_version=&#8221;4.27.4&#8243; _module_preset=&#8221;default&#8221; global_colors_info=&#8221;{}&#8221;][\/et_pb_image][\/et_pb_column][\/et_pb_row][et_pb_row column_structure=&#8221;2_3,1_3&#8243; _builder_version=&#8221;4.27.4&#8243; _module_preset=&#8221;default&#8221; border_width_top=&#8221;2px&#8221; border_color_top=&#8221;#1BB27F&#8221; global_colors_info=&#8221;{}&#8221;][et_pb_column type=&#8221;2_3&#8243; _builder_version=&#8221;4.27.4&#8243; _module_preset=&#8221;default&#8221; global_colors_info=&#8221;{}&#8221;][et_pb_text _builder_version=&#8221;4.27.5&#8243; _module_preset=&#8221;default&#8221; custom_padding=&#8221;48px|||||&#8221; hover_enabled=&#8221;0&#8243; global_colors_info=&#8221;{}&#8221; sticky_enabled=&#8221;0&#8243;]<\/p>\n<h2><span lang=\"EN-US\"><span style=\"color: #008e90;\"><strong>Soir\u00e9e <\/strong><\/span><\/span><span lang=\"EN-US\"><span style=\"color: #008e90;\"><strong>EABCT 2026\u00a0<\/strong><\/span><\/span><\/h2>\n<h3><span lang=\"EN-US\"><span style=\"color: #008e90;\">Jeudi 17 Septembre\u00a0 &#8211;\u00a0 19h00-00h00<strong><br \/><\/strong><\/span><o:p><\/o:p><\/span><\/h3>\n<p><u>Lieu <\/u>: <span lang=\"en-BE\">Belgian Comic Strip Center<\/span><\/p>\n<p><u>Billet <\/u>: 35 \u20ac<\/p>\n<p><u>Code vestimentaire <\/u>: D\u00e9contract\u00e9<\/p>\n<p>Rejoignez-nous pour une d\u00e9licieuse soir\u00e9e apr\u00e8s le d\u00eener au c\u00e9l\u00e8bre Centre belge de la bande dessin\u00e9e, install\u00e9 dans un magnifique b\u00e2timent Art nouveau con\u00e7u par Victor Horta.<\/p>\n<p>Le billet comprend deux boissons et des animations (aucun repas ne sera servi).<\/p>\n<p>Veuillez noter que cette soir\u00e9e n&#8217;est pas incluse dans les frais d&#8217;inscription.<br \/>Les billets sont disponibles \u00e0 l&#8217;achat via le syst\u00e8me d&#8217;inscription.<\/p>\n<p><em>Les places \u00e9tant limit\u00e9es, nous vous recommandons de r\u00e9server vos billets \u00e0 l&#8217;avance.<\/em><\/p>\n<p>[\/et_pb_text][\/et_pb_column][et_pb_column type=&#8221;1_3&#8243; _builder_version=&#8221;4.27.4&#8243; _module_preset=&#8221;default&#8221; global_colors_info=&#8221;{}&#8221;][et_pb_image src=&#8221;https:\/\/eabctcongress.org\/fr\/wp-content\/uploads\/2026\/03\/stripmuseum.jpg&#8221; title_text=&#8221;stripmuseum&#8221; align=&#8221;center&#8221; _builder_version=&#8221;4.27.5&#8243; _module_preset=&#8221;default&#8221; height=&#8221;203px&#8221; custom_margin=&#8221;2px|||||&#8221; global_colors_info=&#8221;{}&#8221;][\/et_pb_image][et_pb_image src=&#8221;https:\/\/eabctcongress.org\/fr\/wp-content\/uploads\/2026\/03\/strip_museum_2.jpg&#8221; title_text=&#8221;strip_museum_2&#8243; align=&#8221;center&#8221; _builder_version=&#8221;4.27.5&#8243; _module_preset=&#8221;default&#8221; global_colors_info=&#8221;{}&#8221;][\/et_pb_image][\/et_pb_column][\/et_pb_row][et_pb_row column_structure=&#8221;2_3,1_3&#8243; _builder_version=&#8221;4.27.4&#8243; _module_preset=&#8221;default&#8221; border_width_top=&#8221;2px&#8221; border_color_top=&#8221;#1BB27F&#8221; global_colors_info=&#8221;{}&#8221;][et_pb_column type=&#8221;2_3&#8243; _builder_version=&#8221;4.27.4&#8243; _module_preset=&#8221;default&#8221; global_colors_info=&#8221;{}&#8221;][et_pb_text _builder_version=&#8221;4.27.5&#8243; _module_preset=&#8221;default&#8221; custom_padding=&#8221;48px|||||&#8221; hover_enabled=&#8221;0&#8243; global_colors_info=&#8221;{}&#8221; sticky_enabled=&#8221;0&#8243;]<\/p>\n<h2><span lang=\"EN-US\"><span style=\"color: #008e90;\"><strong>D\u00eener et Soir\u00e9e EABCT 2026<br \/><\/strong><\/span><\/span><\/h2>\n<h3><span lang=\"EN-US\"><span style=\"color: #008e90;\">Vendredi 18 Septembre\u00a0 &#8211;\u00a0 19h00-01h00<strong><br \/><\/strong><\/span><o:p><\/o:p><\/span><\/h3>\n<p><u>Lieu <\/u>: Brasserie Albert<\/p>\n<p><u>Billet <\/u>: 98 \u20ac<\/p>\n<p><u>Code vestimentaire <\/u>: Chic et d\u00e9contract\u00e9<\/p>\n<p style=\"text-align: justify;\">Profitez d&#8217;une exp\u00e9rience culinaire panoramique sur le rooftop le plus d\u00e9licieux de Bruxelles, situ\u00e9 au 5e \u00e9tage de la Biblioth\u00e8que royale de Belgique.<\/p>\n<p style=\"text-align: justify;\">La soir\u00e9e EABCT 2026 n&#8217;est pas incluse dans les frais d&#8217;inscription. Les billets sont disponibles via le syst\u00e8me d&#8217;inscription. Veuillez r\u00e9server vos billets \u00e0 l&#8217;avance en raison des disponibilit\u00e9s limit\u00e9es. Si vous n&#8217;avez pas encore achet\u00e9 de billet, vous pouvez le faire au bureau d&#8217;inscription par carte bancaire uniquement jusqu&#8217;au 18 septembre 2026 avant midi.<\/p>\n<p>[\/et_pb_text][\/et_pb_column][et_pb_column type=&#8221;1_3&#8243; _builder_version=&#8221;4.27.4&#8243; _module_preset=&#8221;default&#8221; global_colors_info=&#8221;{}&#8221;][et_pb_image src=&#8221;https:\/\/eabctcongress.org\/fr\/wp-content\/uploads\/2025\/10\/Brasserie-Albert.jpg&#8221; title_text=&#8221;Brasserie Albert&#8221; _builder_version=&#8221;4.27.4&#8243; _module_preset=&#8221;default&#8221; custom_margin=&#8221;2px|||||&#8221; global_colors_info=&#8221;{}&#8221;][\/et_pb_image][et_pb_image src=&#8221;https:\/\/eabctcongress.org\/fr\/wp-content\/uploads\/2025\/10\/Brasserie-Albert-1024&#215;683.png&#8221; title_text=&#8221;Brasserie Albert&#8221; _builder_version=&#8221;4.27.4&#8243; _module_preset=&#8221;default&#8221; global_colors_info=&#8221;{}&#8221;][\/et_pb_image][\/et_pb_column][\/et_pb_row][\/et_pb_section]<\/p>\n","protected":false},"excerpt":{"rendered":"<p>C\u00e9r\u00e9monie d&#8217;ouverture et r\u00e9ception de bienvenue Mercredi 16 septembre\u00a0 &#8211;\u00a0 18h00-20h00 Lieu : SQUARE Billet : Gratuit Code vestimentaire : Tenue informelle Tous les participants inscrits sont cordialement invit\u00e9s \u00e0 la r\u00e9ception de bienvenue au centre de congr\u00e8s. Profitez du programme sp\u00e9cial que nous vous avons pr\u00e9par\u00e9, avec repas et boissons, en compagnie de vos [&hellip;]<\/p>\n","protected":false},"author":1,"featured_media":0,"parent":0,"menu_order":0,"comment_status":"closed","ping_status":"closed","template":"","meta":{"_et_pb_use_builder":"on","_et_pb_old_content":"","_et_gb_content_width":"","footnotes":""},"class_list":["post-151","page","type-page","status-publish","hentry"],"yoast_head":"<!-- This site is optimized with the Yoast SEO plugin v27.4 - https:\/\/yoast.com\/product\/yoast-seo-wordpress\/ -->\n<title>Programme Social - EABCT<\/title>\n<meta name=\"robots\" content=\"index, follow, max-snippet:-1, max-image-preview:large, max-video-preview:-1\" \/>\n<link rel=\"canonical\" href=\"https:\/\/eabctcongress.org\/fr\/index.php\/programme-social\/\" \/>\n<meta property=\"og:locale\" content=\"en_US\" \/>\n<meta property=\"og:type\" content=\"article\" \/>\n<meta property=\"og:title\" content=\"Programme Social - EABCT\" \/>\n<meta property=\"og:description\" content=\"C\u00e9r\u00e9monie d&#039;ouverture et r\u00e9ception de bienvenue Mercredi 16 septembre\u00a0 -\u00a0 18h00-20h00 Lieu : SQUARE Billet : Gratuit Code vestimentaire : Tenue informelle Tous les participants inscrits sont cordialement invit\u00e9s \u00e0 la r\u00e9ception de bienvenue au centre de congr\u00e8s. Profitez du programme sp\u00e9cial que nous vous avons pr\u00e9par\u00e9, avec repas et boissons, en compagnie de vos [&hellip;]\" \/>\n<meta property=\"og:url\" content=\"https:\/\/eabctcongress.org\/fr\/index.php\/programme-social\/\" \/>\n<meta property=\"og:site_name\" content=\"EABCT\" \/>\n<meta property=\"article:modified_time\" content=\"2026-03-06T12:00:30+00:00\" \/>\n<meta name=\"twitter:card\" content=\"summary_large_image\" \/>\n<script type=\"application\/ld+json\" class=\"yoast-schema-graph\">{\"@context\":\"https:\\\/\\\/schema.org\",\"@graph\":[{\"@type\":\"WebPage\",\"@id\":\"https:\\\/\\\/eabctcongress.org\\\/fr\\\/index.php\\\/programme-social\\\/\",\"url\":\"https:\\\/\\\/eabctcongress.org\\\/fr\\\/index.php\\\/programme-social\\\/\",\"name\":\"Programme Social - EABCT\",\"isPartOf\":{\"@id\":\"https:\\\/\\\/eabctcongress.org\\\/fr\\\/#website\"},\"datePublished\":\"2025-10-09T14:06:21+00:00\",\"dateModified\":\"2026-03-06T12:00:30+00:00\",\"breadcrumb\":{\"@id\":\"https:\\\/\\\/eabctcongress.org\\\/fr\\\/index.php\\\/programme-social\\\/#breadcrumb\"},\"inLanguage\":\"en-US\",\"potentialAction\":[{\"@type\":\"ReadAction\",\"target\":[\"https:\\\/\\\/eabctcongress.org\\\/fr\\\/index.php\\\/programme-social\\\/\"]}]},{\"@type\":\"BreadcrumbList\",\"@id\":\"https:\\\/\\\/eabctcongress.org\\\/fr\\\/index.php\\\/programme-social\\\/#breadcrumb\",\"itemListElement\":[{\"@type\":\"ListItem\",\"position\":1,\"name\":\"Home\",\"item\":\"https:\\\/\\\/eabctcongress.org\\\/fr\\\/\"},{\"@type\":\"ListItem\",\"position\":2,\"name\":\"Programme Social\"}]},{\"@type\":\"WebSite\",\"@id\":\"https:\\\/\\\/eabctcongress.org\\\/fr\\\/#website\",\"url\":\"https:\\\/\\\/eabctcongress.org\\\/fr\\\/\",\"name\":\"EABCT\",\"description\":\"\",\"potentialAction\":[{\"@type\":\"SearchAction\",\"target\":{\"@type\":\"EntryPoint\",\"urlTemplate\":\"https:\\\/\\\/eabctcongress.org\\\/fr\\\/?s={search_term_string}\"},\"query-input\":{\"@type\":\"PropertyValueSpecification\",\"valueRequired\":true,\"valueName\":\"search_term_string\"}}],\"inLanguage\":\"en-US\"}]}<\/script>\n<!-- \/ Yoast SEO plugin. -->","yoast_head_json":{"title":"Programme Social - EABCT","robots":{"index":"index","follow":"follow","max-snippet":"max-snippet:-1","max-image-preview":"max-image-preview:large","max-video-preview":"max-video-preview:-1"},"canonical":"https:\/\/eabctcongress.org\/fr\/index.php\/programme-social\/","og_locale":"en_US","og_type":"article","og_title":"Programme Social - EABCT","og_description":"C\u00e9r\u00e9monie d'ouverture et r\u00e9ception de bienvenue Mercredi 16 septembre\u00a0 -\u00a0 18h00-20h00 Lieu : SQUARE Billet : Gratuit Code vestimentaire : Tenue informelle Tous les participants inscrits sont cordialement invit\u00e9s \u00e0 la r\u00e9ception de bienvenue au centre de congr\u00e8s. Profitez du programme sp\u00e9cial que nous vous avons pr\u00e9par\u00e9, avec repas et boissons, en compagnie de vos [&hellip;]","og_url":"https:\/\/eabctcongress.org\/fr\/index.php\/programme-social\/","og_site_name":"EABCT","article_modified_time":"2026-03-06T12:00:30+00:00","twitter_card":"summary_large_image","schema":{"@context":"https:\/\/schema.org","@graph":[{"@type":"WebPage","@id":"https:\/\/eabctcongress.org\/fr\/index.php\/programme-social\/","url":"https:\/\/eabctcongress.org\/fr\/index.php\/programme-social\/","name":"Programme Social - EABCT","isPartOf":{"@id":"https:\/\/eabctcongress.org\/fr\/#website"},"datePublished":"2025-10-09T14:06:21+00:00","dateModified":"2026-03-06T12:00:30+00:00","breadcrumb":{"@id":"https:\/\/eabctcongress.org\/fr\/index.php\/programme-social\/#breadcrumb"},"inLanguage":"en-US","potentialAction":[{"@type":"ReadAction","target":["https:\/\/eabctcongress.org\/fr\/index.php\/programme-social\/"]}]},{"@type":"BreadcrumbList","@id":"https:\/\/eabctcongress.org\/fr\/index.php\/programme-social\/#breadcrumb","itemListElement":[{"@type":"ListItem","position":1,"name":"Home","item":"https:\/\/eabctcongress.org\/fr\/"},{"@type":"ListItem","position":2,"name":"Programme Social"}]},{"@type":"WebSite","@id":"https:\/\/eabctcongress.org\/fr\/#website","url":"https:\/\/eabctcongress.org\/fr\/","name":"EABCT","description":"","potentialAction":[{"@type":"SearchAction","target":{"@type":"EntryPoint","urlTemplate":"https:\/\/eabctcongress.org\/fr\/?s={search_term_string}"},"query-input":{"@type":"PropertyValueSpecification","valueRequired":true,"valueName":"search_term_string"}}],"inLanguage":"en-US"}]}},"_links":{"self":[{"href":"https:\/\/eabctcongress.org\/fr\/index.php\/wp-json\/wp\/v2\/pages\/151","targetHints":{"allow":["GET"]}}],"collection":[{"href":"https:\/\/eabctcongress.org\/fr\/index.php\/wp-json\/wp\/v2\/pages"}],"about":[{"href":"https:\/\/eabctcongress.org\/fr\/index.php\/wp-json\/wp\/v2\/types\/page"}],"author":[{"embeddable":true,"href":"https:\/\/eabctcongress.org\/fr\/index.php\/wp-json\/wp\/v2\/users\/1"}],"replies":[{"embeddable":true,"href":"https:\/\/eabctcongress.org\/fr\/index.php\/wp-json\/wp\/v2\/comments?post=151"}],"version-history":[{"count":13,"href":"https:\/\/eabctcongress.org\/fr\/index.php\/wp-json\/wp\/v2\/pages\/151\/revisions"}],"predecessor-version":[{"id":724,"href":"https:\/\/eabctcongress.org\/fr\/index.php\/wp-json\/wp\/v2\/pages\/151\/revisions\/724"}],"wp:attachment":[{"href":"https:\/\/eabctcongress.org\/fr\/index.php\/wp-json\/wp\/v2\/media?parent=151"}],"curies":[{"name":"wp","href":"https:\/\/api.w.org\/{rel}","templated":true}]}}