{"id":239,"date":"2025-10-09T18:11:02","date_gmt":"2025-10-09T18:11:02","guid":{"rendered":"https:\/\/eabctcongress.org\/fr\/?page_id=239"},"modified":"2025-10-22T09:36:14","modified_gmt":"2025-10-22T09:36:14","slug":"acces-au-congres","status":"publish","type":"page","link":"https:\/\/eabctcongress.org\/fr\/index.php\/acces-au-congres\/","title":{"rendered":"Acc\u00e8s au congr\u00e8s"},"content":{"rendered":"[et_pb_section fb_built=&#8221;1&#8243; _builder_version=&#8221;4.27.4&#8243; _module_preset=&#8221;default&#8221; custom_padding=&#8221;15px||7px|||&#8221; global_colors_info=&#8221;{}&#8221;][et_pb_row _builder_version=&#8221;4.27.4&#8243; _module_preset=&#8221;default&#8221; custom_padding=&#8221;||18px|||&#8221; hover_enabled=&#8221;0&#8243; global_colors_info=&#8221;{}&#8221; sticky_enabled=&#8221;0&#8243;][et_pb_column type=&#8221;4_4&#8243; _builder_version=&#8221;4.27.4&#8243; _module_preset=&#8221;default&#8221; global_colors_info=&#8221;{}&#8221;][et_pb_text _builder_version=&#8221;4.27.4&#8243; _module_preset=&#8221;default&#8221; hover_enabled=&#8221;0&#8243; global_colors_info=&#8221;{}&#8221; sticky_enabled=&#8221;0&#8243;]<h2 style=\"text-align: justify;\"><strong><span style=\"color: #008e90;\">Itin\u00e9raire et transports<\/span><\/strong><\/h2>\n<p>Le lieu de l&#8217;\u00e9v\u00e9nement est id\u00e9alement situ\u00e9 \u00e0 proximit\u00e9 du principal centre de transport de Bruxelles &#8211; la gare centrale &#8211; o\u00f9 se rejoignent le train, le tram, le m\u00e9tro et le bus.<\/p>\n<p><strong>Transports publics<\/strong><\/p>\n<p style=\"text-align: justify;\">La gare centrale de Bruxelles se trouve \u00e0 quelques pas, en traversant le jardin public du Mont-des-Arts. C&#8217;est ici que convergent toutes les principales lignes de tram, de bus, de m\u00e9tro et de train, ainsi que le train rapide en provenance de l&#8217;a\u00e9roport international de Bruxelles. Des lignes ferroviaires desservent toute la Belgique depuis la m\u00eame gare, notamment Anvers, Bruges, Charleroi, Gand, Mons et Li\u00e8ge.<\/p>\n<ol>\n<li>Lignes de m\u00e9tro 1 et 5, lignes de tramway 38, 63, 65, 86<\/li>\n<li>Lignes de bus 29, 48, 66, 71, 86, N06, N08, N09, N10, N11<\/li>\n<li>Lignes de bus 48 et 95<\/li>\n<li>Lignes de bus 38, 71, N06, N08, N09, N10, N11, N12<\/li>\n<li>Tramways 92 et 93<\/li>\n<\/ol>\n<p><\/p>[\/et_pb_text][\/et_pb_column][\/et_pb_row][et_pb_row _builder_version=&#8221;4.27.4&#8243; _module_preset=&#8221;default&#8221; column_structure=&#8221;2_5,3_5&#8243; border_width_top=&#8221;1px&#8221; border_color_top=&#8221;#008e90&#8243; hover_enabled=&#8221;0&#8243; sticky_enabled=&#8221;0&#8243;][et_pb_column _builder_version=&#8221;4.27.4&#8243; _module_preset=&#8221;default&#8221; type=&#8221;2_5&#8243;][et_pb_image src=&#8221;https:\/\/eabctcongress.org\/fr\/wp-content\/uploads\/2025\/10\/Taxi.png&#8221; title_text=&#8221;Taxi&#8221; _builder_version=&#8221;4.27.4&#8243; _module_preset=&#8221;default&#8221; hover_enabled=&#8221;0&#8243; global_colors_info=&#8221;{}&#8221; align=&#8221;center&#8221; sticky_enabled=&#8221;0&#8243;][\/et_pb_image][\/et_pb_column][et_pb_column _builder_version=&#8221;4.27.4&#8243; _module_preset=&#8221;default&#8221; type=&#8221;3_5&#8243;][et_pb_text _builder_version=&#8221;4.27.4&#8243; _module_preset=&#8221;default&#8221; global_colors_info=&#8221;{}&#8221;]<h3><strong><span style=\"color: #008e90;\">Taxi<\/span><\/strong><\/h3>\n<p>Limousine, taxi ou Uber, tous les chemins m\u00e8nent \u00e0 SQUARE ! Voici quatre compagnies de taxi proposant des trajets vers et depuis l&#8217;a\u00e9roport de Bruxelles :<\/p>\n<ol>\n<li>Taxis verts : +32\u202f2 349 49 49<\/li>\n<li>Taxis bleus : +32 2 268 00 00<\/li>\n<li>Autolux : +32 2 512 31 23<\/li>\n<li>Limousines : +32 2 319 45 57<\/li>\n<\/ol>[\/et_pb_text][\/et_pb_column][\/et_pb_row][et_pb_row _builder_version=&#8221;4.27.4&#8243; _module_preset=&#8221;default&#8221; column_structure=&#8221;3_5,2_5&#8243; border_width_top=&#8221;1px&#8221; border_color_top=&#8221;#008e90&#8243; hover_enabled=&#8221;0&#8243; sticky_enabled=&#8221;0&#8243;][et_pb_column _builder_version=&#8221;4.27.4&#8243; _module_preset=&#8221;default&#8221; type=&#8221;3_5&#8243;][et_pb_text _builder_version=&#8221;4.27.4&#8243; _module_preset=&#8221;default&#8221; hover_enabled=&#8221;0&#8243; global_colors_info=&#8221;{}&#8221; sticky_enabled=&#8221;0&#8243;]<h3><strong><span style=\"color: #008e90;\">Voiture<\/span><\/strong><\/h3>\n<p>Pour le stationnement, nous vous recommandons le parking souterrain du Square \u2013 Parking Albertine. Accessible 24h\/24 et 7j\/7, il dispose de bornes de recharge pour voitures \u00e9lectriques.<\/p>[\/et_pb_text][et_pb_button button_text=&#8221;Plus de d\u00e9tail ici&#8221; _builder_version=&#8221;4.27.4&#8243; _module_preset=&#8221;default&#8221; button_url=&#8221;https:\/\/www.interparking.be\/en\/parkings\/brussels\/albertine-square\/&#8221; url_new_window=&#8221;on&#8221; hover_enabled=&#8221;0&#8243; sticky_enabled=&#8221;0&#8243;][\/et_pb_button][\/et_pb_column][et_pb_column _builder_version=&#8221;4.27.4&#8243; _module_preset=&#8221;default&#8221; type=&#8221;2_5&#8243;][et_pb_image src=&#8221;https:\/\/eabctcongress.org\/fr\/wp-content\/uploads\/2025\/10\/Voiture.png&#8221; title_text=&#8221;Voiture&#8221; _builder_version=&#8221;4.27.4&#8243; _module_preset=&#8221;default&#8221; hover_enabled=&#8221;0&#8243; global_colors_info=&#8221;{}&#8221; align=&#8221;center&#8221; sticky_enabled=&#8221;0&#8243;][\/et_pb_image][\/et_pb_column][\/et_pb_row][et_pb_row _builder_version=&#8221;4.27.4&#8243; _module_preset=&#8221;default&#8221; column_structure=&#8221;2_5,3_5&#8243; border_width_top=&#8221;1px&#8221; border_color_top=&#8221;#008e90&#8243; hover_enabled=&#8221;0&#8243; sticky_enabled=&#8221;0&#8243;][et_pb_column _builder_version=&#8221;4.27.4&#8243; _module_preset=&#8221;default&#8221; type=&#8221;2_5&#8243;][et_pb_image src=&#8221;https:\/\/eabctcongress.org\/fr\/wp-content\/uploads\/2025\/10\/Plane.png&#8221; title_text=&#8221;Plane&#8221; _builder_version=&#8221;4.27.4&#8243; _module_preset=&#8221;default&#8221; hover_enabled=&#8221;0&#8243; global_colors_info=&#8221;{}&#8221; align=&#8221;center&#8221; sticky_enabled=&#8221;0&#8243; custom_padding=&#8221;53px|||||&#8221;][\/et_pb_image][\/et_pb_column][et_pb_column _builder_version=&#8221;4.27.4&#8243; _module_preset=&#8221;default&#8221; type=&#8221;3_5&#8243;][et_pb_text _builder_version=&#8221;4.27.4&#8243; _module_preset=&#8221;default&#8221; hover_enabled=&#8221;0&#8243; global_colors_info=&#8221;{}&#8221; sticky_enabled=&#8221;0&#8243;]<h3><strong><span style=\"color: #008e90;\">Par avion<\/span><\/strong><\/h3>\n<p>L&#8217;a\u00e9roport de Bruxelles est \u00e0 17 minutes en train de la gare centrale, avec des arr\u00eats aux institutions europ\u00e9ennes. Aux heures de pointe, six trains circulent toutes les heures et relient la gare centrale, situ\u00e9e \u00e0 seulement trois minutes \u00e0 pied de SQUARE.<\/p>\n<p>\u2013 A\u00e9roport de Bruxelles : Leopoldlaan, 1930 Zaventem<br \/>\u2013 Le Square : Monts des Arts, Brussels<\/p>\n<p><strong>Co\u00fbts de transport estim\u00e9s depuis l&#8217;a\u00e9roport de Bruxelles<\/strong><\/p>\n<p>Taxi : Pour un taxi de l&#8217;a\u00e9roport au centre-ville (et donc \u00e0 SQUARE), pr\u00e9voyez environ <strong>45 \u00e0 60 \u20ac<\/strong> pendant la journ\u00e9e, avec des tarifs l\u00e9g\u00e8rement plus \u00e9lev\u00e9s la nuit.<\/p>\n<p>Train : Un train direct de l&#8217;a\u00e9roport de Bruxelles \u00e0 la gare de Bruxelles-Central prend environ 17 \u00e0 18 minutes et le prix d&#8217;un aller simple est d&#8217;environ <strong>9 \u00e0 11 \u20ac<\/strong>.<\/p>[\/et_pb_text][\/et_pb_column][\/et_pb_row][\/et_pb_section]<!-- \/wp:post-content -->","protected":false},"excerpt":{"rendered":"<p>Itin\u00e9raire et transports Le lieu de l&#8217;\u00e9v\u00e9nement est id\u00e9alement situ\u00e9 \u00e0 proximit\u00e9 du principal centre de transport de Bruxelles &#8211; la gare centrale &#8211; o\u00f9 se rejoignent le train, le tram, le m\u00e9tro et le bus. Transports publics La gare centrale de Bruxelles se trouve \u00e0 quelques pas, en traversant le jardin public du Mont-des-Arts. [&hellip;]<\/p>\n","protected":false},"author":1,"featured_media":0,"parent":0,"menu_order":0,"comment_status":"closed","ping_status":"closed","template":"","meta":{"_et_pb_use_builder":"on","_et_pb_old_content":"","_et_gb_content_width":"","footnotes":""},"class_list":["post-239","page","type-page","status-publish","hentry"],"yoast_head":"<!-- This site is optimized with the Yoast SEO plugin v27.4 - https:\/\/yoast.com\/product\/yoast-seo-wordpress\/ -->\n<title>Acc\u00e8s au congr\u00e8s - EABCT<\/title>\n<meta name=\"robots\" content=\"index, follow, max-snippet:-1, max-image-preview:large, max-video-preview:-1\" \/>\n<link rel=\"canonical\" href=\"https:\/\/eabctcongress.org\/fr\/index.php\/acces-au-congres\/\" \/>\n<meta property=\"og:locale\" content=\"en_US\" \/>\n<meta property=\"og:type\" content=\"article\" \/>\n<meta property=\"og:title\" content=\"Acc\u00e8s au congr\u00e8s - EABCT\" \/>\n<meta property=\"og:description\" content=\"Itin\u00e9raire et transports Le lieu de l&#039;\u00e9v\u00e9nement est id\u00e9alement situ\u00e9 \u00e0 proximit\u00e9 du principal centre de transport de Bruxelles - la gare centrale - o\u00f9 se rejoignent le train, le tram, le m\u00e9tro et le bus. Transports publics La gare centrale de Bruxelles se trouve \u00e0 quelques pas, en traversant le jardin public du Mont-des-Arts. [&hellip;]\" \/>\n<meta property=\"og:url\" content=\"https:\/\/eabctcongress.org\/fr\/index.php\/acces-au-congres\/\" \/>\n<meta property=\"og:site_name\" content=\"EABCT\" \/>\n<meta property=\"article:modified_time\" content=\"2025-10-22T09:36:14+00:00\" \/>\n<meta name=\"twitter:card\" content=\"summary_large_image\" \/>\n<script type=\"application\/ld+json\" class=\"yoast-schema-graph\">{\"@context\":\"https:\\\/\\\/schema.org\",\"@graph\":[{\"@type\":\"WebPage\",\"@id\":\"https:\\\/\\\/eabctcongress.org\\\/fr\\\/index.php\\\/acces-au-congres\\\/\",\"url\":\"https:\\\/\\\/eabctcongress.org\\\/fr\\\/index.php\\\/acces-au-congres\\\/\",\"name\":\"Acc\u00e8s au congr\u00e8s - EABCT\",\"isPartOf\":{\"@id\":\"https:\\\/\\\/eabctcongress.org\\\/fr\\\/#website\"},\"datePublished\":\"2025-10-09T18:11:02+00:00\",\"dateModified\":\"2025-10-22T09:36:14+00:00\",\"breadcrumb\":{\"@id\":\"https:\\\/\\\/eabctcongress.org\\\/fr\\\/index.php\\\/acces-au-congres\\\/#breadcrumb\"},\"inLanguage\":\"en-US\",\"potentialAction\":[{\"@type\":\"ReadAction\",\"target\":[\"https:\\\/\\\/eabctcongress.org\\\/fr\\\/index.php\\\/acces-au-congres\\\/\"]}]},{\"@type\":\"BreadcrumbList\",\"@id\":\"https:\\\/\\\/eabctcongress.org\\\/fr\\\/index.php\\\/acces-au-congres\\\/#breadcrumb\",\"itemListElement\":[{\"@type\":\"ListItem\",\"position\":1,\"name\":\"Home\",\"item\":\"https:\\\/\\\/eabctcongress.org\\\/fr\\\/\"},{\"@type\":\"ListItem\",\"position\":2,\"name\":\"Acc\u00e8s au congr\u00e8s\"}]},{\"@type\":\"WebSite\",\"@id\":\"https:\\\/\\\/eabctcongress.org\\\/fr\\\/#website\",\"url\":\"https:\\\/\\\/eabctcongress.org\\\/fr\\\/\",\"name\":\"EABCT\",\"description\":\"\",\"potentialAction\":[{\"@type\":\"SearchAction\",\"target\":{\"@type\":\"EntryPoint\",\"urlTemplate\":\"https:\\\/\\\/eabctcongress.org\\\/fr\\\/?s={search_term_string}\"},\"query-input\":{\"@type\":\"PropertyValueSpecification\",\"valueRequired\":true,\"valueName\":\"search_term_string\"}}],\"inLanguage\":\"en-US\"}]}<\/script>\n<!-- \/ Yoast SEO plugin. -->","yoast_head_json":{"title":"Acc\u00e8s au congr\u00e8s - EABCT","robots":{"index":"index","follow":"follow","max-snippet":"max-snippet:-1","max-image-preview":"max-image-preview:large","max-video-preview":"max-video-preview:-1"},"canonical":"https:\/\/eabctcongress.org\/fr\/index.php\/acces-au-congres\/","og_locale":"en_US","og_type":"article","og_title":"Acc\u00e8s au congr\u00e8s - EABCT","og_description":"Itin\u00e9raire et transports Le lieu de l'\u00e9v\u00e9nement est id\u00e9alement situ\u00e9 \u00e0 proximit\u00e9 du principal centre de transport de Bruxelles - la gare centrale - o\u00f9 se rejoignent le train, le tram, le m\u00e9tro et le bus. Transports publics La gare centrale de Bruxelles se trouve \u00e0 quelques pas, en traversant le jardin public du Mont-des-Arts. [&hellip;]","og_url":"https:\/\/eabctcongress.org\/fr\/index.php\/acces-au-congres\/","og_site_name":"EABCT","article_modified_time":"2025-10-22T09:36:14+00:00","twitter_card":"summary_large_image","schema":{"@context":"https:\/\/schema.org","@graph":[{"@type":"WebPage","@id":"https:\/\/eabctcongress.org\/fr\/index.php\/acces-au-congres\/","url":"https:\/\/eabctcongress.org\/fr\/index.php\/acces-au-congres\/","name":"Acc\u00e8s au congr\u00e8s - EABCT","isPartOf":{"@id":"https:\/\/eabctcongress.org\/fr\/#website"},"datePublished":"2025-10-09T18:11:02+00:00","dateModified":"2025-10-22T09:36:14+00:00","breadcrumb":{"@id":"https:\/\/eabctcongress.org\/fr\/index.php\/acces-au-congres\/#breadcrumb"},"inLanguage":"en-US","potentialAction":[{"@type":"ReadAction","target":["https:\/\/eabctcongress.org\/fr\/index.php\/acces-au-congres\/"]}]},{"@type":"BreadcrumbList","@id":"https:\/\/eabctcongress.org\/fr\/index.php\/acces-au-congres\/#breadcrumb","itemListElement":[{"@type":"ListItem","position":1,"name":"Home","item":"https:\/\/eabctcongress.org\/fr\/"},{"@type":"ListItem","position":2,"name":"Acc\u00e8s au congr\u00e8s"}]},{"@type":"WebSite","@id":"https:\/\/eabctcongress.org\/fr\/#website","url":"https:\/\/eabctcongress.org\/fr\/","name":"EABCT","description":"","potentialAction":[{"@type":"SearchAction","target":{"@type":"EntryPoint","urlTemplate":"https:\/\/eabctcongress.org\/fr\/?s={search_term_string}"},"query-input":{"@type":"PropertyValueSpecification","valueRequired":true,"valueName":"search_term_string"}}],"inLanguage":"en-US"}]}},"_links":{"self":[{"href":"https:\/\/eabctcongress.org\/fr\/index.php\/wp-json\/wp\/v2\/pages\/239","targetHints":{"allow":["GET"]}}],"collection":[{"href":"https:\/\/eabctcongress.org\/fr\/index.php\/wp-json\/wp\/v2\/pages"}],"about":[{"href":"https:\/\/eabctcongress.org\/fr\/index.php\/wp-json\/wp\/v2\/types\/page"}],"author":[{"embeddable":true,"href":"https:\/\/eabctcongress.org\/fr\/index.php\/wp-json\/wp\/v2\/users\/1"}],"replies":[{"embeddable":true,"href":"https:\/\/eabctcongress.org\/fr\/index.php\/wp-json\/wp\/v2\/comments?post=239"}],"version-history":[{"count":8,"href":"https:\/\/eabctcongress.org\/fr\/index.php\/wp-json\/wp\/v2\/pages\/239\/revisions"}],"predecessor-version":[{"id":386,"href":"https:\/\/eabctcongress.org\/fr\/index.php\/wp-json\/wp\/v2\/pages\/239\/revisions\/386"}],"wp:attachment":[{"href":"https:\/\/eabctcongress.org\/fr\/index.php\/wp-json\/wp\/v2\/media?parent=239"}],"curies":[{"name":"wp","href":"https:\/\/api.w.org\/{rel}","templated":true}]}}