{"id":306,"date":"2025-10-14T18:20:57","date_gmt":"2025-10-14T18:20:57","guid":{"rendered":"https:\/\/eabctcongress.org\/fr\/?page_id=306"},"modified":"2025-11-07T10:51:07","modified_gmt":"2025-11-07T10:51:07","slug":"comite-scientifique","status":"publish","type":"page","link":"https:\/\/eabctcongress.org\/fr\/index.php\/comite-scientifique\/","title":{"rendered":"Comit\u00e9 scientifique"},"content":{"rendered":"<p>[et_pb_section fb_built=&#8221;1&#8243; _builder_version=&#8221;4.27.4&#8243; _module_preset=&#8221;default&#8221; global_colors_info=&#8221;{}&#8221;][et_pb_row _builder_version=&#8221;4.27.4&#8243; _module_preset=&#8221;default&#8221; global_colors_info=&#8221;{}&#8221;][et_pb_column type=&#8221;4_4&#8243; _builder_version=&#8221;4.27.4&#8243; _module_preset=&#8221;default&#8221; global_colors_info=&#8221;{}&#8221;][et_pb_text _builder_version=&#8221;4.27.4&#8243; _module_preset=&#8221;default&#8221; global_colors_info=&#8221;{}&#8221;]<\/p>\n<h2 style=\"text-align: center;\"><strong><span style=\"color: #008e90;\">Comit\u00e9 scientifique<\/span><\/strong><\/h2>\n<p>[\/et_pb_text][\/et_pb_column][\/et_pb_row][et_pb_row column_structure=&#8221;1_3,1_3,1_3&#8243; _builder_version=&#8221;4.27.4&#8243; _module_preset=&#8221;default&#8221; global_colors_info=&#8221;{}&#8221;][et_pb_column type=&#8221;1_3&#8243; _builder_version=&#8221;4.27.4&#8243; _module_preset=&#8221;default&#8221; global_colors_info=&#8221;{}&#8221;][et_pb_team_member name=&#8221;Kirsti Akkermann&#8221; image_url=&#8221;https:\/\/eabctcongress.org\/fr\/wp-content\/uploads\/2025\/10\/Kirsti_Akkermann.jpg&#8221; _builder_version=&#8221;4.27.4&#8243; _module_preset=&#8221;default&#8221; text_orientation=&#8221;center&#8221; custom_margin=&#8221;||||false|false&#8221; custom_padding=&#8221;30px|30px|30px|30px|false|false&#8221; border_radii=&#8221;on|6px|6px|6px|6px&#8221; box_shadow_style=&#8221;preset1&#8243; box_shadow_vertical=&#8221;10px&#8221; box_shadow_blur=&#8221;24px&#8221; box_shadow_spread=&#8221;6px&#8221; box_shadow_color=&#8221;rgba(0,0,0,0.06)&#8221; global_colors_info=&#8221;{}&#8221;]<\/p>\n<p style=\"text-align: center;\">Kirsti Akkermann est professeure de psychologie clinique et responsable de la formation en psychologie clinique \u00e0 l&#8217;Institut de psychologie de l&#8217;Universit\u00e9 de Tartu, en Estonie. Elle dirige le groupe de recherche en psychopathologie et est affili\u00e9e au Laboratoire de personnalit\u00e9 et de bien-\u00eatre.<\/p>\n<p style=\"text-align: center;\">Elle est psychologue clinicienne consultante et th\u00e9rapeute cognitivo-comportementale au Centre de th\u00e9rapie cognitive et comportementale de Tartu.<\/p>\n<p>[\/et_pb_team_member][et_pb_team_member name=&#8221;Sylvie Blairy&#8221; position=&#8221;Professeure de psychologie clinique, Universit\u00e9 de Li\u00e8ge&#8221; image_url=&#8221;https:\/\/eabctcongress.org\/fr\/wp-content\/uploads\/2025\/10\/1_Sylvie_Blairy.jpg&#8221; _builder_version=&#8221;4.27.4&#8243; _module_preset=&#8221;default&#8221; text_orientation=&#8221;center&#8221; custom_margin=&#8221;||||false|false&#8221; custom_padding=&#8221;30px|30px|30px|30px|false|false&#8221; border_radii=&#8221;on|6px|6px|6px|6px&#8221; box_shadow_style=&#8221;preset1&#8243; box_shadow_vertical=&#8221;10px&#8221; box_shadow_blur=&#8221;24px&#8221; box_shadow_spread=&#8221;6px&#8221; box_shadow_color=&#8221;rgba(0,0,0,0.06)&#8221; global_colors_info=&#8221;{}&#8221;]<\/p>\n<p style=\"text-align: center;\">Pratique la TCC depuis 2003 et participe \u00e0 des formations en Belgique et en France.<\/p>\n<p>[\/et_pb_team_member][et_pb_team_member name=&#8221;Jan Callens&#8221; image_url=&#8221;https:\/\/eabctcongress.org\/fr\/wp-content\/uploads\/2025\/10\/3_Jan_Callens.jpg&#8221; _builder_version=&#8221;4.27.4&#8243; _module_preset=&#8221;default&#8221; text_orientation=&#8221;center&#8221; custom_margin=&#8221;||||false|false&#8221; custom_padding=&#8221;30px|30px|30px|30px|false|false&#8221; border_radii=&#8221;on|6px|6px|6px|6px&#8221; box_shadow_style=&#8221;preset1&#8243; box_shadow_vertical=&#8221;10px&#8221; box_shadow_blur=&#8221;24px&#8221; box_shadow_spread=&#8221;6px&#8221; box_shadow_color=&#8221;rgba(0,0,0,0.06)&#8221; global_colors_info=&#8221;{}&#8221;]<\/p>\n<p style=\"text-align: center;\">Psychologue clinicien, th\u00e9rapeute TCC, superviseur et formateur. Ancien pr\u00e9sident du VVGT et ancien d\u00e9l\u00e9gu\u00e9 de l&#8217;EABCTExpertise en traitement TCC en milieu hospitalier et ambulatoire.<\/p>\n<p>[\/et_pb_team_member][et_pb_team_member name=&#8221;Maria do C\u00e9u Salvador&#8221; position=&#8221;Professeure&#8221; image_url=&#8221;https:\/\/eabctcongress.org\/fr\/wp-content\/uploads\/2025\/10\/Maria_do_Ceu_Salvador.jpg&#8221; _builder_version=&#8221;4.27.4&#8243; _module_preset=&#8221;default&#8221; text_orientation=&#8221;center&#8221; custom_margin=&#8221;||||false|false&#8221; custom_padding=&#8221;30px|30px|30px|30px|false|false&#8221; border_radii=&#8221;on|6px|6px|6px|6px&#8221; box_shadow_style=&#8221;preset1&#8243; box_shadow_vertical=&#8221;10px&#8221; box_shadow_blur=&#8221;24px&#8221; box_shadow_spread=&#8221;6px&#8221; box_shadow_color=&#8221;rgba(0,0,0,0.06)&#8221; global_colors_info=&#8221;{}&#8221;]<\/p>\n<p style=\"text-align: center;\">Maria do C\u00e9u Salvador est professeure \u00e0 l\u2019Universit\u00e9 de Coimbra. Elle enseigne les mod\u00e8les et interventions de th\u00e9rapie comportementale cognitive (TCC), m\u00e8ne des recherches et supervise des formations, des masters et des th\u00e8ses de doctorat en TCC. Psychologue clinicienne et psychoth\u00e9rapeute et superviseure accr\u00e9dit\u00e9e en TCC, elle exerce en cabinet priv\u00e9 et enseigne dans le cadre de plusieurs programmes de formation, au Portugal et \u00e0 l\u2019\u00e9tranger. Elle est actuellement pr\u00e9sidente de l\u2019Association portugaise de th\u00e9rapie comportementale.<\/p>\n<p>[\/et_pb_team_member][et_pb_team_member name=&#8221;Dirk Hermans&#8221; position=&#8221;Professeur de psychologie, vice-recteur des sciences humaines \u00e0 la KU Leuven&#8221; image_url=&#8221;https:\/\/eabctcongress.org\/fr\/wp-content\/uploads\/2025\/10\/1_Dirk_Hermans.jpg&#8221; _builder_version=&#8221;4.27.4&#8243; _module_preset=&#8221;default&#8221; text_orientation=&#8221;center&#8221; custom_margin=&#8221;||||false|false&#8221; custom_padding=&#8221;30px|30px|30px|30px|false|false&#8221; border_radii=&#8221;on|6px|6px|6px|6px&#8221; box_shadow_style=&#8221;preset1&#8243; box_shadow_vertical=&#8221;10px&#8221; box_shadow_blur=&#8221;24px&#8221; box_shadow_spread=&#8221;6px&#8221; box_shadow_color=&#8221;rgba(0,0,0,0.06)&#8221; global_colors_info=&#8221;{}&#8221;]<\/p>\n<p style=\"text-align: center;\">Th\u00e9rapeute cognitivo-comportemental et superviseur avec une expertise dans les troubles anxieux (li\u00e9s \u00e0 l&#8217;anxi\u00e9t\u00e9) ; th\u00e9rapeute\/superviseur\/formateur form\u00e9 en exposition prolong\u00e9e.<\/p>\n<p>[\/et_pb_team_member][et_pb_team_member name=&#8221;Pierre Philippot&#8221; position=&#8221;Professeur&#8221; image_url=&#8221;https:\/\/eabctcongress.org\/fr\/wp-content\/uploads\/2025\/10\/8_Pierre-Philippot.jpg&#8221; _builder_version=&#8221;4.27.4&#8243; _module_preset=&#8221;default&#8221; text_orientation=&#8221;center&#8221; custom_margin=&#8221;||||false|false&#8221; custom_padding=&#8221;30px|30px|30px|30px|false|false&#8221; border_radii=&#8221;on|6px|6px|6px|6px&#8221; box_shadow_style=&#8221;preset1&#8243; box_shadow_vertical=&#8221;10px&#8221; box_shadow_blur=&#8221;24px&#8221; box_shadow_spread=&#8221;6px&#8221; box_shadow_color=&#8221;rgba(0,0,0,0.06)&#8221; global_colors_info=&#8221;{}&#8221;]<\/p>\n<p style=\"text-align: center;\">Pierre Philippot est professeur de psychologie clinique \u00e0 l\u2019Universit\u00e9 de Louvain, o\u00f9 il s\u2019investit particuli\u00e8rement dans la formation des psychoth\u00e9rapeutes. Il cultive un int\u00e9r\u00eat particulier pour la recherche et la pratique clinique des \u00e9motions et pratique des TCC aupr\u00e8s d\u2019adultes et d\u2019adolescents. Il est actuellement tr\u00e9sorier de l\u2019EABCT.<\/p>\n<p>[\/et_pb_team_member][et_pb_team_member name=&#8221;Mandy Rossignol&#8221; image_url=&#8221;https:\/\/eabctcongress.org\/fr\/wp-content\/uploads\/2025\/11\/Mandy_Rossignol.jpg&#8221; _builder_version=&#8221;4.27.4&#8243; _module_preset=&#8221;default&#8221; text_orientation=&#8221;center&#8221; custom_margin=&#8221;||||false|false&#8221; custom_padding=&#8221;30px|30px|30px|30px|false|false&#8221; hover_enabled=&#8221;0&#8243; border_radii=&#8221;on|6px|6px|6px|6px&#8221; box_shadow_style=&#8221;preset1&#8243; box_shadow_vertical=&#8221;10px&#8221; box_shadow_blur=&#8221;24px&#8221; box_shadow_spread=&#8221;6px&#8221; box_shadow_color=&#8221;rgba(0,0,0,0.06)&#8221; global_colors_info=&#8221;{}&#8221; title_text=&#8221;Mandy_Rossignol&#8221; sticky_enabled=&#8221;0&#8243;]<\/p>\n<p style=\"text-align: center;\">Mandy Rossignol est professeure de psychologie \u00e0 l&#8217;Universit\u00e9 de Mons, o\u00f9 elle coordonne le certificat d&#8217;\u00e9tudes sup\u00e9rieures en psychoth\u00e9rapie cognitivo-\u00e9motionnelle et comportementale. Elle est membre de l&#8217;AEMTC et copr\u00e9sidente du comit\u00e9 scientifique de l&#8217;EABCT 2026.<\/p>\n<p>[\/et_pb_team_member][\/et_pb_column][et_pb_column type=&#8221;1_3&#8243; _builder_version=&#8221;4.27.4&#8243; _module_preset=&#8221;default&#8221; global_colors_info=&#8221;{}&#8221;][et_pb_team_member name=&#8221;Ercan Alt\u0131n\u00f6z&#8221; position=&#8221;Professeur de psychiatrie, Universit\u00e9 Eski\u015fehir Osmangazi, Facult\u00e9 de m\u00e9decine, D\u00e9partement de psychiatrie&#8221; image_url=&#8221;https:\/\/eabctcongress.org\/fr\/wp-content\/uploads\/2025\/10\/Ercan_Altinoz.jpg&#8221; _builder_version=&#8221;4.27.4&#8243; _module_preset=&#8221;default&#8221; text_orientation=&#8221;center&#8221; custom_margin=&#8221;||||false|false&#8221; custom_padding=&#8221;30px|30px|30px|30px|false|false&#8221; border_radii=&#8221;on|6px|6px|6px|6px&#8221; box_shadow_style=&#8221;preset1&#8243; box_shadow_vertical=&#8221;10px&#8221; box_shadow_blur=&#8221;24px&#8221; box_shadow_spread=&#8221;6px&#8221; box_shadow_color=&#8221;rgba(0,0,0,0.06)&#8221; global_colors_info=&#8221;{}&#8221;]<\/p>\n<p style=\"text-align: center;\">Je suis professeur de psychiatrie, sp\u00e9cialis\u00e9 en th\u00e9rapie cognitivo-comportementale (TCC) et en th\u00e9rapie m\u00e9tacognitive. Mon travail se concentre sur la psychoth\u00e9rapie, la recherche et l&#8217;encadrement de nouveaux th\u00e9rapeutes dans ce domaine.<\/p>\n<p>[\/et_pb_team_member][et_pb_team_member name=&#8221;Caroline Braet&#8221; position=&#8221;Prof. dr. em. &#8221; image_url=&#8221;https:\/\/eabctcongress.org\/fr\/wp-content\/uploads\/2025\/10\/Caroline_Braet.jpg&#8221; _builder_version=&#8221;4.27.4&#8243; _module_preset=&#8221;default&#8221; text_orientation=&#8221;center&#8221; custom_margin=&#8221;||||false|false&#8221; custom_padding=&#8221;30px|30px|30px|30px|false|false&#8221; border_radii=&#8221;on|6px|6px|6px|6px&#8221; box_shadow_style=&#8221;preset1&#8243; box_shadow_vertical=&#8221;10px&#8221; box_shadow_blur=&#8221;24px&#8221; box_shadow_spread=&#8221;6px&#8221; box_shadow_color=&#8221;rgba(0,0,0,0.06)&#8221; global_colors_info=&#8221;{}&#8221;]<\/p>\n<p style=\"text-align: center;\">Recherche en psychopathologie du d\u00e9veloppement et en psychoth\u00e9rapie infantile, en particulier sur les troubles alimentaires et la d\u00e9pression, dans une perspective de diath\u00e8se-stress. Professeure titulaire \u00e0 l&#8217;Universit\u00e9 de Gand jusqu&#8217;en 2025 ; actuellement \u00e0 titre temporaire seulement pour 10 %. Th\u00e9rapeute cognitivo-comportementale agr\u00e9\u00e9e, elle a \u00e9galement supervis\u00e9 le Centre de sant\u00e9 mentale infantile de l&#8217;Universit\u00e9 de Gand. Elle a obtenu plus de 43 projets de recherche subventionn\u00e9s et plus de 200 publications \u00e9valu\u00e9es par des pairs. Avec ses doctorants, elle a \u00e9crit plus de 20 ouvrages. En 2020, elle a re\u00e7u le prix Maslow pour ses travaux ; en 2024, le prix Sarton.<\/p>\n<p>[\/et_pb_team_member][et_pb_team_member name=&#8221;Dr Jo Daniels&#8221; image_url=&#8221;https:\/\/eabctcongress.org\/fr\/wp-content\/uploads\/2025\/10\/Dr_Jo_Daniels.jpg&#8221; _builder_version=&#8221;4.27.4&#8243; _module_preset=&#8221;default&#8221; text_orientation=&#8221;center&#8221; custom_margin=&#8221;||||false|false&#8221; custom_padding=&#8221;30px|30px|30px|30px|false|false&#8221; border_radii=&#8221;on|6px|6px|6px|6px&#8221; box_shadow_style=&#8221;preset1&#8243; box_shadow_vertical=&#8221;10px&#8221; box_shadow_blur=&#8221;24px&#8221; box_shadow_spread=&#8221;6px&#8221; box_shadow_color=&#8221;rgba(0,0,0,0.06)&#8221; global_colors_info=&#8221;{}&#8221;]<\/p>\n<p style=\"text-align: center;\">Ma\u00eetre de conf\u00e9rences en psychologie clinique, FHEA, FRCEMDirecteur de la recherche en sciences humaines et sociales, Engagement et impact des partenariats<br \/>Directeur des \u00e9tudes par int\u00e9rim (DoS), Doctorat en psychologie cliniqueD\u00e9partement de psychologie | Universit\u00e9 de Bath | Royaume-Uni<br \/>Th\u00e9rapeute cognitivo-comportemental et superviseur avec une expertise dans les troubles anxieux (li\u00e9s \u00e0 l&#8217;anxi\u00e9t\u00e9) ; th\u00e9rapeute\/superviseur\/formateur form\u00e9 en exposition prolong\u00e9e.<\/p>\n<p>[\/et_pb_team_member][et_pb_team_member name=&#8221;Carole Fantini-Hauwel&#8221; position=&#8221;Professeure de psychopathologie et de psychologie clinique. Responsable du centre de psychologie exp\u00e9rimentale, cognitive et clinique (laboratoire Sens).&#8221; image_url=&#8221;https:\/\/eabctcongress.org\/fr\/wp-content\/uploads\/2025\/10\/Carole_FANTINI-HAUWEL.jpg&#8221; _builder_version=&#8221;4.27.4&#8243; _module_preset=&#8221;default&#8221; text_orientation=&#8221;center&#8221; custom_margin=&#8221;||||false|false&#8221; custom_padding=&#8221;30px|30px|30px|30px|false|false&#8221; border_radii=&#8221;on|6px|6px|6px|6px&#8221; box_shadow_style=&#8221;preset1&#8243; box_shadow_vertical=&#8221;10px&#8221; box_shadow_blur=&#8221;24px&#8221; box_shadow_spread=&#8221;6px&#8221; box_shadow_color=&#8221;rgba(0,0,0,0.06)&#8221; global_colors_info=&#8221;{}&#8221;]<\/p>\n<p style=\"text-align: center;\">Mon sujet de recherche principal porte sur la r\u00e9gulation des \u00e9motions, la psychophysiologie et les diff\u00e9rences individuelles li\u00e9es \u00e0 la conscience \u00e9motionnelle.<\/p>\n<p>[\/et_pb_team_member][et_pb_team_member name=&#8221;Kristof Hoorelbeke&#8221; position=&#8221;Ph.D., professeur assistant, Universit\u00e9 de Gand&#8221; image_url=&#8221;https:\/\/eabctcongress.org\/fr\/wp-content\/uploads\/2025\/10\/Kristof_Hoorelbeke.jpg&#8221; _builder_version=&#8221;4.27.4&#8243; _module_preset=&#8221;default&#8221; text_orientation=&#8221;center&#8221; custom_margin=&#8221;||||false|false&#8221; custom_padding=&#8221;30px|30px|30px|30px|false|false&#8221; border_radii=&#8221;on|6px|6px|6px|6px&#8221; box_shadow_style=&#8221;preset1&#8243; box_shadow_vertical=&#8221;10px&#8221; box_shadow_blur=&#8221;24px&#8221; box_shadow_spread=&#8221;6px&#8221; box_shadow_color=&#8221;rgba(0,0,0,0.06)&#8221; global_colors_info=&#8221;{}&#8221;]<\/p>\n<div class=\"et_pb_module et_pb_team_member et_pb_team_member_5 clearfix  et_pb_text_align_center et_pb_bg_layout_light\">\n<div class=\"et_pb_team_member_description\">\n<div>\n<p style=\"text-align: center;\">Kristof Hoorelbeke est un th\u00e9rapeute TCC et professeur assistant titulaire travaillant \u00e0 l\u2019Universit\u00e9 de Gand, sp\u00e9cialis\u00e9 dans les processus de vuln\u00e9rabilit\u00e9 cognitive et la pr\u00e9vention et le traitement de la d\u00e9pression (r\u00e9currente) et des troubles li\u00e9s aux traumatismes.<\/p>\n<\/div>\n<\/div>\n<\/div>\n<p>[\/et_pb_team_member][et_pb_team_member name=&#8221;Peter Phiri&#8221; position=&#8221;Professeur, PhD, responsable de la recherche et de l&#8217;innovation, Hampshire &#038; Isle of Wight Healthcare NHS Foundation Trust, Royaume-Uni, chercheur invit\u00e9, \u00c9cole de psychologie, Universit\u00e9 de Southampton, Royaume-Uni, boursier BABCP&#8221; image_url=&#8221;https:\/\/eabctcongress.org\/fr\/wp-content\/uploads\/2025\/10\/Peter_Phiri.jpg&#8221; _builder_version=&#8221;4.27.4&#8243; _module_preset=&#8221;default&#8221; text_orientation=&#8221;center&#8221; custom_margin=&#8221;||||false|false&#8221; custom_padding=&#8221;30px|30px|30px|30px|false|false&#8221; border_radii=&#8221;on|6px|6px|6px|6px&#8221; box_shadow_style=&#8221;preset1&#8243; box_shadow_vertical=&#8221;10px&#8221; box_shadow_blur=&#8221;24px&#8221; box_shadow_spread=&#8221;6px&#8221; box_shadow_color=&#8221;rgba(0,0,0,0.06)&#8221; global_colors_info=&#8221;{}&#8221;]<\/p>\n<p style=\"text-align: center;\">Le professeur Phiri est responsable de la recherche et de l&#8217;innovation. Il est \u00e9galement professeur invit\u00e9 \u00e0 l&#8217;\u00c9cole de psychologie de l&#8217;Universit\u00e9 de Southampton et professeur invit\u00e9 \u00e0 la Facult\u00e9 des sciences param\u00e9dicales de l&#8217;Universit\u00e9 de Ruhuna et de l&#8217;Universit\u00e9 Nnamdi Azikiwe. Infirmier auxiliaire de sant\u00e9 mentale et psychoth\u00e9rapeute cognitivo-comportemental sp\u00e9cialis\u00e9, le professeur Phiri poss\u00e8de plus de vingt ans d&#8217;exp\u00e9rience clinique au sein du NHS et dans divers contextes de soins.<\/p>\n<p style=\"text-align: center;\">Consultant en essais cliniques, il est l&#8217;auteur de plusieurs ouvrages, dont \u00ab Essais cliniques et tribulations \u00bb et \u00ab Adaptation culturelle de la TCC pour les maladies mentales graves : Guide de formation et de pratique \u00bb.<\/p>\n<p>[\/et_pb_team_member][\/et_pb_column][et_pb_column type=&#8221;1_3&#8243; _builder_version=&#8221;4.27.4&#8243; _module_preset=&#8221;default&#8221; global_colors_info=&#8221;{}&#8221;][et_pb_team_member name=&#8221;Dr. Simon E. Blackwell&#8221; position=&#8221;Chercheur postdoctoral, D\u00e9partement de psychologie clinique et de psychopathologie exp\u00e9rimentale, Universit\u00e9 de G\u00f6ttingen, Allemagne&#8221; image_url=&#8221;https:\/\/eabctcongress.org\/fr\/wp-content\/uploads\/2025\/10\/Simon_Blackwell.jpg&#8221; _builder_version=&#8221;4.27.4&#8243; _module_preset=&#8221;default&#8221; text_orientation=&#8221;center&#8221; custom_margin=&#8221;||||false|false&#8221; custom_padding=&#8221;30px|30px|30px|30px|false|false&#8221; border_radii=&#8221;on|6px|6px|6px|6px&#8221; box_shadow_style=&#8221;preset1&#8243; box_shadow_vertical=&#8221;10px&#8221; box_shadow_blur=&#8221;24px&#8221; box_shadow_spread=&#8221;6px&#8221; box_shadow_color=&#8221;rgba(0,0,0,0.06)&#8221; global_colors_info=&#8221;{}&#8221;]<\/p>\n<p style=\"text-align: center;\">Simon Blackwell est psychologue clinicien et chercheur, sp\u00e9cialis\u00e9 dans l&#8217;imagerie mentale positive et les m\u00e9thodes de recherche translationnelle. Il est \u00e9galement copr\u00e9sident du groupe consultatif du programme national de conf\u00e9rence de l&#8217;Association britannique de psychoth\u00e9rapies comportementales et cognitives.<\/p>\n<p>[\/et_pb_team_member][et_pb_team_member name=&#8221;Guy Bosmans&#8221; position=&#8221;KU Leuven \u2013 Unit\u00e9 de recherche en psychologie clinique&#8221; image_url=&#8221;https:\/\/eabctcongress.org\/fr\/wp-content\/uploads\/2025\/10\/Guy_Bosmans.jpg&#8221; _builder_version=&#8221;4.27.4&#8243; _module_preset=&#8221;default&#8221; text_orientation=&#8221;center&#8221; custom_margin=&#8221;||||false|false&#8221; custom_padding=&#8221;30px|30px|30px|30px|false|false&#8221; border_radii=&#8221;on|6px|6px|6px|6px&#8221; box_shadow_style=&#8221;preset1&#8243; box_shadow_vertical=&#8221;10px&#8221; box_shadow_blur=&#8221;24px&#8221; box_shadow_spread=&#8221;6px&#8221; box_shadow_color=&#8221;rgba(0,0,0,0.06)&#8221; global_colors_info=&#8221;{}&#8221;]<\/p>\n<p style=\"text-align: center;\">Guy Bosmans est professeur titulaire en psychologie clinique de l&#8217;enfant et de l&#8217;adolescent, responsable de la formation TCC pour enfants \u00e0 la KU Leuven et chercheur sur l&#8217;attachement parent-enfant : d\u00e9veloppement de l&#8217;attachement, r\u00f4le de l&#8217;attachement dans le d\u00e9veloppement de la psychopathologie et traitement des relations d&#8217;attachement rompues.<\/p>\n<p>[\/et_pb_team_member][et_pb_team_member name=&#8221;C\u00e9line Douilliez&#8221; position=&#8221;Docteur en psychologie&#8221; image_url=&#8221;https:\/\/eabctcongress.org\/fr\/wp-content\/uploads\/2025\/10\/4_Celine-Douilliez.jpg&#8221; _builder_version=&#8221;4.27.4&#8243; _module_preset=&#8221;default&#8221; text_orientation=&#8221;center&#8221; custom_margin=&#8221;||||false|false&#8221; custom_padding=&#8221;30px|30px|30px|30px|false|false&#8221; border_radii=&#8221;on|6px|6px|6px|6px&#8221; box_shadow_style=&#8221;preset1&#8243; box_shadow_vertical=&#8221;10px&#8221; box_shadow_blur=&#8221;24px&#8221; box_shadow_spread=&#8221;6px&#8221; box_shadow_color=&#8221;rgba(0,0,0,0.06)&#8221; global_colors_info=&#8221;{}&#8221;]<\/p>\n<p style=\"text-align: center;\">C\u00e9line Douilliez est psychologue clinicienne et professeure de psychologie clinique \u00e0 l\u2019UCLouvain, o\u00f9 elle coordonne un master sp\u00e9cialis\u00e9 en psychoth\u00e9rapies cognitives et comportementales (TCC). Tr\u00e9sori\u00e8re de l\u2019AEMTC, elle est membre du comit\u00e9 scientifique et d\u2019organisation et contribue aux questions financi\u00e8res et politiques.<\/p>\n<p>[\/et_pb_team_member][et_pb_team_member name=&#8221;Dr. Miquel A. Fullana&#8221; position=&#8221;Hospital Cl\u00ednic\/IDIBAPS, Barcelona&#8221; image_url=&#8221;https:\/\/eabctcongress.org\/fr\/wp-content\/uploads\/2025\/10\/Miquel_Fullana.jpg&#8221; _builder_version=&#8221;4.27.4&#8243; _module_preset=&#8221;default&#8221; text_orientation=&#8221;center&#8221; custom_margin=&#8221;||||false|false&#8221; custom_padding=&#8221;30px|30px|30px|30px|false|false&#8221; border_radii=&#8221;on|6px|6px|6px|6px&#8221; box_shadow_style=&#8221;preset1&#8243; box_shadow_vertical=&#8221;10px&#8221; box_shadow_blur=&#8221;24px&#8221; box_shadow_spread=&#8221;6px&#8221; box_shadow_color=&#8221;rgba(0,0,0,0.06)&#8221; global_colors_info=&#8221;{}&#8221;]<\/p>\n<p style=\"text-align: center;\">Je suis psychologue clinicien et chercheur sp\u00e9cialis\u00e9 dans les troubles li\u00e9s \u00e0 la peur et les troubles obsessionnels compulsifs.<\/p>\n<p>[\/et_pb_team_member][et_pb_team_member name=&#8221;Ernst Koster&#8221; position=&#8221;Doctorat,  Professeur-chercheur BOF&#8221; image_url=&#8221;https:\/\/eabctcongress.org\/fr\/wp-content\/uploads\/2025\/10\/2_Ernst_Koster.jpg&#8221; _builder_version=&#8221;4.27.4&#8243; _module_preset=&#8221;default&#8221; text_orientation=&#8221;center&#8221; custom_margin=&#8221;||||false|false&#8221; custom_padding=&#8221;30px|30px|30px|30px|false|false&#8221; border_radii=&#8221;on|6px|6px|6px|6px&#8221; box_shadow_style=&#8221;preset1&#8243; box_shadow_vertical=&#8221;10px&#8221; box_shadow_blur=&#8221;24px&#8221; box_shadow_spread=&#8221;6px&#8221; box_shadow_color=&#8221;rgba(0,0,0,0.06)&#8221; global_colors_info=&#8221;{}&#8221;]<\/p>\n<p style=\"text-align: center;\">Je suis professeur de psychopathologie exp\u00e9rimentale \u00e0 l&#8217;Universit\u00e9 de Gand. Je suis th\u00e9rapeute comportementaliste et superviseur en cabinet priv\u00e9. Je suis responsable du comit\u00e9 scientifique du programme EABCT 2026.<\/p>\n<p>[\/et_pb_team_member][et_pb_team_member name=&#8221;Niki (Nicola) Petrocchi&#8221; position=&#8221;Professeure, Docteure&#8221; image_url=&#8221;https:\/\/eabctcongress.org\/fr\/wp-content\/uploads\/2025\/10\/Niki_Petrocchi.jpg&#8221; _builder_version=&#8221;4.27.4&#8243; _module_preset=&#8221;default&#8221; text_orientation=&#8221;center&#8221; custom_margin=&#8221;||||false|false&#8221; custom_padding=&#8221;30px|30px|30px|30px|false|false&#8221; border_radii=&#8221;on|6px|6px|6px|6px&#8221; box_shadow_style=&#8221;preset1&#8243; box_shadow_vertical=&#8221;10px&#8221; box_shadow_blur=&#8221;24px&#8221; box_shadow_spread=&#8221;6px&#8221; box_shadow_color=&#8221;rgba(0,0,0,0.06)&#8221; global_colors_info=&#8221;{}&#8221;]<\/p>\n<p style=\"text-align: center;\">Niki (Nicola) Petrocchi, Ph. D., est professeure agr\u00e9g\u00e9e de psychologie \u00e0 l\u2019Universit\u00e9 John Cabot (Rome) et fondatrice de Compassionate Mind Italia. Elle a publi\u00e9 plus de 100 articles scientifiques et un manuel sur la th\u00e9rapie centr\u00e9e sur la compassion. Ses recherches et son enseignement portent sur les fondements psychophysiologiques de la compassion et de la r\u00e9gulation \u00e9motionnelle, int\u00e9grant les approches CFT et TCC dans des contextes scientifiques et cliniques, avec un int\u00e9r\u00eat particulier pour les populations de diverses identit\u00e9s de genre.<\/p>\n<p>[\/et_pb_team_member][et_pb_team_member name=&#8221;Dr. Arnold A.P. van Emmerik&#8221; position=&#8221;Programme de psychologie clinique, Universit\u00e9 d&#8217;Amsterdam&#8221; image_url=&#8221;https:\/\/eabctcongress.org\/fr\/wp-content\/uploads\/2025\/10\/Arnold_van_Emmerik.jpg&#8221; _builder_version=&#8221;4.27.4&#8243; _module_preset=&#8221;default&#8221; text_orientation=&#8221;center&#8221; custom_margin=&#8221;||||false|false&#8221; custom_padding=&#8221;30px|30px|30px|30px|false|false&#8221; border_radii=&#8221;on|6px|6px|6px|6px&#8221; box_shadow_style=&#8221;preset1&#8243; box_shadow_vertical=&#8221;10px&#8221; box_shadow_blur=&#8221;24px&#8221; box_shadow_spread=&#8221;6px&#8221; box_shadow_color=&#8221;rgba(0,0,0,0.06)&#8221; global_colors_info=&#8221;{}&#8221;]<\/p>\n<p style=\"text-align: center;\">Le Dr Arnold van Emmerik est professeur adjoint au sein du programme de psychologie clinique de l&#8217;Universit\u00e9 d&#8217;Amsterdam et membre (coordinateur scientifique) du conseil d&#8217;administration de l&#8217;Association europ\u00e9enne pour les th\u00e9rapies comportementales et cognitives. Ses principaux centres d&#8217;int\u00e9r\u00eat sont les traumatismes psychologiques, les interventions bas\u00e9es sur la pleine conscience et les th\u00e9rapies d&#8217;exposition.<\/p>\n<p>[\/et_pb_team_member][\/et_pb_column][\/et_pb_row][\/et_pb_section]<\/p>\n","protected":false},"excerpt":{"rendered":"<p>Comit\u00e9 scientifiqueKirsti Akkermann est professeure de psychologie clinique et responsable de la formation en psychologie clinique \u00e0 l&#8217;Institut de psychologie de l&#8217;Universit\u00e9 de Tartu, en Estonie. Elle dirige le groupe de recherche en psychopathologie et est affili\u00e9e au Laboratoire de personnalit\u00e9 et de bien-\u00eatre. Elle est psychologue clinicienne consultante et th\u00e9rapeute cognitivo-comportementale au Centre de [&hellip;]<\/p>\n","protected":false},"author":1,"featured_media":0,"parent":0,"menu_order":0,"comment_status":"closed","ping_status":"closed","template":"","meta":{"_et_pb_use_builder":"on","_et_pb_old_content":"","_et_gb_content_width":"","footnotes":""},"class_list":["post-306","page","type-page","status-publish","hentry"],"yoast_head":"<!-- This site is optimized with the Yoast SEO plugin v27.5 - https:\/\/yoast.com\/product\/yoast-seo-wordpress\/ -->\n<title>Comit\u00e9 scientifique - EABCT<\/title>\n<meta name=\"robots\" content=\"index, follow, max-snippet:-1, max-image-preview:large, max-video-preview:-1\" \/>\n<link rel=\"canonical\" href=\"https:\/\/eabctcongress.org\/fr\/index.php\/comite-scientifique\/\" \/>\n<meta property=\"og:locale\" content=\"en_US\" \/>\n<meta property=\"og:type\" content=\"article\" \/>\n<meta property=\"og:title\" content=\"Comit\u00e9 scientifique - EABCT\" \/>\n<meta property=\"og:description\" content=\"Comit\u00e9 scientifiqueKirsti Akkermann est professeure de psychologie clinique et responsable de la formation en psychologie clinique \u00e0 l&#039;Institut de psychologie de l&#039;Universit\u00e9 de Tartu, en Estonie. Elle dirige le groupe de recherche en psychopathologie et est affili\u00e9e au Laboratoire de personnalit\u00e9 et de bien-\u00eatre. Elle est psychologue clinicienne consultante et th\u00e9rapeute cognitivo-comportementale au Centre de [&hellip;]\" \/>\n<meta property=\"og:url\" content=\"https:\/\/eabctcongress.org\/fr\/index.php\/comite-scientifique\/\" \/>\n<meta property=\"og:site_name\" content=\"EABCT\" \/>\n<meta property=\"article:modified_time\" content=\"2025-11-07T10:51:07+00:00\" \/>\n<meta name=\"twitter:card\" content=\"summary_large_image\" \/>\n<script type=\"application\/ld+json\" class=\"yoast-schema-graph\">{\"@context\":\"https:\\\/\\\/schema.org\",\"@graph\":[{\"@type\":\"WebPage\",\"@id\":\"https:\\\/\\\/eabctcongress.org\\\/fr\\\/index.php\\\/comite-scientifique\\\/\",\"url\":\"https:\\\/\\\/eabctcongress.org\\\/fr\\\/index.php\\\/comite-scientifique\\\/\",\"name\":\"Comit\u00e9 scientifique - EABCT\",\"isPartOf\":{\"@id\":\"https:\\\/\\\/eabctcongress.org\\\/fr\\\/#website\"},\"datePublished\":\"2025-10-14T18:20:57+00:00\",\"dateModified\":\"2025-11-07T10:51:07+00:00\",\"breadcrumb\":{\"@id\":\"https:\\\/\\\/eabctcongress.org\\\/fr\\\/index.php\\\/comite-scientifique\\\/#breadcrumb\"},\"inLanguage\":\"en-US\",\"potentialAction\":[{\"@type\":\"ReadAction\",\"target\":[\"https:\\\/\\\/eabctcongress.org\\\/fr\\\/index.php\\\/comite-scientifique\\\/\"]}]},{\"@type\":\"BreadcrumbList\",\"@id\":\"https:\\\/\\\/eabctcongress.org\\\/fr\\\/index.php\\\/comite-scientifique\\\/#breadcrumb\",\"itemListElement\":[{\"@type\":\"ListItem\",\"position\":1,\"name\":\"Home\",\"item\":\"https:\\\/\\\/eabctcongress.org\\\/fr\\\/\"},{\"@type\":\"ListItem\",\"position\":2,\"name\":\"Comit\u00e9 scientifique\"}]},{\"@type\":\"WebSite\",\"@id\":\"https:\\\/\\\/eabctcongress.org\\\/fr\\\/#website\",\"url\":\"https:\\\/\\\/eabctcongress.org\\\/fr\\\/\",\"name\":\"EABCT\",\"description\":\"\",\"potentialAction\":[{\"@type\":\"SearchAction\",\"target\":{\"@type\":\"EntryPoint\",\"urlTemplate\":\"https:\\\/\\\/eabctcongress.org\\\/fr\\\/?s={search_term_string}\"},\"query-input\":{\"@type\":\"PropertyValueSpecification\",\"valueRequired\":true,\"valueName\":\"search_term_string\"}}],\"inLanguage\":\"en-US\"}]}<\/script>\n<!-- \/ Yoast SEO plugin. -->","yoast_head_json":{"title":"Comit\u00e9 scientifique - EABCT","robots":{"index":"index","follow":"follow","max-snippet":"max-snippet:-1","max-image-preview":"max-image-preview:large","max-video-preview":"max-video-preview:-1"},"canonical":"https:\/\/eabctcongress.org\/fr\/index.php\/comite-scientifique\/","og_locale":"en_US","og_type":"article","og_title":"Comit\u00e9 scientifique - EABCT","og_description":"Comit\u00e9 scientifiqueKirsti Akkermann est professeure de psychologie clinique et responsable de la formation en psychologie clinique \u00e0 l'Institut de psychologie de l'Universit\u00e9 de Tartu, en Estonie. Elle dirige le groupe de recherche en psychopathologie et est affili\u00e9e au Laboratoire de personnalit\u00e9 et de bien-\u00eatre. Elle est psychologue clinicienne consultante et th\u00e9rapeute cognitivo-comportementale au Centre de [&hellip;]","og_url":"https:\/\/eabctcongress.org\/fr\/index.php\/comite-scientifique\/","og_site_name":"EABCT","article_modified_time":"2025-11-07T10:51:07+00:00","twitter_card":"summary_large_image","schema":{"@context":"https:\/\/schema.org","@graph":[{"@type":"WebPage","@id":"https:\/\/eabctcongress.org\/fr\/index.php\/comite-scientifique\/","url":"https:\/\/eabctcongress.org\/fr\/index.php\/comite-scientifique\/","name":"Comit\u00e9 scientifique - EABCT","isPartOf":{"@id":"https:\/\/eabctcongress.org\/fr\/#website"},"datePublished":"2025-10-14T18:20:57+00:00","dateModified":"2025-11-07T10:51:07+00:00","breadcrumb":{"@id":"https:\/\/eabctcongress.org\/fr\/index.php\/comite-scientifique\/#breadcrumb"},"inLanguage":"en-US","potentialAction":[{"@type":"ReadAction","target":["https:\/\/eabctcongress.org\/fr\/index.php\/comite-scientifique\/"]}]},{"@type":"BreadcrumbList","@id":"https:\/\/eabctcongress.org\/fr\/index.php\/comite-scientifique\/#breadcrumb","itemListElement":[{"@type":"ListItem","position":1,"name":"Home","item":"https:\/\/eabctcongress.org\/fr\/"},{"@type":"ListItem","position":2,"name":"Comit\u00e9 scientifique"}]},{"@type":"WebSite","@id":"https:\/\/eabctcongress.org\/fr\/#website","url":"https:\/\/eabctcongress.org\/fr\/","name":"EABCT","description":"","potentialAction":[{"@type":"SearchAction","target":{"@type":"EntryPoint","urlTemplate":"https:\/\/eabctcongress.org\/fr\/?s={search_term_string}"},"query-input":{"@type":"PropertyValueSpecification","valueRequired":true,"valueName":"search_term_string"}}],"inLanguage":"en-US"}]}},"_links":{"self":[{"href":"https:\/\/eabctcongress.org\/fr\/index.php\/wp-json\/wp\/v2\/pages\/306","targetHints":{"allow":["GET"]}}],"collection":[{"href":"https:\/\/eabctcongress.org\/fr\/index.php\/wp-json\/wp\/v2\/pages"}],"about":[{"href":"https:\/\/eabctcongress.org\/fr\/index.php\/wp-json\/wp\/v2\/types\/page"}],"author":[{"embeddable":true,"href":"https:\/\/eabctcongress.org\/fr\/index.php\/wp-json\/wp\/v2\/users\/1"}],"replies":[{"embeddable":true,"href":"https:\/\/eabctcongress.org\/fr\/index.php\/wp-json\/wp\/v2\/comments?post=306"}],"version-history":[{"count":14,"href":"https:\/\/eabctcongress.org\/fr\/index.php\/wp-json\/wp\/v2\/pages\/306\/revisions"}],"predecessor-version":[{"id":474,"href":"https:\/\/eabctcongress.org\/fr\/index.php\/wp-json\/wp\/v2\/pages\/306\/revisions\/474"}],"wp:attachment":[{"href":"https:\/\/eabctcongress.org\/fr\/index.php\/wp-json\/wp\/v2\/media?parent=306"}],"curies":[{"name":"wp","href":"https:\/\/api.w.org\/{rel}","templated":true}]}}