{"id":442,"date":"2025-11-04T15:56:11","date_gmt":"2025-11-04T15:56:11","guid":{"rendered":"https:\/\/eabctcongress.org\/fr\/?page_id=442"},"modified":"2026-04-27T16:11:51","modified_gmt":"2026-04-27T16:11:51","slug":"ateliers-pre-congres","status":"publish","type":"page","link":"https:\/\/eabctcongress.org\/fr\/index.php\/ateliers-pre-congres\/","title":{"rendered":"Ateliers pr\u00e9-congr\u00e8s"},"content":{"rendered":"<p>[et_pb_section fb_built=&#8221;1&#8243; _builder_version=&#8221;4.27.4&#8243; _module_preset=&#8221;default&#8221; global_colors_info=&#8221;{}&#8221;][et_pb_row _builder_version=&#8221;4.27.4&#8243; _module_preset=&#8221;default&#8221; global_colors_info=&#8221;{}&#8221;][et_pb_column type=&#8221;4_4&#8243; _builder_version=&#8221;4.27.4&#8243; _module_preset=&#8221;default&#8221; global_colors_info=&#8221;{}&#8221;][et_pb_text _builder_version=&#8221;4.27.4&#8243; _module_preset=&#8221;default&#8221; global_colors_info=&#8221;{}&#8221;]<\/p>\n<h3><span style=\"color: #008080;\"><strong>Ateliers pre-congr\u00e8s<\/strong><\/span><\/h3>\n<p>[\/et_pb_text][\/et_pb_column][\/et_pb_row][et_pb_row column_structure=&#8221;1_3,2_3&#8243; _builder_version=&#8221;4.27.4&#8243; _module_preset=&#8221;default&#8221; border_width_top=&#8221;2px&#8221; border_color_top=&#8221;#008E90&#8243; global_colors_info=&#8221;{}&#8221;][et_pb_column type=&#8221;1_3&#8243; _builder_version=&#8221;4.27.4&#8243; _module_preset=&#8221;default&#8221; global_colors_info=&#8221;{}&#8221;][et_pb_team_member name=&#8221;Dr Stefan G. Hofmann&#8221; image_url=&#8221;https:\/\/eabctcongress.org\/fr\/wp-content\/uploads\/2025\/10\/Stefan_G_Hofmann.jpg&#8221; _builder_version=&#8221;4.27.4&#8243; _module_preset=&#8221;default&#8221; header_font=&#8221;||||||||&#8221; header_text_color=&#8221;#008E90&#8243; header_font_size=&#8221;14px&#8221; text_orientation=&#8221;center&#8221; width=&#8221;65%&#8221; module_alignment=&#8221;center&#8221; custom_padding=&#8221;30px|30px|30px|30px|false|false&#8221; box_shadow_style=&#8221;preset1&#8243; global_colors_info=&#8221;{}&#8221;][\/et_pb_team_member][\/et_pb_column][et_pb_column type=&#8221;2_3&#8243; _builder_version=&#8221;4.27.4&#8243; _module_preset=&#8221;default&#8221; global_colors_info=&#8221;{}&#8221;][et_pb_text _builder_version=&#8221;4.27.4&#8243; _module_preset=&#8221;default&#8221; module_alignment=&#8221;left&#8221; global_colors_info=&#8221;{}&#8221;]<\/p>\n<h3><span style=\"color: #808080;\"><b><span lang=\"EN-GB\">Th\u00e9rapie bas\u00e9e sur les processus<\/span><\/b><\/span><span lang=\"EN-GB\"><span><b><br \/><\/b><\/span><\/span><\/h3>\n<p>[\/et_pb_text][et_pb_toggle title=&#8221;Dr Stefan G. Hofmann&#8221; _builder_version=&#8221;4.27.5&#8243; _module_preset=&#8221;default&#8221; module_alignment=&#8221;left&#8221; hover_enabled=&#8221;0&#8243; global_colors_info=&#8221;{}&#8221; sticky_enabled=&#8221;0&#8243;]<\/p>\n<p style=\"text-align: justify;\">Abstract:<br \/>Clinical psychology is in crisis. Although some progress has been made, the efficacy of our therapies and development of our models have been limited. To overcome this crisis, we need a radical departure from the latent disease model of the current psychiatric nosology of the DSM\/ICD and the absurd proliferation of the protocols-for-syndrome approach. Process-based therapy (PBT) offers a new perspective. It focuses on how to best target and change core biopsychosocial processes in a specific situation for given goals with a given client. This approach recognizes that psychotherapy typically involves non-linear (rather than linear), bidirectional (rather than unidirectional), and dynamic changes of many (rather than only a few) interconnected variables. Effective therapy changes the entire system toward a stable and adaptive state. For therapy to be most effective, we, therefore, need to embrace a systematic, assessment-guided, and theory-based approach to understand the relationships of the various problems of a given client. PBT organizes psychological processes of change into six dimensions: cognition, affect, attention, self, motivation and overt behavior. Several important processes of change combine two or more of these dimensions. Tailoring intervention strategies to target the appropriate processes in a given individual would be a major advance in psychiatry and an important step toward precision medicine. Functional analysis, the foundation of behavior therapy, provides the basis to understand these relationships. PBT acknowledges the complexity, inter-relatedness, and multidimensional levels of the problems in a given client. In essence, PBT offers a new paradigm for clinical science: Gathering high-density longitudinal idiographic data to capture the complexity of psychopathology using a dynamic network approach within the general framework of evolutionary science.<\/p>\n<p style=\"text-align: justify;\">Learning Objectives:<br \/>(1) Appreciating the limitations and weaknesses of the contemporary medical model.<br \/>(2) Gaining an up-to-date understanding of the core processes of CBT.<br \/>(3) Developing an idiographic, functional diagnostic system based on evolutionary science.<\/p>\n<p style=\"text-align: justify;\">Audience Level: Intermediate<\/p>\n<p style=\"text-align: justify;\">Key References :<br \/>Hayes, S. C. &amp; Hofmann, S. G. (Eds.) (2018). Process-based CBT: The science and core clinical competencies of cognitive behavioral therapy. Oakland, CA: New Harbinger Publications. ISBN-13: 978-1626255968.<br \/>Hofmann, S. G., Hayes, S. C., &amp; Lorscheid, D. (2021). Learning process-based therapy: A skills training manual for targeting the core processes of psychological change in clinical practice. Oakland, CA: New Harbinger Press. ISBN: 1684037557<\/p>\n<p style=\"text-align: justify;\"><em><strong>BIOGRAPHIE<\/strong><\/em><br \/>Le professeur Stefan G. Hofmann, docteur en psychologie, est titulaire de la chaire Alexander von Humboldt de psychologie clinique translationnelle \u00e0 l&#8217;universit\u00e9 Philipps de Marbourg, en Allemagne. Chercheur reconnu par Clarivate, il a \u00e9t\u00e9 r\u00e9dacteur en chef de la revue *Cognitive Therapy and Research* et est le prochain r\u00e9dacteur en chef du *Psychological Bulletin*. Il a publi\u00e9 plus de 500 articles dans des revues \u00e0 comit\u00e9 de lecture et 20 ouvrages sur les troubles anxieux, les \u00e9motions et les pratiques th\u00e9rapeutiques fond\u00e9es sur des donn\u00e9es probantes.<\/p>\n<p>[\/et_pb_toggle][\/et_pb_column][\/et_pb_row][et_pb_row column_structure=&#8221;1_3,2_3&#8243; _builder_version=&#8221;4.27.4&#8243; _module_preset=&#8221;default&#8221; border_width_top=&#8221;2px&#8221; border_color_top=&#8221;#008E90&#8243; global_colors_info=&#8221;{}&#8221;][et_pb_column type=&#8221;1_3&#8243; _builder_version=&#8221;4.27.4&#8243; _module_preset=&#8221;default&#8221; global_colors_info=&#8221;{}&#8221;][et_pb_team_member name=&#8221;Dr Nikolaos Kazantzis&#8221; image_url=&#8221;https:\/\/eabctcongress.org\/fr\/wp-content\/uploads\/2025\/10\/Nikolaos_Kazantzis.jpg&#8221; _builder_version=&#8221;4.27.4&#8243; _module_preset=&#8221;default&#8221; header_font=&#8221;||||||||&#8221; header_text_color=&#8221;#008E90&#8243; header_font_size=&#8221;14px&#8221; text_orientation=&#8221;center&#8221; width=&#8221;65%&#8221; module_alignment=&#8221;center&#8221; custom_padding=&#8221;30px|30px|30px|30px|false|false&#8221; box_shadow_style=&#8221;preset1&#8243; global_colors_info=&#8221;{}&#8221;][\/et_pb_team_member][\/et_pb_column][et_pb_column type=&#8221;2_3&#8243; _builder_version=&#8221;4.27.4&#8243; _module_preset=&#8221;default&#8221; global_colors_info=&#8221;{}&#8221;][et_pb_text _builder_version=&#8221;4.27.4&#8243; _module_preset=&#8221;default&#8221; global_colors_info=&#8221;{}&#8221;]<\/p>\n<h3><span style=\"color: #808080;\"><b><span lang=\"EN-GB\">Rendre les devoirs efficaces : strat\u00e9gies collaboratives pour motiver et adapter les exercices de TCC<\/span><\/b><\/span><span lang=\"EN-GB\"><span><b><br \/><\/b><\/span><\/span><\/h3>\n<p>[\/et_pb_text][et_pb_toggle title=&#8221;Dr Nikolaos Kazantzis&#8221; _builder_version=&#8221;4.27.5&#8243; _module_preset=&#8221;default&#8221; hover_enabled=&#8221;0&#8243; global_colors_info=&#8221;{}&#8221; sticky_enabled=&#8221;0&#8243;]<\/p>\n<p>Unit\u00e9 de recherche en th\u00e9rapie cognitivo-comportementale, Melbourne, Australie, et Institut Beck de th\u00e9rapie cognitivo-comportementale &#8211; Philadelphie, \u00c9tats-Unis<\/p>\n<p><em><strong>RESUME<\/strong><\/em><\/p>\n<p style=\"text-align: justify;\">Les exercices \u00e0 domicile sont un aspect crucial et d\u00e9terminant de la TCC, pourtant les th\u00e9rapeutes ont souvent du mal \u00e0 faire en sorte que leurs patients les r\u00e9alisent. Comment rendre les exercices th\u00e9rapeutiques particuli\u00e8rement stimulants et motivants pour nos patients ? Cet atelier interactif d\u2019une journ\u00e9e explore en profondeur la transformation des devoirs standardis\u00e9s en \u00ab plans d\u2019action \u00bb personnalis\u00e9s et engageants.<\/p>\n<p style=\"text-align: justify;\">En nous appuyant sur les principes de la TCC traditionnelle, nous utiliserons un mod\u00e8le pratique de Kazantzis et al. qui d\u00e9compose le processus en quatre \u00e9tapes : conception, planification, mise en \u0153uvre et \u00e9valuation, afin d\u2019adapter syst\u00e9matiquement les devoirs \u00e0 chaque patient.<\/p>\n<p style=\"text-align: justify;\">Gr\u00e2ce \u00e0 ce cadre, vous apprendrez \u00e0 int\u00e9grer la formulation de cas \u00e0 chaque \u00e9tape, en veillant \u00e0 ce que les exercices soient adapt\u00e9s aux objectifs, au contexte de vie et au style d&#8217;apprentissage de chaque personne. La collaboration et la motivation sont mises en avant \u00e0 chaque \u00e9tape :\u00a0vous pratiquerez la conception collaborative, o\u00f9 le th\u00e9rapeute et le client \u00e9laborent conjointement les t\u00e2ches,\u00a0favorisant ainsi le sentiment d&#8217;appropriation et de pertinence du client. La recherche montre que lorsque les clients comprennent et acceptent pleinement le raisonnement th\u00e9rapeutique, ils s&#8217;investissent davantage dans la th\u00e9rapie et tirent plus profit des exercices \u00e0 domicile.<\/p>\n<p style=\"text-align: justify;\">Vous apprendrez donc des techniques pour renforcer l&#8217;adh\u00e9sion du client, par exemple, en utilisant le dialogue socratique pour l&#8217;aider \u00e0 se connecter personnellement \u00e0 l&#8217;objectif d&#8217;une t\u00e2che. Nous aborderons \u00e9galement les obstacles courants qui font d\u00e9railler les devoirs. Que faire si un client se sent d\u00e9motiv\u00e9, \u00e9vite la t\u00e2che ou oublie tout simplement ? Vous exp\u00e9rimenterez des strat\u00e9gies pour stimuler la motivation intrins\u00e8que en faisant appel \u00e0 l&#8217;autonomie et au sentiment de comp\u00e9tence du client.<\/p>\n<p style=\"text-align: justify;\">Ensemble, nous explorerons comment anticiper et r\u00e9soudre les obstacles avant qu&#8217;ils ne freinent la progression.<br \/>Tout au long de la journ\u00e9e, deux th\u00e8mes principaux seront mis en avant : privil\u00e9gier la collaboration et rendre la t\u00e2che g\u00e9rable. Dans cet atelier pratique, les participants s&#8217;exerceront \u00e0 :<br \/>\u2022 Concevoir des devoirs individualis\u00e9s par le biais de l&#8217;\u00e9tude de cas : \u00e9laborer des t\u00e2ches \u00e0 faire \u00e0 la maison qui ciblent directement les probl\u00e8mes et les objectifs fondamentaux de chaque client, les rendant ainsi plus significatives et efficaces.<br \/>\u2022 Utilisez la planification collaborative et le questionnement socratique : impliquez les clients dans la r\u00e9flexion sur leurs propres t\u00e2ches et utilisez des questions guid\u00e9es pour am\u00e9liorer la compr\u00e9hension et l\u2019engagement, transformant ainsi les devoirs en une v\u00e9ritable entreprise commune.<br \/>\u2022 Stimuler la motivation et surmonter les obstacles : appliquer des conseils d\u2019entretien motivationnel et des techniques cr\u00e9atives (par exemple, l\u2019\u00e9valuation de la confiance, l\u2019identification des obstacles probables) pour accro\u00eetre la volont\u00e9 des clients de faire leurs devoirs, assurant ainsi une forte probabilit\u00e9 de succ\u00e8s.<br \/>\u2022 Perfectionner les techniques de r\u00e9vision et de r\u00e9troaction : mettre en pratique le processus de r\u00e9vision des devoirs, apprendre \u00e0 formuler des encouragements et \u00e0 explorer en douceur les devoirs incomplets pour y d\u00e9celer des opportunit\u00e9s d\u2019apprentissage, tout en maintenant une alliance th\u00e9rapeutique de soutien.<\/p>\n<p>\u00c0 l&#8217;issue de cette journ\u00e9e de formation, vous disposerez d&#8217;un ensemble de comp\u00e9tences et d&#8217;une confiance accrue pour dynamiser votre pratique des th\u00e9rapies cognitivo-comportementales (TCC). Cet atelier incarne le th\u00e8me \u00ab Aussi uniques que nous le sommes \u00bb de la conf\u00e9rence EABCT 2026 en vous donnant les moyens d&#8217;int\u00e9grer des strat\u00e9gies valid\u00e9es par la recherche dans une prise en charge personnalis\u00e9e. Ainsi, le travail entre les s\u00e9ances sera adapt\u00e9, motivant et efficace pour chaque client. Vous repartirez avec des id\u00e9es novatrices, une pratique concr\u00e8te et un enthousiasme renouvel\u00e9 pour que les exercices de TCC \u00e0 domicile soient b\u00e9n\u00e9fiques \u00e0 vos clients.<\/p>\n<p style=\"text-align: justify;\"><strong><em>BIOGRAPHIE<\/em><\/strong><br \/>Le Dr Nikolaos Kazantzis est professeur de psychologie clinique et affili\u00e9 \u00e0 l&#8217;Unit\u00e9 de recherche en th\u00e9rapie cognitivo-comportementale (CBTRU ; Melbourne, Australie) et \u00e0 l&#8217;Institut Beck de th\u00e9rapie cognitivo-comportementale (Philadelphie, \u00c9tats-Unis). Il est largement reconnu comme une figure de proue de la TCC pour ses travaux sur les approches fond\u00e9es sur des donn\u00e9es probantes visant \u00e0 adapter la relation th\u00e9rapeutique et, en particulier, \u00e0 optimiser l&#8217;engagement des patients dans les exercices th\u00e9rapeutiques entre les s\u00e9ances. Les travaux de son \u00e9quipe, bas\u00e9s sur les mod\u00e8les conceptuels et les mesures de la CBTRU, ont permis d&#8217;obtenir de nombreuses subventions des Instituts nationaux de la sant\u00e9 (NIH) des \u00c9tats-Unis et ont donn\u00e9 lieu \u00e0 plus de 200 publications scientifiques, six ouvrages destin\u00e9s aux cliniciens et 19 num\u00e9ros sp\u00e9ciaux de revues. En 2019, l&#8217;Association am\u00e9ricaine de psychologie (APA) a d\u00e9cern\u00e9 \u00e0 son \u00e9quipe le prix de l&#8217;article le plus t\u00e9l\u00e9charg\u00e9 parmi plus de 4 500 articles publi\u00e9s dans ses 89 revues. Il est l&#8217;ancien r\u00e9dacteur en chef de Cognitive and Behavioral Practice, est actuellement r\u00e9dacteur de la collection \u00ab CBT : Science into Practice \u00bb de Springer Nature et a re\u00e7u le prix Beck Scholar du Dr Aaron T. Beck et du Dr Judith S. Beck en reconnaissance de ses contributions scientifiques. Des informations compl\u00e9mentaires sont disponibles \u00e0 l&#8217;adresse suivante : <a href=\"http:\/\/www.nikolaoskazantzis.com\" target=\"_blank\" rel=\"noopener\">www.nikolaoskazantzis.com<\/a>, <a href=\"http:\/\/www.cbtru.com\" target=\"_blank\" rel=\"noopener\">www.cbtru.com<\/a>, et <a href=\"https:\/\/link.springer.com\/series\/15752\/books\" target=\"_blank\" rel=\"noopener\">https:\/\/link.springer.com\/series\/15752\/books<\/a>.<\/p>\n<p>[\/et_pb_toggle][\/et_pb_column][\/et_pb_row][et_pb_row column_structure=&#8221;1_3,2_3&#8243; _builder_version=&#8221;4.27.4&#8243; _module_preset=&#8221;default&#8221; border_width_top=&#8221;2px&#8221; border_color_top=&#8221;#008E90&#8243; global_colors_info=&#8221;{}&#8221;][et_pb_column type=&#8221;1_3&#8243; _builder_version=&#8221;4.27.4&#8243; _module_preset=&#8221;default&#8221; global_colors_info=&#8221;{}&#8221;][et_pb_team_member name=&#8221;John Pachankis&#8221; image_url=&#8221;https:\/\/eabctcongress.org\/fr\/wp-content\/uploads\/2025\/10\/John_Pachankis.jpg&#8221; _builder_version=&#8221;4.27.4&#8243; _module_preset=&#8221;default&#8221; header_font=&#8221;||||||||&#8221; header_text_color=&#8221;#008E90&#8243; header_font_size=&#8221;14px&#8221; text_orientation=&#8221;center&#8221; width=&#8221;65%&#8221; module_alignment=&#8221;center&#8221; custom_padding=&#8221;30px|30px|30px|30px|false|false&#8221; box_shadow_style=&#8221;preset1&#8243; global_colors_info=&#8221;{}&#8221;][\/et_pb_team_member][\/et_pb_column][et_pb_column type=&#8221;2_3&#8243; _builder_version=&#8221;4.27.4&#8243; _module_preset=&#8221;default&#8221; global_colors_info=&#8221;{}&#8221;][et_pb_text _builder_version=&#8221;4.27.4&#8243; _module_preset=&#8221;default&#8221; global_colors_info=&#8221;{}&#8221;]<\/p>\n<h3><span style=\"color: #808080;\"><b><span lang=\"EN-GB\">Reconna\u00eetre et r\u00e9pondre aux raisons pour lesquelles les clients LGBTQ sont uniques<\/span><\/b><\/span><span lang=\"EN-GB\"><span><b><br \/><\/b><\/span><\/span><\/h3>\n<p>[\/et_pb_text][et_pb_toggle title=&#8221;John Pachankis&#8221; _builder_version=&#8221;4.27.5&#8243; _module_preset=&#8221;default&#8221; global_colors_info=&#8221;{}&#8221;]<\/p>\n<p style=\"text-align: justify;\"><em><strong>RESUME<\/strong><\/em><br \/>La n\u00e9cessit\u00e9 et la nature des approches th\u00e9rapeutiques sp\u00e9cifiques aux personnes LGBTQ+ d\u00e9pendent de la perception que l&#8217;on a de la diff\u00e9rence entre ces personnes et les personnes h\u00e9t\u00e9rosexuelles cisgenres. Cet atelier soutiendra que les personnes LGBTQ+ vivent aujourd&#8217;hui des exp\u00e9riences psychologiques distinctes tout au long de leur vie : depuis un sentiment pr\u00e9coce de diff\u00e9rence, en passant par une vie adulte construite au sein de communaut\u00e9s LGBTQ+, jusqu&#8217;\u00e0 la recherche de sources de sens et de but sp\u00e9cifiques. Bien que ces diff\u00e9rences ne justifient pas n\u00e9cessairement une approche th\u00e9rapeutique sp\u00e9cifique, elles requi\u00e8rent un th\u00e9rapeute connaissant les exp\u00e9riences v\u00e9cues par les personnes LGBTQ+ et leur influence sur leurs modes de pens\u00e9e, leurs r\u00e9actions affectives et leurs comportements. Par exemple, ce th\u00e9rapeute doit \u00eatre capable de d\u00e9celer comment les repr\u00e9sentations internes de soi, d&#8217;autrui et des relations sont fa\u00e7onn\u00e9es par les premi\u00e8res exp\u00e9riences de diff\u00e9rence et comment la communaut\u00e9 LGBTQ+ elle-m\u00eame influence les adaptations comportementales et \u00e9motionnelles caract\u00e9ristiques des personnes LGBTQ+ face \u00e0 ces exp\u00e9riences.Les personnes LGBTQ+ consomment \u00e9galement de mani\u00e8re significative les services de sant\u00e9 mentale \u2013 bien plus que ne le laisserait supposer leur taux disproportionn\u00e9 de troubles mentaux \u2013 \u00e0 tel point qu&#8217;il existe sans doute une v\u00e9ritable culture de la th\u00e9rapie au sein de cette population. Ce recours \u00e0 la th\u00e9rapie vise peut-\u00eatre \u00e0 combler un manque relationnel, absent lorsque les personnes LGBTQ+ b\u00e9n\u00e9ficient d&#8217;une image positive d&#8217;elles-m\u00eames, g\u00e9n\u00e9ralement transmise par la famille, les parents et la communaut\u00e9 tout au long de leur d\u00e9veloppement. Les th\u00e9rapeutes doivent \u00eatre pr\u00eats \u00e0 r\u00e9pondre \u00e0 ce besoin.Bien entendu, puisque les personnes LGBTQ+ sont fa\u00e7onn\u00e9es par la soci\u00e9t\u00e9, toute approche th\u00e9rapeutique sp\u00e9cifique devrait s&#8217;attacher \u00e0 comprendre comment la soci\u00e9t\u00e9 influence l&#8217;identit\u00e9 et comment r\u00e9soudre ce probl\u00e8me qui leur est impos\u00e9 sans qu&#8217;elles ne se perdent, gr\u00e2ce \u00e0 une image positive et juste d&#8217;elles-m\u00eames. Cet atelier pr\u00e9sentera la th\u00e9orie et les techniques de la th\u00e9rapie cognitivo-comportementale (TCC) affirmative envers les personnes LGBTQ+ afin de r\u00e9pondre aux exp\u00e9riences sp\u00e9cifiques qu&#8217;elles vivent en psychoth\u00e9rapie.<\/p>\n<p>Citez trois fa\u00e7ons dont la soci\u00e9t\u00e9 influence les cognitions, les r\u00e9actions affectives au stress et les comportements des personnes LGBTQ+.<\/p>\n<p>Appliquez la th\u00e9orie du stress minoritaire dans le cadre d&#8217;une th\u00e9rapie cognitivo-comportementale.<\/p>\n<p>D\u00e9montrez l&#8217;application des principes de la th\u00e9rapie cognitivo-comportementale inclusive pour les personnes LGBTQ+.<\/p>\n<p><strong>R\u00e9f\u00e9rences cl\u00e9s :<\/strong><br \/>Pachankis, J. E., Soulliard, Z. A., Morris, F. et van Dyk, I. S. (2023). Un mod\u00e8le d\u2019adaptation des interventions fond\u00e9es sur des donn\u00e9es probantes pour une approche inclusive des personnes LGBQ : int\u00e9grer les principes du stress minoritaire et la conceptualisation de cas dans la recherche et la pratique cliniques. Cognitive and Behavioral Practice, 30(1), 1-17.<\/p>\n<p>Pachankis, J. E. et Clark, K. A. (2024). La sant\u00e9 mentale des personnes appartenant \u00e0 des minorit\u00e9s sexuelles : cinq th\u00e9ories explicatives et leurs implications pour l\u2019intervention et les recherches futures. Annual Review of Clinical Psychology, 21.<\/p>\n<p>Pachankis, J. E. et Jackson, S. D. (2023). Un mod\u00e8le d\u00e9veloppemental du placard des minorit\u00e9s sexuelles : sensibilisation structurelle, adaptations psychologiques et croissance post-plaidoyer. Archives of Sexual Behavior, 52, 1869-1895.<\/p>\n<p>[\/et_pb_toggle][\/et_pb_column][\/et_pb_row][et_pb_row column_structure=&#8221;1_3,2_3&#8243; _builder_version=&#8221;4.27.4&#8243; _module_preset=&#8221;default&#8221; border_width_top=&#8221;2px&#8221; border_color_top=&#8221;#008E90&#8243; global_colors_info=&#8221;{}&#8221;][et_pb_column type=&#8221;1_3&#8243; _builder_version=&#8221;4.27.4&#8243; _module_preset=&#8221;default&#8221; global_colors_info=&#8221;{}&#8221;][et_pb_team_member name=&#8221;Niki (Nicola) Petrocchi&#8221; image_url=&#8221;https:\/\/eabctcongress.org\/fr\/wp-content\/uploads\/2025\/10\/Niki_Petrocchi.jpg&#8221; _builder_version=&#8221;4.27.4&#8243; _module_preset=&#8221;default&#8221; header_font=&#8221;||||||||&#8221; header_text_color=&#8221;#008E90&#8243; header_font_size=&#8221;14px&#8221; text_orientation=&#8221;center&#8221; width=&#8221;65%&#8221; module_alignment=&#8221;center&#8221; custom_padding=&#8221;30px|30px|30px|30px|false|false&#8221; box_shadow_style=&#8221;preset1&#8243; global_colors_info=&#8221;{}&#8221;][\/et_pb_team_member][\/et_pb_column][et_pb_column type=&#8221;2_3&#8243; _builder_version=&#8221;4.27.4&#8243; _module_preset=&#8221;default&#8221; global_colors_info=&#8221;{}&#8221;][et_pb_text _builder_version=&#8221;4.27.4&#8243; _module_preset=&#8221;default&#8221; global_colors_info=&#8221;{}&#8221;]<\/p>\n<h3><span style=\"color: #808080;\"><b><span lang=\"EN-GB\">Comprendre et transformer l\u2019autocritique dans la th\u00e9rapie ax\u00e9e sur la compassion : de l\u2019attaque int\u00e9rieure \u00e0 la bienveillance int\u00e9rieure<\/span><\/b><\/span><span lang=\"EN-GB\"><span><b><br \/><\/b><\/span><\/span><\/h3>\n<p>[\/et_pb_text][et_pb_toggle title=&#8221;Niki (Nicola) Petrocchi&#8221; _builder_version=&#8221;4.27.5&#8243; _module_preset=&#8221;default&#8221; global_colors_info=&#8221;{}&#8221;]<\/p>\n<p style=\"text-align: justify;\"><em><strong>RESUME<\/strong><\/em><\/p>\n<p style=\"text-align: justify;\">L&#8217;autocritique est un processus transdiagnostique fondamental, \u00e9troitement li\u00e9 \u00e0 la honte et au maintien de la psychopathologie chez diverses populations cliniques. Cet atelier pr\u00e9-conf\u00e9rence explorera comment la Th\u00e9rapie centr\u00e9e sur la compassion (TCC) appr\u00e9hende l&#8217;autocritique \u00e0 travers le prisme de la psychologie \u00e9volutionniste et de la th\u00e9orie de la mentalit\u00e9 sociale. Plut\u00f4t que de pathologiser l&#8217;autocritique, la TCC la con\u00e7oit comme une strat\u00e9gie de survie, devenue excessive et inadapt\u00e9e, souvent dans un contexte d&#8217;attachement pr\u00e9coce et de sentiment de menace. L&#8217;atelier portera principalement sur le r\u00f4le de la psycho\u00e9ducation dans la th\u00e9rapie centr\u00e9e sur la compassion (TCC). Nous examinerons le discours tenu aux patients concernant la nature et la fonction de l&#8217;autocritique, et comment ce cadre sp\u00e9cifique peut, \u00e0 lui seul, induire un changement significatif. Les participants comprendront clairement comment les trois syst\u00e8mes de r\u00e9gulation \u00e9motionnelle \u2013 menace, pulsion et apaisement \u2013 \u200b\u200bconstituent le cadre motivationnel de la TCC, et comment une dynamique relationnelle interne hi\u00e9rarchis\u00e9e, li\u00e9e \u00e0 la honte et \u00e0 l&#8217;autocritique, peut cr\u00e9er et maintenir des d\u00e9s\u00e9quilibres \u00e0 l&#8217;origine de nombreuses formes de psychopathologie. Nous d\u00e9montrerons \u00e9galement comment les pratiques de compassion peuvent att\u00e9nuer les tendances autocritiques et cr\u00e9er les conditions d&#8217;un climat de s\u00e9curit\u00e9 \u00e9motionnelle propice au changement. Par le biais d&#8217;exercices pratiques et de d\u00e9monstrations cliniques, les participants apprendront \u00e0 appliquer les techniques fondamentales de la th\u00e9rapie centr\u00e9e sur la compassion (TCC), notamment l&#8217;\u00e9criture de lettres bienveillantes, le travail sur l&#8217;imagerie mentale et la technique du miroir, afin d&#8217;aider les patients \u00e0 d\u00e9velopper un dialogue int\u00e9rieur plus compatissant. \u00c0 l&#8217;issue de l&#8217;atelier, les cliniciens auront acquis une compr\u00e9hension conceptuelle et pratique claire de la mani\u00e8re dont la TCC aborde l&#8217;autocritique et comment accompagner les patients dans leur transition d&#8217;un dialogue int\u00e9rieur fond\u00e9 sur la honte \u00e0 un dialogue int\u00e9rieur ancr\u00e9 dans la compassion et la bienveillance.<\/p>\n<p style=\"text-align: justify;\"><em><strong>BIOGRAPHIE<\/strong><\/em><br \/>Niki (Nicola) Petrocchi, docteure en psychologie, est professeure agr\u00e9g\u00e9e de psychologie \u00e0 l&#8217;Universit\u00e9 John Cabot (Rome) et fondatrice de Compassionate Mind Italia. Elle a publi\u00e9 plus de 100 articles scientifiques et un manuel sur la th\u00e9rapie ax\u00e9e sur la compassion. Ses recherches et son enseignement portent sur les bases psychophysiologiques de la compassion et de la r\u00e9gulation \u00e9motionnelle, int\u00e9grant les approches de la th\u00e9rapie ax\u00e9e sur la compassion et des th\u00e9rapies cognitivo-comportementales dans des contextes scientifiques et cliniques, avec un int\u00e9r\u00eat particulier pour les populations de diverses identit\u00e9s de genre.<\/p>\n<p>[\/et_pb_toggle][\/et_pb_column][\/et_pb_row][et_pb_row column_structure=&#8221;1_3,2_3&#8243; _builder_version=&#8221;4.27.4&#8243; _module_preset=&#8221;default&#8221; border_width_top=&#8221;2px&#8221; border_color_top=&#8221;#008E90&#8243; global_colors_info=&#8221;{}&#8221;][et_pb_column type=&#8221;1_3&#8243; _builder_version=&#8221;4.27.4&#8243; _module_preset=&#8221;default&#8221; global_colors_info=&#8221;{}&#8221;][et_pb_team_member name=&#8221;Willem Kuyken&#8221; image_url=&#8221;https:\/\/eabctcongress.org\/fr\/wp-content\/uploads\/2025\/10\/Willem_Kuyken.jpg&#8221; _builder_version=&#8221;4.27.4&#8243; _module_preset=&#8221;default&#8221; header_font=&#8221;||||||||&#8221; header_text_color=&#8221;#008E90&#8243; header_font_size=&#8221;14px&#8221; text_orientation=&#8221;center&#8221; width=&#8221;65%&#8221; module_alignment=&#8221;center&#8221; custom_padding=&#8221;30px|30px|30px|30px|false|false&#8221; box_shadow_style=&#8221;preset1&#8243; global_colors_info=&#8221;{}&#8221;][\/et_pb_team_member][\/et_pb_column][et_pb_column type=&#8221;2_3&#8243; _builder_version=&#8221;4.27.4&#8243; _module_preset=&#8221;default&#8221; global_colors_info=&#8221;{}&#8221;][et_pb_text _builder_version=&#8221;4.27.4&#8243; _module_preset=&#8221;default&#8221; global_colors_info=&#8221;{}&#8221;]<\/p>\n<h3><span style=\"color: #808080;\"><b><span lang=\"EN-GB\">Int\u00e9grer la pleine conscience dans la th\u00e9rapie cognitivo-comportementale<\/span><\/b><\/span><span lang=\"EN-GB\"><span><b><br \/><\/b><\/span><\/span><\/h3>\n<p>[\/et_pb_text][et_pb_toggle title=&#8221;Willem Kuyken&#8221; _builder_version=&#8221;4.27.5&#8243; _module_preset=&#8221;default&#8221; hover_enabled=&#8221;0&#8243; global_colors_info=&#8221;{}&#8221; sticky_enabled=&#8221;0&#8243;]<\/p>\n<p style=\"text-align: justify;\"><strong>R\u00e9sum\u00e9 :<\/strong><\/p>\n<p style=\"text-align: justify;\">Even well-delivered cognitive behavioural therapy leaves room to grow. Not every client engages, response rates are mixed, skills do not always stick, and therapists face real pressures of sustainability and burnout. Mindfulness can deepen CBT \u2014 not as a replacement for cognitive techniques, but as a way to inform case conceptualisation, offer targeted practices that support change, and resource us as therapists \u2014 in ways that make therapy more effective, engaging, and sustainable.<\/p>\n<p style=\"text-align: justify;\">This workshop draws on two sources: the best of psychological science and the contemplative wisdom traditions that have studied the mind for 2,500 years. Together they provide both a map of how the mind maintains distress and a set of practical skills for change.<\/p>\n<p style=\"text-align: justify;\">Mindfulness, as used here, involves four dimensions: intention, attention, attitudinal qualities \u2014 curiosity, kindness, courage \u2014 and action. Each has direct clinical relevance. Mindfulness practices are not generic; they serve different functions. Some train and stabilise attention. Some cultivate the attitudes that make difficult experience possible to work with. Some restore and cultivate embodied awareness. Others provide a moment of pause \u2014 the gap between stimulus and response in which wiser choices become possible.<\/p>\n<p style=\"text-align: justify;\">The workshop is structured around three levels of integration. First, mindfulness to resource the therapist: brief practices that support presence, attunement, and responsiveness. Second, mindfulness within sessions: concrete points at which awareness-based practices sharpen CBT work \u2014 before a behavioural experiment, when a client is caught in rumination, when attention needs anchoring. Third, mindfulness as part of case formulation: understanding a client\u2019s attentional patterns, relationship to thinking, and embodied experience alongside the cognitive and behavioural maintaining cycles already central to CBT.<\/p>\n<p style=\"text-align: justify;\">Participants will leave with a working framework, practical tools, and \u2014 having practised together \u2014 a direct experience of what integration feels like from the inside.<\/p>\n<p style=\"text-align: justify;\"><em>Learning Objectives<\/em><br \/>By the end of this workshop, participants will be able to:<br \/>1. Articulate a theoretically grounded rationale for integrating mindfulness into CBT, drawing on both psychological science and contemplative tradition, and identify the core mechanisms \u2014 decentering, reduced cognitive reactivity, attentional stability \u2014 through which mindfulness enhances cognitive and behavioural techniques \u2013 and potentially outcomes.<br \/>2. Apply a function-based repertoire of mindfulness practices within individual therapy sessions, selecting practices according to their clinical purpose \u2014 stabilising attention, cultivating helpful attitudes, restoring embodied awareness, or creating a pause before responding \u2014 and linking each to specific points in the CBT session structure.<br \/>3. Describe practical strategies for sustaining their own mindfulness practice as therapists, including micro-practices embedded in the working day, and explain how therapist presence and embodied attunement contribute to therapeutic effectiveness and professional well-being.<\/p>\n<p style=\"text-align: justify;\"><em>Audience Level<\/em><br \/>Intermediate to Advanced. Participants should have a working knowledge of CBT principles and case formulation. No prior formal mindfulness training is assumed, though personal interest or curiosity about mindfulness is expected given the workshop\u2019s experiential emphasis.<\/p>\n<p style=\"text-align: justify;\"><em><strong>BIOGRAPHIE<\/strong><\/em><br \/>Willem Kuyken est professeur Ritblat de pleine conscience et de sciences psychologiques \u00e0 l&#8217;Universit\u00e9 d&#8217;Oxford, au Royaume-Uni. Ses travaux portent sur la pr\u00e9vention de la d\u00e9pression, la promotion de la sant\u00e9 mentale et l&#8217;\u00e9panouissement tout au long de la vie. Il a publi\u00e9 plus de 150 articles dans des revues scientifiques et figure chaque ann\u00e9e depuis 2019 dans le classement Web of Science des 1 % des scientifiques les plus cit\u00e9s au monde.<\/p>\n<p>[\/et_pb_toggle][\/et_pb_column][\/et_pb_row][et_pb_row column_structure=&#8221;1_3,2_3&#8243; _builder_version=&#8221;4.27.4&#8243; _module_preset=&#8221;default&#8221; border_width_top=&#8221;2px&#8221; border_color_top=&#8221;#008E90&#8243; global_colors_info=&#8221;{}&#8221;][et_pb_column type=&#8221;1_3&#8243; _builder_version=&#8221;4.27.4&#8243; _module_preset=&#8221;default&#8221; global_colors_info=&#8221;{}&#8221;][et_pb_team_member name=&#8221;Cecilia Essau&#8221; image_url=&#8221;https:\/\/eabctcongress.org\/fr\/wp-content\/uploads\/2025\/10\/Cecilia_Essau.jpg&#8221; _builder_version=&#8221;4.27.4&#8243; _module_preset=&#8221;default&#8221; header_font=&#8221;||||||||&#8221; header_text_color=&#8221;#008E90&#8243; header_font_size=&#8221;14px&#8221; text_orientation=&#8221;center&#8221; width=&#8221;65%&#8221; module_alignment=&#8221;center&#8221; custom_padding=&#8221;30px|30px|30px|30px|false|false&#8221; box_shadow_style=&#8221;preset1&#8243; global_colors_info=&#8221;{}&#8221;][\/et_pb_team_member][\/et_pb_column][et_pb_column type=&#8221;2_3&#8243; _builder_version=&#8221;4.27.4&#8243; _module_preset=&#8221;default&#8221; global_colors_info=&#8221;{}&#8221;][et_pb_text _builder_version=&#8221;4.27.4&#8243; _module_preset=&#8221;default&#8221; global_colors_info=&#8221;{}&#8221;]<\/p>\n<h3><span style=\"color: #808080;\"><b><span lang=\"EN-GB\">Pr\u00e9vention de l&#8217;anxi\u00e9t\u00e9 et de la d\u00e9pression chez les jeunes : interventions sur le mode de vie et comp\u00e9tences bas\u00e9es sur les TCC<\/span><\/b><\/span><span lang=\"EN-GB\"><span><b><br \/><\/b><\/span><\/span><\/h3>\n<p>[\/et_pb_text][et_pb_toggle title=&#8221;Cecilia Essau&#8221; _builder_version=&#8221;4.27.5&#8243; _module_preset=&#8221;default&#8221; hover_enabled=&#8221;0&#8243; global_colors_info=&#8221;{}&#8221; sticky_enabled=&#8221;0&#8243;]<\/p>\n<p style=\"text-align: justify;\"><em><strong>R\u00e9sum\u00e9 :<\/strong><\/em><\/p>\n<p style=\"text-align: justify;\">Anxiety and depression are highly prevalent during adolescence and frequently co-occur, contributing to long-term mental and physical health risks. Cognitive Behavioral Therapy (CBT) has strong evidence base for prevention, with studies showing that up to 65% of adolescents experience meaningful improvements in mental health outcomes.<\/p>\n<p style=\"text-align: justify;\">At the same time, key behavioural risk factors\u2014poor diet, physical inactivity, and insufficient sleep\u2014emerge early in life, often cluster during adolescence, and are closely linked to emotional wellbeing. Despite this, relatively few preventive interventions systematically integrate these lifestyle factors within CBT-based frameworks. These behaviours and mental health difficulties interact in mutually reinforcing ways, increasing vulnerability to both psychological disorders and long-term non-communicable diseases. Addressing these interconnected determinants during adolescence is therefore critical for effective and equitable primary prevention.<\/p>\n<p style=\"text-align: justify;\">This workshop introduces the Super Skills for Life (SSL) programme, a transdiagnostic, CBT-based intervention designed to prevent anxiety and depression while promoting healthy lifestyle behaviours. SSL targets four core domains: (1) fostering healthy lifestyle habits; (2) building emotional resilience through stress management; (3) encouraging peer learning and support; and (4) strengthening self-confidence and social skills.<br \/>Using a \u201ctrain-the-trainer\u201d model, SSL has built global capacity by training over 26,000 practitioners and reaching approximately one million adolescents, demonstrating its scalability and public health impact.<\/p>\n<p style=\"text-align: justify;\">Learning Objectives: By the end of the workshop, participants will be able to:<br \/>\u2022 Understand the prevalence, comorbidity, developmental course, and cultural expressions of anxiety and depression in youth.<br \/>\u2022 Describe the theoretical foundations and core components of the SSL programme.<br \/>\u2022 Apply key techniques for delivering CBT-based preventive interventions.<br \/>\u2022 Identify challenges and strategies for culturally adapting and implementing interventions across diverse contexts.<\/p>\n<p style=\"text-align: justify;\">Audience Level:<br \/>Beginner to Advanced Workshop Format: The workshop combines brief lectures, structured role-play, and video demonstrations to support both conceptual understanding and practical skill development.<\/p>\n<p style=\"text-align: justify;\"><em><strong>\u00a0<\/strong><\/em><\/p>\n<p style=\"text-align: justify;\"><em><strong>BIOGRAPHIE<\/strong><\/em><br \/>Cecilia A. Essau est professeure de psychopathologie du d\u00e9veloppement \u00e0 l&#8217;Universit\u00e9 de Roehampton, au Royaume-Uni. Elle a r\u00e9cemment re\u00e7u le prix de la contribution exceptionnelle de la section de psychologie du d\u00e9veloppement de la Soci\u00e9t\u00e9 britannique de psychologie pour sa contribution soutenue et substantielle \u00e0 la recherche, qui a un impact significatif sur la soci\u00e9t\u00e9. Cecilia a d\u00e9velopp\u00e9 un programme (Super Skills for Life ; SSL) qui donne aux enfants et aux adolescents les outils n\u00e9cessaires pour faire face \u00e0 des situations anxiog\u00e8nes et difficiles. Gr\u00e2ce \u00e0 une approche de formation de formateurs, la formation SSL a renforc\u00e9 les comp\u00e9tences et fa\u00e7onn\u00e9 la pratique de 26 000 professionnels et a permis d&#8217;am\u00e9liorer la sant\u00e9 mentale d&#8217;environ un million de jeunes dans 23 pays.<\/p>\n<p>[\/et_pb_toggle][\/et_pb_column][\/et_pb_row][et_pb_row column_structure=&#8221;1_3,2_3&#8243; _builder_version=&#8221;4.27.4&#8243; _module_preset=&#8221;default&#8221; border_width_top=&#8221;2px&#8221; border_color_top=&#8221;#008E90&#8243; global_colors_info=&#8221;{}&#8221;][et_pb_column type=&#8221;1_3&#8243; _builder_version=&#8221;4.27.4&#8243; _module_preset=&#8221;default&#8221; global_colors_info=&#8221;{}&#8221;][et_pb_team_member name=&#8221;Ebru Salcioglu&#8221; image_url=&#8221;https:\/\/eabctcongress.org\/fr\/wp-content\/uploads\/2025\/10\/Ebru_Salcioglu.jpg&#8221; _builder_version=&#8221;4.27.4&#8243; _module_preset=&#8221;default&#8221; header_font=&#8221;||||||||&#8221; header_text_color=&#8221;#008E90&#8243; header_font_size=&#8221;14px&#8221; text_orientation=&#8221;center&#8221; width=&#8221;65%&#8221; module_alignment=&#8221;center&#8221; custom_padding=&#8221;30px|30px|30px|30px|false|false&#8221; box_shadow_style=&#8221;preset1&#8243; global_colors_info=&#8221;{}&#8221;][\/et_pb_team_member][\/et_pb_column][et_pb_column type=&#8221;2_3&#8243; _builder_version=&#8221;4.27.4&#8243; _module_preset=&#8221;default&#8221; global_colors_info=&#8221;{}&#8221;][et_pb_text _builder_version=&#8221;4.27.4&#8243; _module_preset=&#8221;default&#8221; global_colors_info=&#8221;{}&#8221;]<\/p>\n<h3><span style=\"color: #808080;\"><b><span lang=\"EN-GB\">Comp\u00e9tences essentielles pour la TCC transdiagnostique dans la pratique clinique quotidienne<\/span><\/b><\/span><span lang=\"EN-GB\"><span><b><br \/><\/b><\/span><\/span><\/h3>\n<p>[\/et_pb_text][et_pb_toggle title=&#8221;Ebru Salcioglu&#8221; _builder_version=&#8221;4.27.4&#8243; _module_preset=&#8221;default&#8221; global_colors_info=&#8221;{}&#8221;]<\/p>\n<p style=\"text-align: justify;\"><em><strong>BIOGRAPHIE<\/strong><\/em><br \/>Ebru \u015ealc\u0131o\u011flu est professeure de psychologie clinique \u00e0 l&#8217;Universit\u00e9 Istinye en Turquie et professeure associ\u00e9e \u00e0 l&#8217;Universit\u00e9 \u00c5bo Akademi en Finlande. Elle est la fondatrice et directrice du DATEM (Centre d&#8217;\u00e9tudes et de th\u00e9rapies comportementales), o\u00f9 elle int\u00e8gre les services cliniques, la formation et la recherche appliqu\u00e9e. Apr\u00e8s avoir obtenu son doctorat et effectu\u00e9 sa formation postdoctorale \u00e0 l&#8217;Institut de psychiatrie du King&#8217;s College de Londres, elle a poursuivi des activit\u00e9s de recherche pendant plus de dix ans, une solide formation universitaire qui continue d&#8217;influencer son approche scientifique de la pratique clinique. Th\u00e9rapeute comportementale et universitaire, elle est reconnue pour ses travaux sur l&#8217;application individualis\u00e9e des th\u00e9rapies cognitives et comportementales fond\u00e9es sur des donn\u00e9es probantes, notamment la formulation de cas idiographiques, l&#8217;analyse fonctionnelle et les strat\u00e9gies d&#8217;intervention transdiagnostiques. Son exp\u00e9rience clinique et de recherche couvre les troubles li\u00e9s aux traumatismes, les troubles anxieux, les troubles obsessionnels-compulsifs, le deuil prolong\u00e9 et les troubles alimentaires, s&#8217;appuyant sur une vaste exp\u00e9rience aupr\u00e8s des survivants de guerre, de torture, de catastrophes naturelles et de violences interpersonnelles. Elle a publi\u00e9 de nombreux articles sur les m\u00e9canismes et le traitement des probl\u00e8mes li\u00e9s aux traumatismes dans des revues \u00e0 comit\u00e9 de lecture. Elle est l&#8217;auteure d&#8217;un ouvrage en turc largement utilis\u00e9 sur la formulation de cas et la planification th\u00e9rapeutique, ainsi que co-auteure d&#8217;un ouvrage clinique sur le traitement comportemental des traumatismes de guerre et de torture, publi\u00e9 par Cambridge University Press. Elle intervient r\u00e9guli\u00e8rement lors de congr\u00e8s et de s\u00e9minaires scientifiques nationaux et internationaux, contribuant ainsi \u00e0 la promotion et \u00e0 la diffusion des th\u00e9rapies fond\u00e9es sur des donn\u00e9es probantes dans les milieux universitaires et professionnels. Au sein de DATEM, elle a d\u00e9velopp\u00e9 un mod\u00e8le de th\u00e9rapie comportementale modulaire, fond\u00e9 sur la formulation, dans lequel les th\u00e9rapeutes dispensent des soins individualis\u00e9s et transdiagnostiques sous supervision r\u00e9guli\u00e8re. Ce syst\u00e8me a d\u00e9montr\u00e9 des r\u00e9sultats significatifs en mati\u00e8re de r\u00e9tablissement pour diverses difficult\u00e9s psychologiques, comme l&#8217;ont montr\u00e9 des recherches men\u00e9es en milieu clinique. Outre la direction de programmes de ma\u00eetrise en psychologie clinique, elle a con\u00e7u et anim\u00e9 un programme de formation aux TCC ax\u00e9 sur les comp\u00e9tences, qui a permis \u00e0 des centaines de cliniciens d&#8217;appliquer des m\u00e9thodes valid\u00e9es scientifiquement dans diff\u00e9rents contextes de pratique.<\/p>\n<p>[\/et_pb_toggle][\/et_pb_column][\/et_pb_row][et_pb_row column_structure=&#8221;1_3,2_3&#8243; _builder_version=&#8221;4.27.4&#8243; _module_preset=&#8221;default&#8221; border_width_top=&#8221;2px&#8221; border_color_top=&#8221;#008E90&#8243; global_colors_info=&#8221;{}&#8221;][et_pb_column type=&#8221;1_3&#8243; _builder_version=&#8221;4.27.4&#8243; _module_preset=&#8221;default&#8221; global_colors_info=&#8221;{}&#8221;][et_pb_team_member name=&#8221;Paul Schobre&#8221; image_url=&#8221;https:\/\/eabctcongress.org\/fr\/wp-content\/uploads\/2025\/11\/Paul_Schobre.jpg&#8221; _builder_version=&#8221;4.27.4&#8243; _module_preset=&#8221;default&#8221; header_font=&#8221;||||||||&#8221; header_text_color=&#8221;#008E90&#8243; header_font_size=&#8221;14px&#8221; text_orientation=&#8221;center&#8221; width=&#8221;65%&#8221; module_alignment=&#8221;center&#8221; custom_padding=&#8221;30px|30px|30px|30px|false|false&#8221; box_shadow_style=&#8221;preset1&#8243; global_colors_info=&#8221;{}&#8221;][\/et_pb_team_member][\/et_pb_column][et_pb_column type=&#8221;2_3&#8243; _builder_version=&#8221;4.27.4&#8243; _module_preset=&#8221;default&#8221; global_colors_info=&#8221;{}&#8221;][et_pb_text _builder_version=&#8221;4.27.4&#8243; _module_preset=&#8221;default&#8221; global_colors_info=&#8221;{}&#8221;]<\/p>\n<h3><span style=\"color: #808080;\"><b><span lang=\"EN-GB\">Entre nous : G\u00e9rer les sch\u00e9mas, \u00e9tablir des liens<\/span><\/b><\/span><span lang=\"EN-GB\"><span><b><br \/><\/b><\/span><\/span><\/h3>\n<p>[\/et_pb_text][et_pb_toggle title=&#8221;Paul Schobre&#8221; _builder_version=&#8221;4.27.5&#8243; _module_preset=&#8221;default&#8221; global_colors_info=&#8221;{}&#8221;]<\/p>\n<p style=\"text-align: justify;\"><em><strong>RESUME<\/strong><\/em><br \/>Un atelier de th\u00e9rapie des sch\u00e9mas pour couples (en situation de conflit intense) vise \u00e0 explorer la dynamique entre autonomie et connexion dans les relations (amoureuses) o\u00f9 l&#8217;un ou les deux partenaires ont re\u00e7u un diagnostic de trouble de la personnalit\u00e9. Cet atelier s&#8217;attache non seulement \u00e0 g\u00e9rer l&#8217;impact de ces dynamiques complexes sur le th\u00e9rapeute, mais propose \u00e9galement des outils pour une approche th\u00e9rapeutique possible.<\/p>\n<p style=\"text-align: justify;\"><em><strong>BIOGRAPHIE<br \/><\/strong><\/em>Paul Schobre (Belgique) est psychologue clinicien et psychoth\u00e9rapeute agr\u00e9\u00e9. Il exerce en cabinet priv\u00e9 et re\u00e7oit des patients en individuel, en couple et en famille. Il est superviseur en th\u00e9rapie cognitivo-comportementale (VVGT), formateur-superviseur en th\u00e9rapie des sch\u00e9mas pour les individus et les couples (ISST et Schematherapie Vlaanderen vzw), th\u00e9rapeute syst\u00e9mique (BVRGS) et praticien EMDR (EMDR-Europe). Inspir\u00e9 par le professeur Arnoud Arntz (Universit\u00e9 d&#8217;Amsterdam) et les travaux de Jeffrey Young, il a \u00e9t\u00e9 l&#8217;un des pionniers de la th\u00e9rapie des sch\u00e9mas en Flandre. Il a pr\u00e9sid\u00e9 l&#8217;association Schematherapie Vlaanderen vzw pendant pr\u00e8s de dix ans.<\/p>\n<p>[\/et_pb_toggle][\/et_pb_column][\/et_pb_row][et_pb_row column_structure=&#8221;1_3,2_3&#8243; _builder_version=&#8221;4.27.4&#8243; _module_preset=&#8221;default&#8221; border_width_top=&#8221;2px&#8221; border_color_top=&#8221;#008E90&#8243; global_colors_info=&#8221;{}&#8221;][et_pb_column type=&#8221;1_3&#8243; _builder_version=&#8221;4.27.4&#8243; _module_preset=&#8221;default&#8221; global_colors_info=&#8221;{}&#8221;][et_pb_team_member name=&#8221;Claudi L. Bockting&#8221; image_url=&#8221;https:\/\/eabctcongress.org\/fr\/wp-content\/uploads\/2025\/11\/Claudi_L.-Bockting.jpg&#8221; _builder_version=&#8221;4.27.4&#8243; _module_preset=&#8221;default&#8221; header_font=&#8221;||||||||&#8221; header_text_color=&#8221;#008E90&#8243; header_font_size=&#8221;14px&#8221; text_orientation=&#8221;center&#8221; width=&#8221;65%&#8221; module_alignment=&#8221;center&#8221; custom_padding=&#8221;30px|30px|30px|30px|false|false&#8221; box_shadow_style=&#8221;preset1&#8243; global_colors_info=&#8221;{}&#8221;][\/et_pb_team_member][\/et_pb_column][et_pb_column type=&#8221;2_3&#8243; _builder_version=&#8221;4.27.4&#8243; _module_preset=&#8221;default&#8221; global_colors_info=&#8221;{}&#8221;][et_pb_text _builder_version=&#8221;4.27.4&#8243; _module_preset=&#8221;default&#8221; global_colors_info=&#8221;{}&#8221;]<\/p>\n<h3><span style=\"color: #808080;\"><b><span lang=\"EN-GB\">Th\u00e9rapie cognitive pr\u00e9ventive de la d\u00e9pression : une approche fond\u00e9e sur des donn\u00e9es probantes pour r\u00e9duire le risque de rechute : pourquoi et comment<\/span><\/b><\/span><span lang=\"EN-GB\"><span><b><br \/><\/b><\/span><\/span><\/h3>\n<p>[\/et_pb_text][et_pb_toggle title=&#8221;Claudi L. Bockting&#8221; _builder_version=&#8221;4.27.5&#8243; _module_preset=&#8221;default&#8221; global_colors_info=&#8221;{}&#8221;]<\/p>\n<p style=\"text-align: justify;\"><em><strong>RESUME<\/strong><\/em><br \/>La d\u00e9pression est un trouble mental fr\u00e9quent qui s&#8217;accompagne non seulement d&#8217;une grande souffrance personnelle, mais aussi de difficult\u00e9s sociales et relationnelles. Des \u00e9tudes ont montr\u00e9 que les personnes ayant connu une r\u00e9mission partielle ou compl\u00e8te d&#8217;un \u00e9pisode d\u00e9pressif pr\u00e9sentent un risque \u00e9lev\u00e9 de rechute. La th\u00e9rapie cognitive pr\u00e9ventive (TCP) a \u00e9t\u00e9 d\u00e9velopp\u00e9e, sp\u00e9cifiquement adapt\u00e9e aux besoins des personnes en r\u00e9mission partielle ou compl\u00e8te. Cet atelier pr\u00e9sentera et illustrera les interventions ciblant les facteurs de risque de rechute, notamment la sensibilit\u00e9 au stress, les croyances dysfonctionnelles (cognitives) et la r\u00e9gulation \u00e9motionnelle positive. L&#8217;utilisation de l&#8217;imagerie mentale et du fantasme sera d\u00e9montr\u00e9e, ainsi que les preuves scientifiques de leurs effets pr\u00e9ventifs \u00e0 long terme, jusqu&#8217;\u00e0 20 ans. Des mises en situation permettront \u00e9galement de s&#8217;exercer \u00e0 ces interventions. La derni\u00e8re partie de l&#8217;atelier sera consacr\u00e9e \u00e0 une discussion sur l&#8217;avenir de la pr\u00e9vention des rechutes dans les troubles mentaux courants.<\/p>\n<p><strong>R\u00e9f\u00e9rences cl\u00e9s :<\/strong><br \/>Bockting C.L., (2025) Th\u00e9rapie cognitive pr\u00e9ventive de la d\u00e9pression : une approche fond\u00e9e sur des donn\u00e9es probantes pour r\u00e9duire le risque de rechute. 13 octobre 2025, Guilford Press, ISBN 9781462558452<\/p>\n<p>Bockting, C. L., Klein, N. S., Elgersma, H. J., van Rijsbergen, G. D., Slofstra, C., Ormel, J., Buskens, E., Dekker, J., de Jong, P. J., Nolen, W. A., Schene, A. H., Hollon, S. D., Burger, H. (2018). Efficacit\u00e9 de la th\u00e9rapie cognitive pr\u00e9ventive pendant la diminution progressive des antid\u00e9presseurs compar\u00e9e au traitement antid\u00e9presseur d\u2019entretien et \u00e0 leur combinaison dans la pr\u00e9vention des rechutes ou des r\u00e9cidives d\u00e9pressives (\u00e9tude DRD) : un essai contr\u00f4l\u00e9 randomis\u00e9 \u00e0 trois bras. Lancet Psychiatry, 5(5), 401-410. <a href=\"https:\/\/doi.org\/10.1016\/S2215-0366(18)30100-7\" target=\"_blank\" rel=\"noopener\">https:\/\/doi.org\/10.1016\/S2215-0366(18)30100-7<\/a><\/p>\n<p style=\"text-align: justify;\">Breedvelt, J. J. F., Karyotaki, E., Warren, F. C., Brouwer, M. E., Jermann, F., Hollandare, F., Klein, N., de Jonge, M., Klein, D. N., Farb, N., Segal, Z., Biesheuvel Leliefeld, K. E. M., Jarrett, R., Vittengl, J., Thase, M., Ma, H., Kuyken, W., Shallcross, A. J., van Heeringen, C., \u2026Bockting, CL (2024). M\u00e9ta-analyse des donn\u00e9es d&#8217;un participant individuel sur les interventions psychologiques visant \u00e0 pr\u00e9venir les rechutes de d\u00e9pression. Nature Sant\u00e9 mentale, 2(2), 154-163. <a href=\"https:\/\/doi.org\/10.1038\/s44220-023-00178-x\" target=\"_blank\" rel=\"noopener\">https:\/\/doi.org\/10.1038\/s44220-023-00178-x<\/a><\/p>\n<p style=\"text-align: justify;\">Breedvelt, J., Warren, F. C., Segal, Z., Kuyken, W., &amp; Bockting, C. L. (2021). Poursuite du traitement antid\u00e9presseur versus interventions psychologiques s\u00e9quentielles pour pr\u00e9venir les rechutes d\u00e9pressives : une m\u00e9ta-analyse de donn\u00e9es individuelles de participants. JAMA Psychiatry, 78(8), 868\u2013875.\u00a0<a href=\"https:\/\/doi.org\/10.1001\/jamapsychiatry.2021.0823\" target=\"_blank\" rel=\"noopener\">https:\/\/doi.org\/10.1001\/jamapsychiatry.2021.0823<\/a><\/p>\n<p style=\"text-align: justify;\">G\u00fclpen, J., Breedvelt, J. J.F., van Dis, E. A.M., Geurtsen, G. J., Warren, F. C., van Heeringen, C., Hitchcock, C., Holl\u00e4ndare, F., Huijbers, M. J., Jarrett, R. B., Jermann, F., de Jonge, M., Klein, D. N., Klein, N. S., Ma, S.H., Moore, M. T., Denys, D. A.J.P., Williams, J.M. G., Kuyken, W., &amp; Bockting, C. L. (2025). Interventions psychologiques pour la pr\u00e9vention des rechutes chez les personnes en r\u00e9mission partielle de d\u00e9pression : revue syst\u00e9matique et m\u00e9ta-analyse des donn\u00e9es individuelles des participants. Psychological Medicine, 55, 1\u201311. <a href=\"https:\/\/doi.org\/10.1017\/S0033291725000157\">https:\/\/doi.org\/10.1017\/S0033291725000157<\/a><\/p>\n<p style=\"text-align: justify;\">Van Tol, M.-J., Kleef, R. S. van, Eike, R., Valen, E. van, Marsman, J.-B., Renken, R., Aleman, A., et Bockting, C. L. (2021). M\u00e9canismes neurocognitifs du changement suite \u00e0 une th\u00e9rapie cognitive pr\u00e9ventive pour la pr\u00e9vention des rechutes d\u00e9pressives : un essai contr\u00f4l\u00e9 randomis\u00e9. PsyArXiv. <a href=\"https:\/\/doi.org\/10.31234\/osf.io\/n8tvx\" target=\"_blank\" rel=\"noopener\">https:\/\/doi.org\/10.31234\/osf.io\/n8tvx<\/a><\/p>\n<p style=\"text-align: justify;\"><em><strong>BIOGRAPHIE<br \/><\/strong><\/em>Claudi L. Bockting, docteure en psychologie, est professeure de psychologie clinique en psychiatrie au d\u00e9partement de psychiatrie des centres m\u00e9dicaux universitaires d&#8217;Amsterdam et cofondatrice et directrice du Centre interdisciplinaire de sant\u00e9 mentale urbaine de l&#8217;Universit\u00e9 d&#8217;Amsterdam, aux Pays-Bas. Elle exerce \u00e9galement depuis plus de 30 ans comme psychologue clinicienne agr\u00e9\u00e9e. Son laboratoire s&#8217;attache \u00e0 identifier les facteurs potentiellement modifiables qui pourraient \u00eatre cibl\u00e9s par des interventions novatrices pour pr\u00e9venir ou traiter la d\u00e9pression, l&#8217;anxi\u00e9t\u00e9 et les id\u00e9es suicidaires. La &#8220;Dre Bockting&#8221; a mis au point la th\u00e9rapie cognitive pr\u00e9ventive (TCP) comme traitement contre les rechutes dans les troubles d\u00e9pressifs ; son efficacit\u00e9 a \u00e9t\u00e9 d\u00e9montr\u00e9e dans plusieurs essais contr\u00f4l\u00e9s randomis\u00e9s et contextes vari\u00e9s, avec des effets pr\u00e9ventifs rapport\u00e9s jusqu&#8217;\u00e0 20 ans.<\/p>\n<p style=\"text-align: justify;\">Elle a b\u00e9n\u00e9fici\u00e9 de bourses de recherche aupr\u00e8s d&#8217;institutions telles que le &#8220;Beck Institute International Scholarship&#8221; de Philadelphie, l&#8217;Institute for Advanced Study de l&#8217;Universit\u00e9 d&#8217;Amsterdam et l&#8217;Organisation mondiale de la sant\u00e9.<\/p>\n<p>[\/et_pb_toggle][\/et_pb_column][\/et_pb_row][et_pb_row column_structure=&#8221;1_3,2_3&#8243; _builder_version=&#8221;4.27.4&#8243; _module_preset=&#8221;default&#8221; border_width_top=&#8221;2px&#8221; border_color_top=&#8221;#008E90&#8243; global_colors_info=&#8221;{}&#8221;][et_pb_column type=&#8221;1_3&#8243; _builder_version=&#8221;4.27.4&#8243; _module_preset=&#8221;default&#8221; global_colors_info=&#8221;{}&#8221;][et_pb_team_member name=&#8221;Prof. Dr. Matthias Berking&#8221; image_url=&#8221;https:\/\/eabctcongress.org\/fr\/wp-content\/uploads\/2025\/10\/Matthias_Berking.jpg&#8221; _builder_version=&#8221;4.27.4&#8243; _module_preset=&#8221;default&#8221; header_font=&#8221;||||||||&#8221; header_text_color=&#8221;#008E90&#8243; header_font_size=&#8221;14px&#8221; text_orientation=&#8221;center&#8221; width=&#8221;65%&#8221; module_alignment=&#8221;center&#8221; custom_padding=&#8221;30px|30px|30px|30px|false|false&#8221; box_shadow_style=&#8221;preset1&#8243; global_colors_info=&#8221;{}&#8221;][\/et_pb_team_member][\/et_pb_column][et_pb_column type=&#8221;2_3&#8243; _builder_version=&#8221;4.27.4&#8243; _module_preset=&#8221;default&#8221; global_colors_info=&#8221;{}&#8221;][et_pb_text _builder_version=&#8221;4.27.4&#8243; _module_preset=&#8221;default&#8221; global_colors_info=&#8221;{}&#8221;]<\/p>\n<h3><span style=\"color: #808080;\"><b><span lang=\"EN-GB\">Introduction \u00e0 la formation en r\u00e9gulation des \u00e9motions<\/span><\/b><\/span><span lang=\"EN-GB\"><span><b><br \/><\/b><\/span><\/span><\/h3>\n<p>[\/et_pb_text][et_pb_toggle title=&#8221;Prof. Dr. Matthias Berking&#8221; _builder_version=&#8221;4.27.4&#8243; _module_preset=&#8221;default&#8221; global_colors_info=&#8221;{}&#8221;]<\/p>\n<p style=\"text-align: justify;\"><em><strong>BIOGRAPHIE<br \/><\/strong><\/em>Le professeur Matthias Berking est directeur du d\u00e9partement de psychologie clinique et de psychoth\u00e9rapie de l&#8217;universit\u00e9 Friedrich-Alexander d&#8217;Erlangen-Nuremberg (FAU), ainsi que de la clinique de psychoth\u00e9rapie ambulatoire et du centre de formation des psychoth\u00e9rapeutes de cette m\u00eame universit\u00e9. Il est \u00e9galement l&#8217;auteur de nombreux articles scientifiques et figure parmi les 0,01 % des chercheurs les plus cit\u00e9s au monde en psychologie clinique, selon le classement de Stanford en 2022, 2023 et 2024.<\/p>\n<p>[\/et_pb_toggle][\/et_pb_column][\/et_pb_row][et_pb_row column_structure=&#8221;1_3,2_3&#8243; _builder_version=&#8221;4.27.4&#8243; _module_preset=&#8221;default&#8221; border_width_top=&#8221;2px&#8221; border_color_top=&#8221;#008E90&#8243; global_colors_info=&#8221;{}&#8221;][et_pb_column type=&#8221;1_3&#8243; _builder_version=&#8221;4.27.4&#8243; _module_preset=&#8221;default&#8221; global_colors_info=&#8221;{}&#8221;][et_pb_team_member name=&#8221;Maria do C\u00e9u Salvador&#8221; image_url=&#8221;https:\/\/eabctcongress.org\/fr\/wp-content\/uploads\/2025\/10\/Maria_do_Ceu_Salvador.jpg&#8221; _builder_version=&#8221;4.27.4&#8243; _module_preset=&#8221;default&#8221; header_font=&#8221;||||||||&#8221; header_text_color=&#8221;#008E90&#8243; header_font_size=&#8221;14px&#8221; text_orientation=&#8221;center&#8221; width=&#8221;65%&#8221; module_alignment=&#8221;center&#8221; custom_padding=&#8221;30px|30px|30px|30px|false|false&#8221; box_shadow_style=&#8221;preset1&#8243; global_colors_info=&#8221;{}&#8221;][\/et_pb_team_member][\/et_pb_column][et_pb_column type=&#8221;2_3&#8243; _builder_version=&#8221;4.27.4&#8243; _module_preset=&#8221;default&#8221; global_colors_info=&#8221;{}&#8221;][et_pb_text _builder_version=&#8221;4.27.4&#8243; _module_preset=&#8221;default&#8221; global_colors_info=&#8221;{}&#8221;]<\/p>\n<h3><span style=\"color: #808080;\"><b><span lang=\"EN-GB\">Th\u00e9rapie cognitivo-comportementale pour le trouble d&#8217;anxi\u00e9t\u00e9 sociale chez les adolescents : combler le foss\u00e9 et int\u00e9grer l&#8217;ACT et la th\u00e9rapie centr\u00e9e sur la personne dans notre pratique<\/span><\/b><\/span><span lang=\"EN-GB\"><span><b><br \/><\/b><\/span><\/span><\/h3>\n<p>[\/et_pb_text][et_pb_toggle title=&#8221;Maria do C\u00e9u Salvador&#8221; _builder_version=&#8221;4.27.4&#8243; _module_preset=&#8221;default&#8221; global_colors_info=&#8221;{}&#8221;]<\/p>\n<p style=\"text-align: justify;\"><em><strong>BIOGRAPHIE<br \/><\/strong><\/em>Maria do C\u00e9u Salvador est professeure \u00e0 l&#8217;Universit\u00e9 de Coimbra, o\u00f9 elle enseigne les mod\u00e8les et interventions des th\u00e9rapies cognitivo-comportementales (TCC), m\u00e8ne des recherches et encadre des formations en TCC, des m\u00e9moires de master et des th\u00e8ses de doctorat. Psychologue clinicienne, psychoth\u00e9rapeute et superviseure agr\u00e9\u00e9e en TCC, elle exerce en cabinet priv\u00e9 et intervient dans plusieurs programmes de formation, au Portugal et \u00e0 l&#8217;\u00e9tranger. Elle est actuellement pr\u00e9sidente de l&#8217;Association portugaise de th\u00e9rapie comportementale.<\/p>\n<p>[\/et_pb_toggle][\/et_pb_column][\/et_pb_row][et_pb_row column_structure=&#8221;1_3,2_3&#8243; _builder_version=&#8221;4.27.4&#8243; _module_preset=&#8221;default&#8221; border_width_top=&#8221;2px&#8221; border_color_top=&#8221;#008E90&#8243; global_colors_info=&#8221;{}&#8221;][et_pb_column type=&#8221;1_3&#8243; _builder_version=&#8221;4.27.4&#8243; _module_preset=&#8221;default&#8221; global_colors_info=&#8221;{}&#8221;][et_pb_team_member name=&#8221;Dominique Page&#8221; image_url=&#8221;https:\/\/eabctcongress.org\/fr\/wp-content\/uploads\/2025\/10\/Dominique_Page.jpg&#8221; _builder_version=&#8221;4.27.4&#8243; _module_preset=&#8221;default&#8221; header_font=&#8221;||||||||&#8221; header_text_color=&#8221;#008E90&#8243; header_font_size=&#8221;14px&#8221; text_orientation=&#8221;center&#8221; width=&#8221;65%&#8221; module_alignment=&#8221;center&#8221; custom_padding=&#8221;30px|30px|30px|30px|false|false&#8221; box_shadow_style=&#8221;preset1&#8243; global_colors_info=&#8221;{}&#8221;][\/et_pb_team_member][\/et_pb_column][et_pb_column type=&#8221;2_3&#8243; _builder_version=&#8221;4.27.4&#8243; _module_preset=&#8221;default&#8221; global_colors_info=&#8221;{}&#8221;][et_pb_text _builder_version=&#8221;4.27.5&#8243; _module_preset=&#8221;default&#8221; global_colors_info=&#8221;{}&#8221;]<\/p>\n<h3><span style=\"color: #808080;\"><b><span lang=\"EN-GB\">La DBT en pratique : des ajustements simples pour s\u2019adapter \u00e0 chaque patient<\/span><\/b><\/span><span lang=\"EN-GB\"><span><b><br \/><\/b><\/span><\/span><\/h3>\n<p>[\/et_pb_text][et_pb_toggle title=&#8221;Dominique Page&#8221; _builder_version=&#8221;4.27.5&#8243; _module_preset=&#8221;default&#8221; global_colors_info=&#8221;{}&#8221;]<\/p>\n<p style=\"text-align: justify;\"><em><strong>RESUME<\/strong><\/em><br \/>Cet atelier pr\u00e9sente des strat\u00e9gies de TCD (th\u00e9rapie comportementale dialectique) pratiques et faciles \u00e0 utiliser pour accompagner des patients qui vivent des \u00e9motions intenses et envahissantes. Nous nous concentrerons sur la mani\u00e8re de reconna\u00eetre les diff\u00e9rences individuelles et d\u2019apporter de petits ajustements concrets \u00e0 l\u2019enseignement des comp\u00e9tences, \u00e0 la validation et aux strat\u00e9gies de changement comportemental.<\/p>\n<p style=\"text-align: justify;\">Des exemples, des d\u00e9monstrations et de courts exercices permettront aux participant\u00b7e\u00b7s de mieux comprendre comment appliquer ces outils de fa\u00e7on souple et soutenante. L\u2019objectif est d\u2019offrir aux clinicien\u00b7ne\u00b7s des rep\u00e8res clairs, directement transf\u00e9rables dans leur pratique.<\/p>\n<p style=\"text-align: justify;\"><em><strong>BIOGRAPHIE<br \/><\/strong><\/em>Dominique Page est docteure en psychologie et poss\u00e8de une expertise reconnue en th\u00e9rapie comportementale dialectique (TCD) depuis plus de trente ans. Elle a pratiqu\u00e9 cette approche en milieu hospitalier et ambulatoire, et exerce d\u00e9sormais en cabinet priv\u00e9. Passionn\u00e9e par la formation des th\u00e9rapeutes, elle est \u00e9galement l&#8217;auteure d&#8217;ouvrages sur la TCD et s&#8217;investit activement dans les r\u00e9seaux qui en favorisent la diffusion dans le monde francophone.<\/p>\n<p>[\/et_pb_toggle][\/et_pb_column][\/et_pb_row][et_pb_row _builder_version=&#8221;4.27.4&#8243; _module_preset=&#8221;default&#8221; border_width_top=&#8221;2px&#8221; border_color_top=&#8221;#008E90&#8243; global_colors_info=&#8221;{}&#8221;][et_pb_column type=&#8221;4_4&#8243; _builder_version=&#8221;4.27.4&#8243; _module_preset=&#8221;default&#8221; global_colors_info=&#8221;{}&#8221;][et_pb_text _builder_version=&#8221;4.27.4&#8243; _module_preset=&#8221;default&#8221; global_colors_info=&#8221;{}&#8221;]<\/p>\n<h3><span style=\"color: #008e90;\"><strong>D&#8217;autres informations seront communiqu\u00e9es ult\u00e9rieurement.<\/strong><\/span><\/h3>\n<p>[\/et_pb_text][\/et_pb_column][\/et_pb_row][\/et_pb_section]<\/p>\n","protected":false},"excerpt":{"rendered":"<p>Ateliers pre-congr\u00e8sTh\u00e9rapie bas\u00e9e sur les processusAbstract:Clinical psychology is in crisis. Although some progress has been made, the efficacy of our therapies and development of our models have been limited. To overcome this crisis, we need a radical departure from the latent disease model of the current psychiatric nosology of the DSM\/ICD and the absurd proliferation [&hellip;]<\/p>\n","protected":false},"author":1,"featured_media":0,"parent":0,"menu_order":0,"comment_status":"closed","ping_status":"closed","template":"","meta":{"_et_pb_use_builder":"on","_et_pb_old_content":"","_et_gb_content_width":"","footnotes":""},"class_list":["post-442","page","type-page","status-publish","hentry"],"yoast_head":"<!-- This site is optimized with the Yoast SEO plugin v27.4 - https:\/\/yoast.com\/product\/yoast-seo-wordpress\/ -->\n<title>Ateliers pr\u00e9-congr\u00e8s - EABCT<\/title>\n<meta name=\"robots\" content=\"index, follow, max-snippet:-1, max-image-preview:large, max-video-preview:-1\" \/>\n<link rel=\"canonical\" href=\"https:\/\/eabctcongress.org\/fr\/index.php\/ateliers-pre-congres\/\" \/>\n<meta property=\"og:locale\" content=\"en_US\" \/>\n<meta property=\"og:type\" content=\"article\" \/>\n<meta property=\"og:title\" content=\"Ateliers pr\u00e9-congr\u00e8s - EABCT\" \/>\n<meta property=\"og:description\" content=\"Ateliers pre-congr\u00e8sTh\u00e9rapie bas\u00e9e sur les processusAbstract:Clinical psychology is in crisis. Although some progress has been made, the efficacy of our therapies and development of our models have been limited. To overcome this crisis, we need a radical departure from the latent disease model of the current psychiatric nosology of the DSM\/ICD and the absurd proliferation [&hellip;]\" \/>\n<meta property=\"og:url\" content=\"https:\/\/eabctcongress.org\/fr\/index.php\/ateliers-pre-congres\/\" \/>\n<meta property=\"og:site_name\" content=\"EABCT\" \/>\n<meta property=\"article:modified_time\" content=\"2026-04-27T16:11:51+00:00\" \/>\n<meta name=\"twitter:card\" content=\"summary_large_image\" \/>\n<script type=\"application\/ld+json\" class=\"yoast-schema-graph\">{\"@context\":\"https:\\\/\\\/schema.org\",\"@graph\":[{\"@type\":\"WebPage\",\"@id\":\"https:\\\/\\\/eabctcongress.org\\\/fr\\\/index.php\\\/ateliers-pre-congres\\\/\",\"url\":\"https:\\\/\\\/eabctcongress.org\\\/fr\\\/index.php\\\/ateliers-pre-congres\\\/\",\"name\":\"Ateliers pr\u00e9-congr\u00e8s - EABCT\",\"isPartOf\":{\"@id\":\"https:\\\/\\\/eabctcongress.org\\\/fr\\\/#website\"},\"datePublished\":\"2025-11-04T15:56:11+00:00\",\"dateModified\":\"2026-04-27T16:11:51+00:00\",\"breadcrumb\":{\"@id\":\"https:\\\/\\\/eabctcongress.org\\\/fr\\\/index.php\\\/ateliers-pre-congres\\\/#breadcrumb\"},\"inLanguage\":\"en-US\",\"potentialAction\":[{\"@type\":\"ReadAction\",\"target\":[\"https:\\\/\\\/eabctcongress.org\\\/fr\\\/index.php\\\/ateliers-pre-congres\\\/\"]}]},{\"@type\":\"BreadcrumbList\",\"@id\":\"https:\\\/\\\/eabctcongress.org\\\/fr\\\/index.php\\\/ateliers-pre-congres\\\/#breadcrumb\",\"itemListElement\":[{\"@type\":\"ListItem\",\"position\":1,\"name\":\"Home\",\"item\":\"https:\\\/\\\/eabctcongress.org\\\/fr\\\/\"},{\"@type\":\"ListItem\",\"position\":2,\"name\":\"Ateliers pr\u00e9-congr\u00e8s\"}]},{\"@type\":\"WebSite\",\"@id\":\"https:\\\/\\\/eabctcongress.org\\\/fr\\\/#website\",\"url\":\"https:\\\/\\\/eabctcongress.org\\\/fr\\\/\",\"name\":\"EABCT\",\"description\":\"\",\"potentialAction\":[{\"@type\":\"SearchAction\",\"target\":{\"@type\":\"EntryPoint\",\"urlTemplate\":\"https:\\\/\\\/eabctcongress.org\\\/fr\\\/?s={search_term_string}\"},\"query-input\":{\"@type\":\"PropertyValueSpecification\",\"valueRequired\":true,\"valueName\":\"search_term_string\"}}],\"inLanguage\":\"en-US\"}]}<\/script>\n<!-- \/ Yoast SEO plugin. -->","yoast_head_json":{"title":"Ateliers pr\u00e9-congr\u00e8s - EABCT","robots":{"index":"index","follow":"follow","max-snippet":"max-snippet:-1","max-image-preview":"max-image-preview:large","max-video-preview":"max-video-preview:-1"},"canonical":"https:\/\/eabctcongress.org\/fr\/index.php\/ateliers-pre-congres\/","og_locale":"en_US","og_type":"article","og_title":"Ateliers pr\u00e9-congr\u00e8s - EABCT","og_description":"Ateliers pre-congr\u00e8sTh\u00e9rapie bas\u00e9e sur les processusAbstract:Clinical psychology is in crisis. Although some progress has been made, the efficacy of our therapies and development of our models have been limited. To overcome this crisis, we need a radical departure from the latent disease model of the current psychiatric nosology of the DSM\/ICD and the absurd proliferation [&hellip;]","og_url":"https:\/\/eabctcongress.org\/fr\/index.php\/ateliers-pre-congres\/","og_site_name":"EABCT","article_modified_time":"2026-04-27T16:11:51+00:00","twitter_card":"summary_large_image","schema":{"@context":"https:\/\/schema.org","@graph":[{"@type":"WebPage","@id":"https:\/\/eabctcongress.org\/fr\/index.php\/ateliers-pre-congres\/","url":"https:\/\/eabctcongress.org\/fr\/index.php\/ateliers-pre-congres\/","name":"Ateliers pr\u00e9-congr\u00e8s - EABCT","isPartOf":{"@id":"https:\/\/eabctcongress.org\/fr\/#website"},"datePublished":"2025-11-04T15:56:11+00:00","dateModified":"2026-04-27T16:11:51+00:00","breadcrumb":{"@id":"https:\/\/eabctcongress.org\/fr\/index.php\/ateliers-pre-congres\/#breadcrumb"},"inLanguage":"en-US","potentialAction":[{"@type":"ReadAction","target":["https:\/\/eabctcongress.org\/fr\/index.php\/ateliers-pre-congres\/"]}]},{"@type":"BreadcrumbList","@id":"https:\/\/eabctcongress.org\/fr\/index.php\/ateliers-pre-congres\/#breadcrumb","itemListElement":[{"@type":"ListItem","position":1,"name":"Home","item":"https:\/\/eabctcongress.org\/fr\/"},{"@type":"ListItem","position":2,"name":"Ateliers pr\u00e9-congr\u00e8s"}]},{"@type":"WebSite","@id":"https:\/\/eabctcongress.org\/fr\/#website","url":"https:\/\/eabctcongress.org\/fr\/","name":"EABCT","description":"","potentialAction":[{"@type":"SearchAction","target":{"@type":"EntryPoint","urlTemplate":"https:\/\/eabctcongress.org\/fr\/?s={search_term_string}"},"query-input":{"@type":"PropertyValueSpecification","valueRequired":true,"valueName":"search_term_string"}}],"inLanguage":"en-US"}]}},"_links":{"self":[{"href":"https:\/\/eabctcongress.org\/fr\/index.php\/wp-json\/wp\/v2\/pages\/442","targetHints":{"allow":["GET"]}}],"collection":[{"href":"https:\/\/eabctcongress.org\/fr\/index.php\/wp-json\/wp\/v2\/pages"}],"about":[{"href":"https:\/\/eabctcongress.org\/fr\/index.php\/wp-json\/wp\/v2\/types\/page"}],"author":[{"embeddable":true,"href":"https:\/\/eabctcongress.org\/fr\/index.php\/wp-json\/wp\/v2\/users\/1"}],"replies":[{"embeddable":true,"href":"https:\/\/eabctcongress.org\/fr\/index.php\/wp-json\/wp\/v2\/comments?post=442"}],"version-history":[{"count":33,"href":"https:\/\/eabctcongress.org\/fr\/index.php\/wp-json\/wp\/v2\/pages\/442\/revisions"}],"predecessor-version":[{"id":805,"href":"https:\/\/eabctcongress.org\/fr\/index.php\/wp-json\/wp\/v2\/pages\/442\/revisions\/805"}],"wp:attachment":[{"href":"https:\/\/eabctcongress.org\/fr\/index.php\/wp-json\/wp\/v2\/media?parent=442"}],"curies":[{"name":"wp","href":"https:\/\/api.w.org\/{rel}","templated":true}]}}