{"id":54,"date":"2025-10-08T15:06:55","date_gmt":"2025-10-08T15:06:55","guid":{"rendered":"https:\/\/eabctcongress.org\/fr\/?page_id=54"},"modified":"2026-04-21T08:22:26","modified_gmt":"2026-04-21T08:22:26","slug":"accueil","status":"publish","type":"page","link":"https:\/\/eabctcongress.org\/fr\/","title":{"rendered":"Accueil"},"content":{"rendered":"<p>[et_pb_section fb_built=&#8221;1&#8243; _builder_version=&#8221;4.27.4&#8243; _module_preset=&#8221;default&#8221; background_image=&#8221;https:\/\/eabctcongress.org\/fr\/wp-content\/uploads\/2025\/10\/Brussels_img.jpg&#8221; min_height=&#8221;400px&#8221; custom_margin=&#8221;0px||0px||false|false&#8221; custom_padding=&#8221;0px||7px||false|false&#8221; global_colors_info=&#8221;{}&#8221;][et_pb_row column_structure=&#8221;3_5,2_5&#8243; _builder_version=&#8221;4.27.4&#8243; _module_preset=&#8221;default&#8221; custom_padding=&#8221;36px|||||&#8221; global_colors_info=&#8221;{}&#8221;][et_pb_column type=&#8221;3_5&#8243; _builder_version=&#8221;4.27.4&#8243; _module_preset=&#8221;default&#8221; global_colors_info=&#8221;{}&#8221;][et_pb_text _builder_version=&#8221;4.27.4&#8243; _module_preset=&#8221;default&#8221; min_height=&#8221;15.8px&#8221; custom_margin=&#8221;33px|||||&#8221; global_colors_info=&#8221;{}&#8221;]<a href=\"https:\/\/eabctcongress.org\/\" target=\"_blank\" rel=\"noopener\"><img loading=\"lazy\" decoding=\"async\" src=\"https:\/\/eabctcongress.org\/fr\/wp-content\/uploads\/2025\/11\/drapeau_anglais.png\" width=\"40\" height=\"27\" alt=\"\" class=\"wp-image-490 alignnone size-full\" \/><\/a>\u00a0 <span style=\"color: #ffffff;\"><strong>English version<\/strong><\/span>[\/et_pb_text][\/et_pb_column][et_pb_column type=&#8221;2_5&#8243; _builder_version=&#8221;4.27.4&#8243; _module_preset=&#8221;default&#8221; global_colors_info=&#8221;{}&#8221;][et_pb_text _builder_version=&#8221;4.27.5&#8243; _module_preset=&#8221;default&#8221; custom_padding=&#8221;22px|||||&#8221; global_colors_info=&#8221;{}&#8221;]<\/p>\n<h2><span style=\"color: #ffffff;\"><strong>Les inscription sont ouvertes.<\/strong><\/span><\/h2>\n<p>[\/et_pb_text][et_pb_button button_url=&#8221;https:\/\/aimgroup.eventsair.com\/eabct2026\/eabct26\/Site\/Register&#8221; url_new_window=&#8221;on&#8221; button_text=&#8221;Inscription&#8221; button_alignment=&#8221;center&#8221; _builder_version=&#8221;4.27.5&#8243; _module_preset=&#8221;default&#8221; background_layout=&#8221;dark&#8221; animation_style=&#8221;slide&#8221; global_colors_info=&#8221;{}&#8221;][\/et_pb_button][\/et_pb_column][\/et_pb_row][\/et_pb_section][et_pb_section fb_built=&#8221;1&#8243; _builder_version=&#8221;4.16&#8243; _module_preset=&#8221;default&#8221; global_colors_info=&#8221;{}&#8221;][et_pb_row column_structure=&#8221;2_5,3_5&#8243; _builder_version=&#8221;4.16&#8243; _module_preset=&#8221;default&#8221; global_colors_info=&#8221;{}&#8221;][et_pb_column type=&#8221;2_5&#8243; _builder_version=&#8221;4.16&#8243; _module_preset=&#8221;default&#8221; global_colors_info=&#8221;{}&#8221;][et_pb_text _builder_version=&#8221;4.27.5&#8243; _module_preset=&#8221;default&#8221; background_color=&#8221;#e9ebf0&#8243; min_height=&#8221;304px&#8221; custom_padding=&#8221;13px||40px|17px|false|false&#8221; hover_enabled=&#8221;0&#8243; box_shadow_style=&#8221;preset2&#8243; global_colors_info=&#8221;{}&#8221; sticky_enabled=&#8221;0&#8243;]<\/p>\n<h2><strong><span style=\"color: #008e90;\">Dates cl\u00e9s \u00e0 venir<\/span><\/strong><\/h2>\n<ul>\n<li><strong><span style=\"color: #008e90;\">Pr\u00e9parez-vous !<br \/>Publication du programme des conf\u00e9rences et ateliers pr\u00e9-congr\u00e8s<br \/>5 D\u00e9cembre 2025<br \/><\/span><\/strong><span style=\"color: #008e90;\"><br \/><\/span><\/li>\n<li><strong><span style=\"color: #008e90;\">Notez la date !<br \/>Ouverture des inscriptions<br \/>30 Janvier 2026<br \/><\/span><\/strong><strong><span style=\"color: #008e90;\"><br \/><\/span><\/strong><\/li>\n<li><strong><span style=\"color: #008e90;\">Restez connect\u00e9s !<br \/>Mise en ligne du programme pr\u00e9liminaire<br \/>1er juin 2026<\/span><\/strong><strong><span style=\"color: #008e90;\"><\/span><\/strong><\/li>\n<\/ul>\n<p>[\/et_pb_text][et_pb_text _builder_version=&#8221;4.27.4&#8243; _module_preset=&#8221;default&#8221; global_colors_info=&#8221;{}&#8221;]<\/p>\n<p><iframe loading=\"lazy\" title=\"UniqueAsWeAre25_03_1\" src=\"https:\/\/player.vimeo.com\/video\/1111578721?h=bba6c72113&amp;dnt=1&amp;app_id=122963\" width=\"1080\" height=\"608\" frameborder=\"0\" allow=\"autoplay; fullscreen; picture-in-picture; clipboard-write; encrypted-media; web-share\" referrerpolicy=\"strict-origin-when-cross-origin\"><\/iframe><\/p>\n<p>[\/et_pb_text][\/et_pb_column][et_pb_column type=&#8221;3_5&#8243; _builder_version=&#8221;4.16&#8243; _module_preset=&#8221;default&#8221; global_colors_info=&#8221;{}&#8221;][et_pb_text _builder_version=&#8221;4.27.4&#8243; _module_preset=&#8221;default&#8221; global_colors_info=&#8221;{}&#8221;]<\/p>\n<h3><span style=\"color: #008080;\"><strong>Lettre de bienvenue<\/strong><\/span><\/h3>\n<p>Bienvenue \u00e0 tous !<\/p>\n<p>Rejoignez-nous pour une exp\u00e9rience inoubliable au c\u0153ur de l&#8217;Europe !<\/p>\n<p style=\"text-align: justify;\">Du <strong>16-19 Septembre 2026<\/strong>, <strong>VVGT et l&#8217;AEMTC<\/strong> sont ravis d&#8217;accueillir le 56e congr\u00e8s annuel de l&#8217;EABCT. Rejoignez-nous pour les ateliers pr\u00e9-congr\u00e8s le 16 septembre, suivis du congr\u00e8s principal du 17 au 19 septembre. Notez ces dates dans vos agendas !<\/p>\n<p style=\"text-align: justify;\">LIEU : le <strong>SQUARE<\/strong>, situ\u00e9 au centre de Bruxelles.<\/p>\n<p style=\"text-align: justify;\"><img loading=\"lazy\" decoding=\"async\" src=\"https:\/\/eabctcongress.org\/fr\/wp-content\/uploads\/2025\/10\/square.jpg\" width=\"800\" height=\"600\" alt=\"\" class=\"wp-image-24 alignleft size-full\" srcset=\"https:\/\/eabctcongress.org\/fr\/wp-content\/uploads\/2025\/10\/square.jpg 800w, https:\/\/eabctcongress.org\/fr\/wp-content\/uploads\/2025\/10\/square-480x360.jpg 480w\" sizes=\"(min-width: 0px) and (max-width: 480px) 480px, (min-width: 481px) 800px, 100vw\" \/><\/p>\n<p style=\"text-align: justify;\">La Belgique est depuis longtemps un p\u00f4le dynamique de diversit\u00e9 et d&#8217;id\u00e9es innovantes. Ce riche pass\u00e9 a fa\u00e7onn\u00e9 notre <strong>approche<\/strong> de la TCC. Nous accordons une grande importance \u00e0 la singularit\u00e9 de chaque individu et adaptons nos approches \u00e0 ses besoins sp\u00e9cifiques. C&#8217;est cette conviction fondamentale qui a inspir\u00e9 le th\u00e8me de notre congr\u00e8s : &#8220;<strong>Unique as we are<\/strong>.\u201d<\/p>\n<p style=\"text-align: justify;\">D\u00e9couvrez pourquoi notre congr\u00e8s est aussi unique que <strong>vous<\/strong> !<\/p>\n<p style=\"text-align: justify;\"><strong>Rencontrez<\/strong> de nouveaux conf\u00e9renciers, praticiens et innovateurs de renom issus de tous les domaines. Notre programme est bas\u00e9 sur <strong>le principe d&#8217;inclusion<\/strong>. Nous proposons des sessions et des ateliers d\u00e9di\u00e9s \u00e0 un large \u00e9ventail de populations et de pathologies. Nous abordons l&#8217;ensemble de l&#8217;exp\u00e9rience humaine, <strong>avec une sensibilit\u00e9 particuli\u00e8re aux probl\u00e9matiques des minorit\u00e9s<\/strong>.<\/p>\n<p style=\"text-align: justify;\"><strong>D\u00e9couvrez<\/strong> de nouvelles interventions psychoth\u00e9rapeutiques et les derni\u00e8res avanc\u00e9es en mati\u00e8re de TCC.<\/p>\n<p style=\"text-align: justify;\">Un effort particulier a \u00e9t\u00e9 consacr\u00e9 \u00e0 la cr\u00e9ation d&#8217;un programme scientifique innovant et diversifi\u00e9. Il propose un large \u00e9ventail de sujets et d&#8217;intervenants, allant <strong>des pionniers reconnus<\/strong> du domaine <strong>aux nouvelles voix innovantes<\/strong>, venus de plus d&#8217;une douzaine de pays. Nous avons con\u00e7u un programme qui garantit \u00e0 chaque participant de trouver des sujets et des intervenants en phase avec ses exp\u00e9riences uniques.<\/p>\n<p><strong>Engagez-vous<\/strong> directement aupr\u00e8s des d\u00e9cideurs politiques \u00e0 Bruxelles, capitale de l&#8217;Europe, pour contribuer \u00e0 fa\u00e7onner l&#8217;avenir des soins de sant\u00e9 mentale dans votre pays !<\/p>\n<p>C&#8217;est une occasion unique de participer \u00e0 des tables rondes avec des d\u00e9cideurs politiques, \u00e0 des r\u00e9unions consultatives avec des r\u00e9dacteurs de revues scientifiques de renom, etc.<\/p>\n<p style=\"text-align: justify;\"><img loading=\"lazy\" decoding=\"async\" src=\"https:\/\/eabctcongress.org\/fr\/wp-content\/uploads\/2025\/10\/image_BD-1024x768.jpg\" width=\"1024\" height=\"768\" alt=\"\" class=\"wp-image-49 alignnone size-large\" srcset=\"https:\/\/eabctcongress.org\/fr\/wp-content\/uploads\/2025\/10\/image_BD-980x735.jpg 980w, https:\/\/eabctcongress.org\/fr\/wp-content\/uploads\/2025\/10\/image_BD-480x360.jpg 480w\" sizes=\"(min-width: 0px) and (max-width: 480px) 480px, (min-width: 481px) and (max-width: 980px) 980px, (min-width: 981px) 1024px, 100vw\" \/><\/p>\n<p>[\/et_pb_text][\/et_pb_column][\/et_pb_row][\/et_pb_section]<\/p>\n","protected":false},"excerpt":{"rendered":"<p>\u00a0 English versionLes inscription sont ouvertes.Dates cl\u00e9s \u00e0 venir Pr\u00e9parez-vous !Publication du programme des conf\u00e9rences et ateliers pr\u00e9-congr\u00e8s5 D\u00e9cembre 2025 Notez la date !Ouverture des inscriptions30 Janvier 2026 Restez connect\u00e9s !Mise en ligne du programme pr\u00e9liminaire1er juin 2026 https:\/\/vimeo.com\/1111578721\/bba6c72113?share=copyLettre de bienvenue Bienvenue \u00e0 tous ! Rejoignez-nous pour une exp\u00e9rience inoubliable au c\u0153ur de l&#8217;Europe ! [&hellip;]<\/p>\n","protected":false},"author":1,"featured_media":0,"parent":0,"menu_order":0,"comment_status":"closed","ping_status":"closed","template":"","meta":{"_et_pb_use_builder":"on","_et_pb_old_content":"","_et_gb_content_width":"","footnotes":""},"class_list":["post-54","page","type-page","status-publish","hentry"],"yoast_head":"<!-- This site is optimized with the Yoast SEO plugin v27.4 - https:\/\/yoast.com\/product\/yoast-seo-wordpress\/ -->\n<title>Accueil - EABCT<\/title>\n<meta name=\"robots\" content=\"index, follow, max-snippet:-1, max-image-preview:large, max-video-preview:-1\" \/>\n<link rel=\"canonical\" href=\"https:\/\/eabctcongress.org\/fr\/\" \/>\n<meta property=\"og:locale\" content=\"en_US\" \/>\n<meta property=\"og:type\" content=\"article\" \/>\n<meta property=\"og:title\" content=\"Accueil - EABCT\" \/>\n<meta property=\"og:description\" content=\"\u00a0 English versionLes inscription sont ouvertes.Dates cl\u00e9s \u00e0 venir Pr\u00e9parez-vous !Publication du programme des conf\u00e9rences et ateliers pr\u00e9-congr\u00e8s5 D\u00e9cembre 2025 Notez la date !Ouverture des inscriptions30 Janvier 2026 Restez connect\u00e9s !Mise en ligne du programme pr\u00e9liminaire1er juin 2026 https:\/\/vimeo.com\/1111578721\/bba6c72113?share=copyLettre de bienvenue Bienvenue \u00e0 tous ! Rejoignez-nous pour une exp\u00e9rience inoubliable au c\u0153ur de l&#039;Europe ! [&hellip;]\" \/>\n<meta property=\"og:url\" content=\"https:\/\/eabctcongress.org\/fr\/\" \/>\n<meta property=\"og:site_name\" content=\"EABCT\" \/>\n<meta property=\"article:modified_time\" content=\"2026-04-21T08:22:26+00:00\" \/>\n<meta property=\"og:image\" content=\"https:\/\/eabctcongress.org\/fr\/wp-content\/uploads\/2025\/11\/drapeau_anglais.png\" \/>\n\t<meta property=\"og:image:width\" content=\"40\" \/>\n\t<meta property=\"og:image:height\" content=\"27\" \/>\n\t<meta property=\"og:image:type\" content=\"image\/png\" \/>\n<meta name=\"twitter:card\" content=\"summary_large_image\" \/>\n<script type=\"application\/ld+json\" class=\"yoast-schema-graph\">{\"@context\":\"https:\\\/\\\/schema.org\",\"@graph\":[{\"@type\":\"WebPage\",\"@id\":\"https:\\\/\\\/eabctcongress.org\\\/fr\\\/\",\"url\":\"https:\\\/\\\/eabctcongress.org\\\/fr\\\/\",\"name\":\"Accueil - EABCT\",\"isPartOf\":{\"@id\":\"https:\\\/\\\/eabctcongress.org\\\/fr\\\/#website\"},\"primaryImageOfPage\":{\"@id\":\"https:\\\/\\\/eabctcongress.org\\\/fr\\\/#primaryimage\"},\"image\":{\"@id\":\"https:\\\/\\\/eabctcongress.org\\\/fr\\\/#primaryimage\"},\"thumbnailUrl\":\"https:\\\/\\\/eabctcongress.org\\\/fr\\\/wp-content\\\/uploads\\\/2025\\\/11\\\/drapeau_anglais.png\",\"datePublished\":\"2025-10-08T15:06:55+00:00\",\"dateModified\":\"2026-04-21T08:22:26+00:00\",\"breadcrumb\":{\"@id\":\"https:\\\/\\\/eabctcongress.org\\\/fr\\\/#breadcrumb\"},\"inLanguage\":\"en-US\",\"potentialAction\":[{\"@type\":\"ReadAction\",\"target\":[\"https:\\\/\\\/eabctcongress.org\\\/fr\\\/\"]}]},{\"@type\":\"ImageObject\",\"inLanguage\":\"en-US\",\"@id\":\"https:\\\/\\\/eabctcongress.org\\\/fr\\\/#primaryimage\",\"url\":\"https:\\\/\\\/eabctcongress.org\\\/fr\\\/wp-content\\\/uploads\\\/2025\\\/11\\\/drapeau_anglais.png\",\"contentUrl\":\"https:\\\/\\\/eabctcongress.org\\\/fr\\\/wp-content\\\/uploads\\\/2025\\\/11\\\/drapeau_anglais.png\",\"width\":40,\"height\":27},{\"@type\":\"BreadcrumbList\",\"@id\":\"https:\\\/\\\/eabctcongress.org\\\/fr\\\/#breadcrumb\",\"itemListElement\":[{\"@type\":\"ListItem\",\"position\":1,\"name\":\"Home\",\"item\":\"https:\\\/\\\/eabctcongress.org\\\/fr\\\/\"},{\"@type\":\"ListItem\",\"position\":2,\"name\":\"Accueil\"}]},{\"@type\":\"WebSite\",\"@id\":\"https:\\\/\\\/eabctcongress.org\\\/fr\\\/#website\",\"url\":\"https:\\\/\\\/eabctcongress.org\\\/fr\\\/\",\"name\":\"EABCT\",\"description\":\"\",\"potentialAction\":[{\"@type\":\"SearchAction\",\"target\":{\"@type\":\"EntryPoint\",\"urlTemplate\":\"https:\\\/\\\/eabctcongress.org\\\/fr\\\/?s={search_term_string}\"},\"query-input\":{\"@type\":\"PropertyValueSpecification\",\"valueRequired\":true,\"valueName\":\"search_term_string\"}}],\"inLanguage\":\"en-US\"}]}<\/script>\n<!-- \/ Yoast SEO plugin. -->","yoast_head_json":{"title":"Accueil - EABCT","robots":{"index":"index","follow":"follow","max-snippet":"max-snippet:-1","max-image-preview":"max-image-preview:large","max-video-preview":"max-video-preview:-1"},"canonical":"https:\/\/eabctcongress.org\/fr\/","og_locale":"en_US","og_type":"article","og_title":"Accueil - EABCT","og_description":"\u00a0 English versionLes inscription sont ouvertes.Dates cl\u00e9s \u00e0 venir Pr\u00e9parez-vous !Publication du programme des conf\u00e9rences et ateliers pr\u00e9-congr\u00e8s5 D\u00e9cembre 2025 Notez la date !Ouverture des inscriptions30 Janvier 2026 Restez connect\u00e9s !Mise en ligne du programme pr\u00e9liminaire1er juin 2026 https:\/\/vimeo.com\/1111578721\/bba6c72113?share=copyLettre de bienvenue Bienvenue \u00e0 tous ! Rejoignez-nous pour une exp\u00e9rience inoubliable au c\u0153ur de l'Europe ! [&hellip;]","og_url":"https:\/\/eabctcongress.org\/fr\/","og_site_name":"EABCT","article_modified_time":"2026-04-21T08:22:26+00:00","og_image":[{"width":40,"height":27,"url":"https:\/\/eabctcongress.org\/fr\/wp-content\/uploads\/2025\/11\/drapeau_anglais.png","type":"image\/png"}],"twitter_card":"summary_large_image","schema":{"@context":"https:\/\/schema.org","@graph":[{"@type":"WebPage","@id":"https:\/\/eabctcongress.org\/fr\/","url":"https:\/\/eabctcongress.org\/fr\/","name":"Accueil - EABCT","isPartOf":{"@id":"https:\/\/eabctcongress.org\/fr\/#website"},"primaryImageOfPage":{"@id":"https:\/\/eabctcongress.org\/fr\/#primaryimage"},"image":{"@id":"https:\/\/eabctcongress.org\/fr\/#primaryimage"},"thumbnailUrl":"https:\/\/eabctcongress.org\/fr\/wp-content\/uploads\/2025\/11\/drapeau_anglais.png","datePublished":"2025-10-08T15:06:55+00:00","dateModified":"2026-04-21T08:22:26+00:00","breadcrumb":{"@id":"https:\/\/eabctcongress.org\/fr\/#breadcrumb"},"inLanguage":"en-US","potentialAction":[{"@type":"ReadAction","target":["https:\/\/eabctcongress.org\/fr\/"]}]},{"@type":"ImageObject","inLanguage":"en-US","@id":"https:\/\/eabctcongress.org\/fr\/#primaryimage","url":"https:\/\/eabctcongress.org\/fr\/wp-content\/uploads\/2025\/11\/drapeau_anglais.png","contentUrl":"https:\/\/eabctcongress.org\/fr\/wp-content\/uploads\/2025\/11\/drapeau_anglais.png","width":40,"height":27},{"@type":"BreadcrumbList","@id":"https:\/\/eabctcongress.org\/fr\/#breadcrumb","itemListElement":[{"@type":"ListItem","position":1,"name":"Home","item":"https:\/\/eabctcongress.org\/fr\/"},{"@type":"ListItem","position":2,"name":"Accueil"}]},{"@type":"WebSite","@id":"https:\/\/eabctcongress.org\/fr\/#website","url":"https:\/\/eabctcongress.org\/fr\/","name":"EABCT","description":"","potentialAction":[{"@type":"SearchAction","target":{"@type":"EntryPoint","urlTemplate":"https:\/\/eabctcongress.org\/fr\/?s={search_term_string}"},"query-input":{"@type":"PropertyValueSpecification","valueRequired":true,"valueName":"search_term_string"}}],"inLanguage":"en-US"}]}},"_links":{"self":[{"href":"https:\/\/eabctcongress.org\/fr\/index.php\/wp-json\/wp\/v2\/pages\/54","targetHints":{"allow":["GET"]}}],"collection":[{"href":"https:\/\/eabctcongress.org\/fr\/index.php\/wp-json\/wp\/v2\/pages"}],"about":[{"href":"https:\/\/eabctcongress.org\/fr\/index.php\/wp-json\/wp\/v2\/types\/page"}],"author":[{"embeddable":true,"href":"https:\/\/eabctcongress.org\/fr\/index.php\/wp-json\/wp\/v2\/users\/1"}],"replies":[{"embeddable":true,"href":"https:\/\/eabctcongress.org\/fr\/index.php\/wp-json\/wp\/v2\/comments?post=54"}],"version-history":[{"count":38,"href":"https:\/\/eabctcongress.org\/fr\/index.php\/wp-json\/wp\/v2\/pages\/54\/revisions"}],"predecessor-version":[{"id":795,"href":"https:\/\/eabctcongress.org\/fr\/index.php\/wp-json\/wp\/v2\/pages\/54\/revisions\/795"}],"wp:attachment":[{"href":"https:\/\/eabctcongress.org\/fr\/index.php\/wp-json\/wp\/v2\/media?parent=54"}],"curies":[{"name":"wp","href":"https:\/\/api.w.org\/{rel}","templated":true}]}}