{"id":551,"date":"2025-12-11T09:02:09","date_gmt":"2025-12-11T09:02:09","guid":{"rendered":"https:\/\/eabctcongress.org\/fr\/?page_id=551"},"modified":"2025-12-11T14:09:29","modified_gmt":"2025-12-11T14:09:29","slug":"comites-dorganisation","status":"publish","type":"page","link":"https:\/\/eabctcongress.org\/fr\/index.php\/comites-dorganisation\/","title":{"rendered":"Comit\u00e9s d&#8217;organisation"},"content":{"rendered":"<p>[et_pb_section fb_built=&#8221;1&#8243; _builder_version=&#8221;4.27.4&#8243; _module_preset=&#8221;default&#8221; background_image=&#8221;https:\/\/eabctcongress.org\/fr\/wp-content\/uploads\/2025\/10\/Brussels_img.jpg&#8221; width=&#8221;100%&#8221; max_width=&#8221;100%&#8221; min_height=&#8221;356px&#8221; height=&#8221;284px&#8221; global_colors_info=&#8221;{}&#8221;][\/et_pb_section][et_pb_section fb_built=&#8221;1&#8243; _builder_version=&#8221;4.27.4&#8243; _module_preset=&#8221;default&#8221; global_colors_info=&#8221;{}&#8221;][et_pb_row _builder_version=&#8221;4.27.4&#8243; _module_preset=&#8221;default&#8221; border_width_bottom=&#8221;1px&#8221; border_color_bottom=&#8221;#008E90&#8243; global_colors_info=&#8221;{}&#8221;][et_pb_column type=&#8221;4_4&#8243; _builder_version=&#8221;4.27.4&#8243; _module_preset=&#8221;default&#8221; global_colors_info=&#8221;{}&#8221;][et_pb_text _builder_version=&#8221;4.27.4&#8243; _module_preset=&#8221;default&#8221; global_colors_info=&#8221;{}&#8221;]<\/p>\n<h2><span style=\"color: #008e90;\"><strong>Comit\u00e9s d&#8217;organisation<\/strong><\/span><\/h2>\n<p>[\/et_pb_text][\/et_pb_column][\/et_pb_row][et_pb_row column_structure=&#8221;1_2,1_2&#8243; _builder_version=&#8221;4.27.4&#8243; _module_preset=&#8221;default&#8221; custom_padding=&#8221;0px|||||&#8221; border_width_top=&#8221;1px&#8221; border_color_top=&#8221;#008E90&#8243; border_color_bottom=&#8221;#008E90&#8243; global_colors_info=&#8221;{}&#8221;][et_pb_column type=&#8221;1_2&#8243; _builder_version=&#8221;4.27.4&#8243; _module_preset=&#8221;default&#8221; global_colors_info=&#8221;{}&#8221;][et_pb_text _builder_version=&#8221;4.27.5&#8243; _module_preset=&#8221;default&#8221; background_color=&#8221;#f7f7f7&#8243; min_height=&#8221;434px&#8221; custom_margin=&#8221;0px|||0px|false|false&#8221; custom_padding=&#8221;15px|||15px|false|false&#8221; hover_enabled=&#8221;0&#8243; global_colors_info=&#8221;{}&#8221; sticky_enabled=&#8221;0&#8243;]<\/p>\n<h4><span style=\"color: #008e90;\"><strong>Congress\u00a0Organising\u00a0Committee<\/strong><\/span><\/h4>\n<p>Pierre Philippot &#8211; Co-Pr\u00e9sident du Comit\u00e9 d&#8217;organisation<br \/>Tine Daeseleire &#8211; Co-Pr\u00e9sidente du Comit\u00e9 d&#8217;organisation<\/p>\n<p>Agnieszka Suchocka Capuano<br \/>Andr\u00e9 Masson<br \/>Audrey Krings<br \/>Benedicte Thonon<br \/>Celine Douillez &#8211; Tr\u00e9sori\u00e8re<br \/>Christel Bouwens<br \/>Jessica Morton<br \/>Kris Martens<br \/>Nele Jacobs &#8211; Pr\u00e9sident du VVGT<br \/>Stefanie Van Craen &#8211; Communication<br \/>Sylvie Blairy &#8211; Pr\u00e9sident du AEMTC<br \/>Wannes Rambour<\/p>\n<p>&nbsp;<\/p>\n<p>[\/et_pb_text][\/et_pb_column][et_pb_column type=&#8221;1_2&#8243; _builder_version=&#8221;4.27.4&#8243; _module_preset=&#8221;default&#8221; global_colors_info=&#8221;{}&#8221;][et_pb_text _builder_version=&#8221;4.27.5&#8243; _module_preset=&#8221;default&#8221; background_color=&#8221;#f7f7f7&#8243; min_height=&#8221;434px&#8221; custom_margin=&#8221;0px|||0px|false|false&#8221; custom_padding=&#8221;15px|||15px|false|false&#8221; global_colors_info=&#8221;{}&#8221;]<\/p>\n<h4><span style=\"color: #008e90;\"><strong>Comit\u00e9 <\/strong><\/span><span style=\"color: #008e90;\"><strong>Scientifique du congr\u00e8s<\/strong><\/span><\/h4>\n<p>Jan Callens &#8211; Responsable scientifique<br \/>Dirk Hermans &#8211; Co-Pr\u00e9sident du Comit\u00e9 d&#8217;organisation<br \/>Ernst Koster &#8211; Co-Pr\u00e9sident du Comit\u00e9 d&#8217;organisation<br \/>Mandy Rossignol &#8211; Co-Pr\u00e9sidente du Comit\u00e9 d&#8217;organisation<br \/>Pierre Philippot &#8211; Co-Pr\u00e9sident du Comit\u00e9 d&#8217;organisation<\/p>\n<p>Agnieszka Popiel<br \/>Anca Dobrean<br \/>Anouck Vanden Bogaerde<br \/>Arnold van Emmerik<br \/>Carole Fantini<br \/>Caroline Braet<br \/>Celine Douilliez<br \/>Ercan Altinoz<br \/>Guy Bosmans<br \/>Jo Daniels<br \/>Kirsti Akkermann<br \/>Kristof Hoorelbeke<br \/>Maria do C\u00e9u Salvador<br \/>Miguel Angel Fullana<br \/>Nicola Petrocchi<br \/>Peter Phiri<br \/>Simon Blackwell<br \/>Sylvie Blairy<\/p>\n<p>&nbsp;<\/p>\n<p>[\/et_pb_text][\/et_pb_column][\/et_pb_row][\/et_pb_section]<\/p>\n","protected":false},"excerpt":{"rendered":"<p>Comit\u00e9s d&#8217;organisationCongress\u00a0Organising\u00a0Committee Pierre Philippot &#8211; Co-Pr\u00e9sident du Comit\u00e9 d&#8217;organisationTine Daeseleire &#8211; Co-Pr\u00e9sidente du Comit\u00e9 d&#8217;organisation Agnieszka Suchocka CapuanoAndr\u00e9 MassonAudrey KringsBenedicte ThononCeline Douillez &#8211; Tr\u00e9sori\u00e8reChristel BouwensJessica MortonKris MartensNele Jacobs &#8211; Pr\u00e9sident du VVGTStefanie Van Craen &#8211; CommunicationSylvie Blairy &#8211; Pr\u00e9sident du AEMTCWannes Rambour &nbsp;Comit\u00e9 Scientifique du congr\u00e8s Jan Callens &#8211; Responsable scientifiqueDirk Hermans &#8211; Co-Pr\u00e9sident du [&hellip;]<\/p>\n","protected":false},"author":1,"featured_media":0,"parent":0,"menu_order":0,"comment_status":"closed","ping_status":"closed","template":"","meta":{"_et_pb_use_builder":"on","_et_pb_old_content":"","_et_gb_content_width":"","footnotes":""},"class_list":["post-551","page","type-page","status-publish","hentry"],"yoast_head":"<!-- This site is optimized with the Yoast SEO plugin v27.4 - https:\/\/yoast.com\/product\/yoast-seo-wordpress\/ -->\n<title>Comit\u00e9s d&#039;organisation - EABCT<\/title>\n<meta name=\"robots\" content=\"index, follow, max-snippet:-1, max-image-preview:large, max-video-preview:-1\" \/>\n<link rel=\"canonical\" href=\"https:\/\/eabctcongress.org\/fr\/index.php\/comites-dorganisation\/\" \/>\n<meta property=\"og:locale\" content=\"en_US\" \/>\n<meta property=\"og:type\" content=\"article\" \/>\n<meta property=\"og:title\" content=\"Comit\u00e9s d&#039;organisation - EABCT\" \/>\n<meta property=\"og:description\" content=\"Comit\u00e9s d&#039;organisationCongress\u00a0Organising\u00a0Committee Pierre Philippot - Co-Pr\u00e9sident du Comit\u00e9 d&#039;organisationTine Daeseleire - Co-Pr\u00e9sidente du Comit\u00e9 d&#039;organisation Agnieszka Suchocka CapuanoAndr\u00e9 MassonAudrey KringsBenedicte ThononCeline Douillez - Tr\u00e9sori\u00e8reChristel BouwensJessica MortonKris MartensNele Jacobs - Pr\u00e9sident du VVGTStefanie Van Craen - CommunicationSylvie Blairy - Pr\u00e9sident du AEMTCWannes Rambour &nbsp;Comit\u00e9 Scientifique du congr\u00e8s Jan Callens - Responsable scientifiqueDirk Hermans - Co-Pr\u00e9sident du [&hellip;]\" \/>\n<meta property=\"og:url\" content=\"https:\/\/eabctcongress.org\/fr\/index.php\/comites-dorganisation\/\" \/>\n<meta property=\"og:site_name\" content=\"EABCT\" \/>\n<meta property=\"article:modified_time\" content=\"2025-12-11T14:09:29+00:00\" \/>\n<meta name=\"twitter:card\" content=\"summary_large_image\" \/>\n<script type=\"application\/ld+json\" class=\"yoast-schema-graph\">{\"@context\":\"https:\\\/\\\/schema.org\",\"@graph\":[{\"@type\":\"WebPage\",\"@id\":\"https:\\\/\\\/eabctcongress.org\\\/fr\\\/index.php\\\/comites-dorganisation\\\/\",\"url\":\"https:\\\/\\\/eabctcongress.org\\\/fr\\\/index.php\\\/comites-dorganisation\\\/\",\"name\":\"Comit\u00e9s d'organisation - EABCT\",\"isPartOf\":{\"@id\":\"https:\\\/\\\/eabctcongress.org\\\/fr\\\/#website\"},\"datePublished\":\"2025-12-11T09:02:09+00:00\",\"dateModified\":\"2025-12-11T14:09:29+00:00\",\"breadcrumb\":{\"@id\":\"https:\\\/\\\/eabctcongress.org\\\/fr\\\/index.php\\\/comites-dorganisation\\\/#breadcrumb\"},\"inLanguage\":\"en-US\",\"potentialAction\":[{\"@type\":\"ReadAction\",\"target\":[\"https:\\\/\\\/eabctcongress.org\\\/fr\\\/index.php\\\/comites-dorganisation\\\/\"]}]},{\"@type\":\"BreadcrumbList\",\"@id\":\"https:\\\/\\\/eabctcongress.org\\\/fr\\\/index.php\\\/comites-dorganisation\\\/#breadcrumb\",\"itemListElement\":[{\"@type\":\"ListItem\",\"position\":1,\"name\":\"Home\",\"item\":\"https:\\\/\\\/eabctcongress.org\\\/fr\\\/\"},{\"@type\":\"ListItem\",\"position\":2,\"name\":\"Comit\u00e9s d&#8217;organisation\"}]},{\"@type\":\"WebSite\",\"@id\":\"https:\\\/\\\/eabctcongress.org\\\/fr\\\/#website\",\"url\":\"https:\\\/\\\/eabctcongress.org\\\/fr\\\/\",\"name\":\"EABCT\",\"description\":\"\",\"potentialAction\":[{\"@type\":\"SearchAction\",\"target\":{\"@type\":\"EntryPoint\",\"urlTemplate\":\"https:\\\/\\\/eabctcongress.org\\\/fr\\\/?s={search_term_string}\"},\"query-input\":{\"@type\":\"PropertyValueSpecification\",\"valueRequired\":true,\"valueName\":\"search_term_string\"}}],\"inLanguage\":\"en-US\"}]}<\/script>\n<!-- \/ Yoast SEO plugin. -->","yoast_head_json":{"title":"Comit\u00e9s d'organisation - EABCT","robots":{"index":"index","follow":"follow","max-snippet":"max-snippet:-1","max-image-preview":"max-image-preview:large","max-video-preview":"max-video-preview:-1"},"canonical":"https:\/\/eabctcongress.org\/fr\/index.php\/comites-dorganisation\/","og_locale":"en_US","og_type":"article","og_title":"Comit\u00e9s d'organisation - EABCT","og_description":"Comit\u00e9s d'organisationCongress\u00a0Organising\u00a0Committee Pierre Philippot - Co-Pr\u00e9sident du Comit\u00e9 d'organisationTine Daeseleire - Co-Pr\u00e9sidente du Comit\u00e9 d'organisation Agnieszka Suchocka CapuanoAndr\u00e9 MassonAudrey KringsBenedicte ThononCeline Douillez - Tr\u00e9sori\u00e8reChristel BouwensJessica MortonKris MartensNele Jacobs - Pr\u00e9sident du VVGTStefanie Van Craen - CommunicationSylvie Blairy - Pr\u00e9sident du AEMTCWannes Rambour &nbsp;Comit\u00e9 Scientifique du congr\u00e8s Jan Callens - Responsable scientifiqueDirk Hermans - Co-Pr\u00e9sident du [&hellip;]","og_url":"https:\/\/eabctcongress.org\/fr\/index.php\/comites-dorganisation\/","og_site_name":"EABCT","article_modified_time":"2025-12-11T14:09:29+00:00","twitter_card":"summary_large_image","schema":{"@context":"https:\/\/schema.org","@graph":[{"@type":"WebPage","@id":"https:\/\/eabctcongress.org\/fr\/index.php\/comites-dorganisation\/","url":"https:\/\/eabctcongress.org\/fr\/index.php\/comites-dorganisation\/","name":"Comit\u00e9s d'organisation - EABCT","isPartOf":{"@id":"https:\/\/eabctcongress.org\/fr\/#website"},"datePublished":"2025-12-11T09:02:09+00:00","dateModified":"2025-12-11T14:09:29+00:00","breadcrumb":{"@id":"https:\/\/eabctcongress.org\/fr\/index.php\/comites-dorganisation\/#breadcrumb"},"inLanguage":"en-US","potentialAction":[{"@type":"ReadAction","target":["https:\/\/eabctcongress.org\/fr\/index.php\/comites-dorganisation\/"]}]},{"@type":"BreadcrumbList","@id":"https:\/\/eabctcongress.org\/fr\/index.php\/comites-dorganisation\/#breadcrumb","itemListElement":[{"@type":"ListItem","position":1,"name":"Home","item":"https:\/\/eabctcongress.org\/fr\/"},{"@type":"ListItem","position":2,"name":"Comit\u00e9s d&#8217;organisation"}]},{"@type":"WebSite","@id":"https:\/\/eabctcongress.org\/fr\/#website","url":"https:\/\/eabctcongress.org\/fr\/","name":"EABCT","description":"","potentialAction":[{"@type":"SearchAction","target":{"@type":"EntryPoint","urlTemplate":"https:\/\/eabctcongress.org\/fr\/?s={search_term_string}"},"query-input":{"@type":"PropertyValueSpecification","valueRequired":true,"valueName":"search_term_string"}}],"inLanguage":"en-US"}]}},"_links":{"self":[{"href":"https:\/\/eabctcongress.org\/fr\/index.php\/wp-json\/wp\/v2\/pages\/551","targetHints":{"allow":["GET"]}}],"collection":[{"href":"https:\/\/eabctcongress.org\/fr\/index.php\/wp-json\/wp\/v2\/pages"}],"about":[{"href":"https:\/\/eabctcongress.org\/fr\/index.php\/wp-json\/wp\/v2\/types\/page"}],"author":[{"embeddable":true,"href":"https:\/\/eabctcongress.org\/fr\/index.php\/wp-json\/wp\/v2\/users\/1"}],"replies":[{"embeddable":true,"href":"https:\/\/eabctcongress.org\/fr\/index.php\/wp-json\/wp\/v2\/comments?post=551"}],"version-history":[{"count":6,"href":"https:\/\/eabctcongress.org\/fr\/index.php\/wp-json\/wp\/v2\/pages\/551\/revisions"}],"predecessor-version":[{"id":566,"href":"https:\/\/eabctcongress.org\/fr\/index.php\/wp-json\/wp\/v2\/pages\/551\/revisions\/566"}],"wp:attachment":[{"href":"https:\/\/eabctcongress.org\/fr\/index.php\/wp-json\/wp\/v2\/media?parent=551"}],"curies":[{"name":"wp","href":"https:\/\/api.w.org\/{rel}","templated":true}]}}