{"id":625,"date":"2026-01-22T13:55:57","date_gmt":"2026-01-22T13:55:57","guid":{"rendered":"https:\/\/eabctcongress.org\/fr\/?page_id=625"},"modified":"2026-03-18T08:43:49","modified_gmt":"2026-03-18T08:43:49","slug":"tarifs-dinscription","status":"publish","type":"page","link":"https:\/\/eabctcongress.org\/fr\/index.php\/tarifs-dinscription\/","title":{"rendered":"Tarifs d&#8217;inscription"},"content":{"rendered":"<p>[et_pb_section fb_built=&#8221;1&#8243; _builder_version=&#8221;4.27.5&#8243; _module_preset=&#8221;default&#8221; global_colors_info=&#8221;{}&#8221;][et_pb_row _builder_version=&#8221;4.27.5&#8243; _module_preset=&#8221;default&#8221; global_colors_info=&#8221;{}&#8221;][et_pb_column type=&#8221;4_4&#8243; _builder_version=&#8221;4.27.5&#8243; _module_preset=&#8221;default&#8221; global_colors_info=&#8221;{}&#8221;][et_pb_text _builder_version=&#8221;4.27.5&#8243; _module_preset=&#8221;default&#8221; global_colors_info=&#8221;{}&#8221;]<\/p>\n<h3><span style=\"color: #008e90;\"><strong>Tarifs d&#8217;inscription<\/strong><\/span><\/h3>\n<p><span style=\"color: #333333;\">Les frais d&#8217;inscription comprennent les rafra\u00eechissements et le d\u00e9jeuner chaque jour.<br \/>Tous les frais d&#8217;inscription incluent la TVA locale.<br \/><\/span><\/p>\n<p>[\/et_pb_text][\/et_pb_column][\/et_pb_row][et_pb_row _builder_version=&#8221;4.27.5&#8243; _module_preset=&#8221;default&#8221; custom_padding=&#8221;0px|||||&#8221; global_colors_info=&#8221;{}&#8221;][et_pb_column type=&#8221;4_4&#8243; _builder_version=&#8221;4.27.5&#8243; _module_preset=&#8221;default&#8221; global_colors_info=&#8221;{}&#8221;][et_pb_text _builder_version=&#8221;4.27.5&#8243; _module_preset=&#8221;default&#8221; global_colors_info=&#8221;{}&#8221;]<\/p>\n<div class=\"et_pb_text_inner\">\n<p><span style=\"color: #333333;\"><\/span><\/p>\n<\/div>\n<div class=\"et_pb_module et_pb_text et_pb_text_3  et_pb_text_align_left et_pb_bg_layout_light\">\n<div class=\"et_pb_text_inner\">\n<table style=\"height: 377px; width: 782px;\">\n<tbody>\n<tr style=\"height: 72px;\">\n<td style=\"width: 263.297px; height: 72px;\" bgcolor=\"#00375d\"><img loading=\"lazy\" decoding=\"async\" src=\"https:\/\/eabctcongress.org\/wp-content\/uploads\/2025\/05\/eabct_2-300x205.jpg\" width=\"300\" height=\"205\" alt=\"\" class=\"wp-image-22 alignnone size-medium\" \/><\/td>\n<td style=\"width: 150.594px; height: 72px;\" td=\"\" bgcolor=\"#00375d\"><center><span style=\"color: #ffffff;\"><strong>Tarif pr\u00e9f\u00e9rentiel<br \/><\/strong><strong>jusqu&#8217;au <\/strong><\/span><\/center><center><span style=\"color: #ffffff;\"><strong>28 Juin <\/strong><\/span><span style=\"color: #ffffff;\"><strong>2026<\/strong><\/span><\/center><\/td>\n<td style=\"width: 168.469px; height: 72px;\" td=\"\" bgcolor=\"#008e90\"><center><span style=\"color: #ffffff;\"><strong>Standard<br \/>jusqu&#8217;au<\/strong><\/span><\/center><center><span style=\"color: #ffffff;\"><strong> 15 Ao\u00fbt\u00a0<\/strong><\/span><span style=\"color: #ffffff;\"><strong>2026<\/strong><\/span><\/center><\/td>\n<td style=\"width: 171.641px; height: 72px;\" td=\"\" bgcolor=\"#1bb27f\"><center><span style=\"color: #ffffff;\"><strong>Du 16 Ao\u00fbt 2026<\/strong><\/span><\/center><center><span style=\"color: #ffffff;\"><strong>\u00e0 sur place<\/strong><\/span><br \/><span style=\"color: #ffffff;\"><strong><\/strong><\/span><span style=\"color: #ffffff;\"><strong><\/strong><\/span><\/center><\/td>\n<\/tr>\n<tr style=\"height: 24px; text-align: left;\">\n<td colspan=\"4\" height:=\"\" 24px=\"\" bgcolor=\"#d2dae7\" style=\"width: 772px; height: 24px;\"><strong>Inscription au congr\u00e8s<\/strong><\/td>\n<\/tr>\n<tr style=\"height: 24px; text-align: left;\">\n<td style=\"width: 263.297px; height: 24px;\">Membre<\/td>\n<td style=\"width: 150.594px; height: 24px; text-align: center;\">475 \u20ac<\/td>\n<td style=\"width: 168.469px; height: 24px; text-align: center;\">545 \u20ac<\/td>\n<td style=\"width: 171.641px; height: 24px; text-align: center;\">595 \u20ac<\/td>\n<\/tr>\n<tr style=\"height: 24px; text-align: left;\">\n<td style=\"width: 263.297px; height: 24px;\">Non membre<\/td>\n<td style=\"width: 150.594px; height: 24px; text-align: center;\">575 \u20ac<\/td>\n<td style=\"width: 168.469px; height: 24px; text-align: center;\">645 \u20ac<\/td>\n<td style=\"width: 171.641px; height: 24px; text-align: center;\">695 \u20ac<\/td>\n<\/tr>\n<tr style=\"text-align: left;\">\n<td style=\"width: 263.297px; height: 10px;\">Pays \u00e9mergents &amp; Etudiants<\/td>\n<td style=\"width: 150.594px; text-align: center; height: 10px;\">280 \u20ac<\/td>\n<td style=\"width: 168.469px; text-align: center; height: 10px;\">345 \u20ac<\/td>\n<td style=\"width: 171.641px; text-align: center; height: 10px;\">395 \u20ac<\/td>\n<\/tr>\n<tr>\n<td style=\"width: 263.297px;\">Personne accompagnante <em>(<span lang=\"FR-BE\">restauration<\/span><span lang=\"en-BE\"> uniquement \u2013 pas d\u2019acc\u00e8s aux meetings<\/span><span lang=\"FR-BE\">)<\/span><\/em><\/td>\n<td style=\"width: 150.594px; text-align: center;\">180 \u20ac<\/td>\n<td style=\"width: 168.469px; text-align: center;\">180 \u20ac<\/td>\n<td style=\"width: 171.641px; text-align: center;\">180 \u20ac<\/td>\n<\/tr>\n<tr style=\"height: 24px; text-align: left;\">\n<td colspan=\"4\" height:=\"\" 24px=\"\" bgcolor=\"#d2dae7\" style=\"width: 772px; height: 24px;\"><strong>Daily Pass<\/strong><\/td>\n<\/tr>\n<tr style=\"height: 24px; text-align: left;\">\n<td style=\"width: 263.297px; height: 24px;\">Membre<\/td>\n<td style=\"width: 150.594px; height: 24px; text-align: center;\">200 \u20ac<\/td>\n<td style=\"width: 168.469px; height: 24px; text-align: center;\">230 \u20ac<\/td>\n<td style=\"width: 171.641px; height: 24px; text-align: center;\">260 \u20ac<\/td>\n<\/tr>\n<tr style=\"height: 24px;\">\n<td style=\"width: 263.297px; height: 24px;\">Non membre<\/td>\n<td style=\"width: 150.594px; text-align: center; height: 24px;\">250 \u20ac<\/td>\n<td style=\"width: 168.469px; text-align: center; height: 24px;\">280 \u20ac<\/td>\n<td style=\"width: 171.641px; text-align: center; height: 24px;\">310 \u20ac<\/td>\n<\/tr>\n<tr style=\"height: 24px;\">\n<td style=\"width: 263.297px; height: 24px;\">Pays \u00e9mergents &amp; Etudiants<\/td>\n<td style=\"width: 150.594px; text-align: center; height: 24px;\">160 \u20ac<\/td>\n<td style=\"width: 168.469px; text-align: center; height: 24px;\">190 \u20ac<\/td>\n<td style=\"width: 171.641px; text-align: center; height: 24px;\">220 \u20ac<\/td>\n<\/tr>\n<tr style=\"height: 24px;\">\n<td colspan=\"4\" height:=\"\" 24px=\"\" bgcolor=\"#d2dae7\" style=\"width: 772px; height: 24px;\"><strong>Ateliers pr\u00e9-congr\u00e8s<\/strong><\/td>\n<\/tr>\n<tr style=\"height: 24px;\">\n<td style=\"width: 263.297px; height: 24px;\">Membre<\/td>\n<td style=\"width: 150.594px; height: 24px;\"><center>110 \u20ac<\/center><\/td>\n<td style=\"width: 168.469px; height: 24px;\"><center>140 \u20ac<\/center><\/td>\n<td style=\"width: 171.641px; height: 24px;\"><center>170 \u20ac<\/center><\/td>\n<\/tr>\n<tr style=\"height: 24px;\">\n<td style=\"width: 263.297px; height: 24px;\">Non membre<\/td>\n<td style=\"width: 150.594px; height: 24px;\"><center>180 \u20ac<\/center><\/td>\n<td style=\"width: 168.469px; height: 24px;\"><center>210 \u20ac<\/center><\/td>\n<td style=\"width: 171.641px; height: 24px; text-align: left;\"><center>240 \u20ac<\/center><\/td>\n<\/tr>\n<tr style=\"height: 24px; text-align: left;\">\n<td style=\"width: 263.297px; height: 31px;\">Pays \u00e9mergents &amp; Etudiants<\/td>\n<td style=\"width: 150.594px; height: 31px;\"><center>75 \u20ac<\/center><\/td>\n<td style=\"width: 168.469px; height: 31px;\"><center>100 \u20ac<\/center><\/td>\n<td style=\"width: 171.641px; height: 31px;\"><center>125 \u20ac<\/center><\/td>\n<\/tr>\n<tr>\n<td style=\"width: 263.297px;\">Personne accompagnante <em>(<span lang=\"FR-BE\">restauration<\/span><span lang=\"en-BE\"> uniquement \u2013 pas d\u2019acc\u00e8s aux meetings<\/span><span lang=\"FR-BE\">)<\/span><\/em><\/td>\n<td style=\"width: 150.594px; text-align: center;\">80 \u20ac<\/td>\n<td style=\"width: 168.469px; text-align: center;\">80 \u20ac<\/td>\n<td style=\"width: 171.641px; text-align: center;\">80 \u20ac<\/td>\n<\/tr>\n<\/tbody>\n<\/table>\n<table style=\"height: 10px; width: 782px;\">\n<tbody>\n<tr style=\"height: 24px; text-align: left;\">\n<td style=\"width: 263.297px; height: 10px;\">D\u00eener du congr\u00e8s<\/td>\n<td style=\"width: 150.594px; height: 10px; text-align: center;\">98 \u20ac<\/td>\n<td style=\"width: 168.469px; height: 10px; text-align: center;\">98 \u20ac<\/td>\n<td style=\"width: 171.641px; height: 10px; text-align: center;\">98 \u20ac<\/td>\n<\/tr>\n<tr style=\"height: 24px; text-align: left;\">\n<td style=\"width: 263.297px; height: 10px;\">Soir\u00e9e internationale<\/td>\n<td style=\"width: 150.594px; height: 10px; text-align: center;\">35 \u20ac<\/td>\n<td style=\"width: 168.469px; height: 10px; text-align: center;\">35 \u20ac<\/td>\n<td style=\"width: 171.641px; height: 10px; text-align: center;\">35 \u20ac<\/td>\n<\/tr>\n<\/tbody>\n<tbody><\/tbody>\n<\/table>\n<\/div>\n<\/div>\n<p>[\/et_pb_text][\/et_pb_column][\/et_pb_row][et_pb_row _builder_version=&#8221;4.27.5&#8243; _module_preset=&#8221;default&#8221; global_colors_info=&#8221;{}&#8221;][et_pb_column type=&#8221;4_4&#8243; _builder_version=&#8221;4.27.5&#8243; _module_preset=&#8221;default&#8221; global_colors_info=&#8221;{}&#8221;][et_pb_toggle title=&#8221;*Le tarif \u00ab Pays \u00e9mergents \u00bb est identique \u00e0 celui des d\u00e9l\u00e9gu\u00e9s des pays \u00e9num\u00e9r\u00e9s ici.&#8221; _builder_version=&#8221;4.27.5&#8243; _module_preset=&#8221;default&#8221; hover_enabled=&#8221;0&#8243; global_colors_info=&#8221;{}&#8221; sticky_enabled=&#8221;0&#8243;]<\/p>\n<h3><span style=\"color: #008e90;\">Pays \u00e9mergents<\/span><\/h3>\n<p>&nbsp;<\/p>\n<p><strong>\u00c9conomies \u00e9mergentes et en d\u00e9veloppement<br \/><\/strong>Afghanistan<br \/>Albanie<br \/>Alg\u00e9rie<br \/>Angola<br \/>Antigua-et-Barbuda<br \/>Argentine<br \/>Arm\u00e9nie<br \/>Aruba<br \/>Azerbaijan<br \/>Les Bahamas<br \/>Bahrain<br \/>Bangladesh<br \/>Barbade<br \/>Bi\u00e9lorussie<br \/>Belize<br \/>Benin<br \/>Bhutan<br \/>Bolivie<br \/>Bosnie Herzegovine<br \/>Botswana<br \/>Br\u00e9zil<br \/>Brunei Darussalam<br \/>Bulgarie<br \/>Burkina Faso<br \/>Burundi<br \/>Cabo Verde<br \/>Cambodge<br \/>Cameroon<br \/>R\u00e9publique centrafricaine<br \/>Chad<br \/>Chile<br \/>Chine<br \/>Colombia<br \/>Comoros<br \/>R\u00e9publique D\u00e9mocratique du Congo<br \/>Costa Rica<br \/>C\u00f4te d&#8217;Ivoire<br \/>Djibouti<br \/>Dominique<br \/>R\u00e9publique Dominicaine<br \/>Equateur<br \/>Egypte<br \/>Salvador<br \/>Guin\u00e9e Equatoriale<br \/><span>\u00c9rythr\u00e9e<\/span><br \/>Eswatini<br \/>Ethiopie<br \/>Fiji<br \/>Gabon<br \/>La Gambie<br \/>Georgie<br \/>Ghana<br \/>Grenade<br \/>Guat\u00e9mala<br \/>Guin\u00e9e<br \/><span>Guin\u00e9e-Bissau<\/span><br \/>Guyana<br \/>Ha\u00efti<br \/>Honduras<br \/>Hongry<br \/>Indie<br \/>Indon\u00e9sie<br \/>Iran<br \/>Irak<br \/>Jama\u00efque<br \/>Jordan<br \/>Kazakhstan<br \/>K\u00e9nya<br \/>Kiribati<br \/>Kosovo<br \/>Kuwait<br \/><span>R\u00e9publique kirghize<\/span><br \/>R\u00e9publique D\u00e9mocratique Populaire Lao<br \/>Liban<br \/>Lesotho<br \/>Lib\u00e9ria<br \/>Libye<br \/>Madagascar<br \/>Malawi<br \/>Malaysie<br \/>Maldives<br \/>Mali<br \/><span>\u00celes Marshall<\/span><br \/>Mauritanie<br \/>Maurice<br \/>Mexico<br \/>Micron\u00e9sie<br \/>Moldovie<br \/>Mongolie<br \/>Mont\u00e9n\u00e9gro<br \/>Moroc<br \/>Mozambique<br \/>Myanmar<br \/>Namibie<br \/>Nauru<br \/>Nepal<br \/>Nicaragua<br \/>Niger<br \/>Nig\u00e9ria<br \/>Mac\u00e9doine du Nord<br \/>Oman<br \/>Pakistan<br \/>Palau<br \/>Panama<br \/>Papouasie-Nouvelle-Guin\u00e9e<br \/>Paraguay<br \/>P\u00e9rou<br \/>Philippines<br \/>Pologne<br \/>Qatar<br \/>Romanie<br \/>Russie<br \/>Rwanda<br \/>Samoa<br \/>S\u00e3o Tom\u00e9 et Pr\u00edncipe<br \/>Arabie Saoudite<br \/>S\u00e9n\u00e9gal<br \/>Serbi\u00e9<br \/>Seychelles<br \/>Sierra L\u00e9one<br \/>\u00celes Salomon<br \/>Somalie<br \/>Afrique du Sud<br \/>Soudan du Sud<br \/>Sri Lanka<br \/>Saint-Kitts-et-Nevis<br \/>Sainte Lucie<br \/>Saint<span>-Vincent-et-les-Grenadines<\/span><br \/>Soudan<br \/>Suriname<br \/>Syrie<br \/>Tajikistan<br \/>Tanzania<br \/>Tha\u00eflande<br \/>Timor-Leste<br \/>Togo<br \/>Tonga<br \/>Trinidad et Tobago<br \/>Tunisie<br \/>Turquie<br \/>Turkm\u00e9nistan<br \/>Tuvalu<br \/>Ouganda<br \/>Ukra\u00efne<br \/>\u00c9mirats Arabes Unis<br \/>Uruguay<br \/>Uzb\u00e9kistan<br \/>Vanuatu<br \/>V\u00e9n\u00e9zu\u00e9la<br \/>Vietnam<br \/>Cisjordanie et Gaza<br \/>Y\u00e9men<br \/>Zambie<br \/>Zimbabwe<\/p>\n<p>[\/et_pb_toggle][\/et_pb_column][\/et_pb_row][\/et_pb_section]<\/p>\n","protected":false},"excerpt":{"rendered":"<p>Tarifs d&#8217;inscription Les frais d&#8217;inscription comprennent les rafra\u00eechissements et le d\u00e9jeuner chaque jour.Tous les frais d&#8217;inscription incluent la TVA locale. Tarif pr\u00e9f\u00e9rentieljusqu&#8217;au 28 Juin 2026 Standardjusqu&#8217;au 15 Ao\u00fbt\u00a02026 Du 16 Ao\u00fbt 2026\u00e0 sur place Inscription au congr\u00e8s Membre 475 \u20ac 545 \u20ac 595 \u20ac Non membre 575 \u20ac 645 \u20ac 695 \u20ac Pays \u00e9mergents &amp; [&hellip;]<\/p>\n","protected":false},"author":1,"featured_media":0,"parent":0,"menu_order":0,"comment_status":"closed","ping_status":"closed","template":"","meta":{"_et_pb_use_builder":"on","_et_pb_old_content":"","_et_gb_content_width":"","footnotes":""},"class_list":["post-625","page","type-page","status-publish","hentry"],"yoast_head":"<!-- This site is optimized with the Yoast SEO plugin v27.4 - https:\/\/yoast.com\/product\/yoast-seo-wordpress\/ -->\n<title>Tarifs d&#039;inscription - EABCT<\/title>\n<meta name=\"robots\" content=\"index, follow, max-snippet:-1, max-image-preview:large, max-video-preview:-1\" \/>\n<link rel=\"canonical\" href=\"https:\/\/eabctcongress.org\/fr\/index.php\/tarifs-dinscription\/\" \/>\n<meta property=\"og:locale\" content=\"en_US\" \/>\n<meta property=\"og:type\" content=\"article\" \/>\n<meta property=\"og:title\" content=\"Tarifs d&#039;inscription - EABCT\" \/>\n<meta property=\"og:description\" content=\"Tarifs d&#039;inscription Les frais d&#039;inscription comprennent les rafra\u00eechissements et le d\u00e9jeuner chaque jour.Tous les frais d&#039;inscription incluent la TVA locale. Tarif pr\u00e9f\u00e9rentieljusqu&#039;au 28 Juin 2026 Standardjusqu&#039;au 15 Ao\u00fbt\u00a02026 Du 16 Ao\u00fbt 2026\u00e0 sur place Inscription au congr\u00e8s Membre 475 \u20ac 545 \u20ac 595 \u20ac Non membre 575 \u20ac 645 \u20ac 695 \u20ac Pays \u00e9mergents &amp; [&hellip;]\" \/>\n<meta property=\"og:url\" content=\"https:\/\/eabctcongress.org\/fr\/index.php\/tarifs-dinscription\/\" \/>\n<meta property=\"og:site_name\" content=\"EABCT\" \/>\n<meta property=\"article:modified_time\" content=\"2026-03-18T08:43:49+00:00\" \/>\n<meta property=\"og:image\" content=\"https:\/\/eabctcongress.org\/fr\/wp-content\/uploads\/2025\/10\/Therapy-01.jpg\" \/>\n\t<meta property=\"og:image:width\" content=\"750\" \/>\n\t<meta property=\"og:image:height\" content=\"500\" \/>\n\t<meta property=\"og:image:type\" content=\"image\/jpeg\" \/>\n<meta name=\"twitter:card\" content=\"summary_large_image\" \/>\n<script type=\"application\/ld+json\" class=\"yoast-schema-graph\">{\"@context\":\"https:\\\/\\\/schema.org\",\"@graph\":[{\"@type\":\"WebPage\",\"@id\":\"https:\\\/\\\/eabctcongress.org\\\/fr\\\/index.php\\\/tarifs-dinscription\\\/\",\"url\":\"https:\\\/\\\/eabctcongress.org\\\/fr\\\/index.php\\\/tarifs-dinscription\\\/\",\"name\":\"Tarifs d'inscription - EABCT\",\"isPartOf\":{\"@id\":\"https:\\\/\\\/eabctcongress.org\\\/fr\\\/#website\"},\"primaryImageOfPage\":{\"@id\":\"https:\\\/\\\/eabctcongress.org\\\/fr\\\/index.php\\\/tarifs-dinscription\\\/#primaryimage\"},\"image\":{\"@id\":\"https:\\\/\\\/eabctcongress.org\\\/fr\\\/index.php\\\/tarifs-dinscription\\\/#primaryimage\"},\"thumbnailUrl\":\"https:\\\/\\\/eabctcongress.org\\\/wp-content\\\/uploads\\\/2025\\\/05\\\/eabct_2-300x205.jpg\",\"datePublished\":\"2026-01-22T13:55:57+00:00\",\"dateModified\":\"2026-03-18T08:43:49+00:00\",\"breadcrumb\":{\"@id\":\"https:\\\/\\\/eabctcongress.org\\\/fr\\\/index.php\\\/tarifs-dinscription\\\/#breadcrumb\"},\"inLanguage\":\"en-US\",\"potentialAction\":[{\"@type\":\"ReadAction\",\"target\":[\"https:\\\/\\\/eabctcongress.org\\\/fr\\\/index.php\\\/tarifs-dinscription\\\/\"]}]},{\"@type\":\"ImageObject\",\"inLanguage\":\"en-US\",\"@id\":\"https:\\\/\\\/eabctcongress.org\\\/fr\\\/index.php\\\/tarifs-dinscription\\\/#primaryimage\",\"url\":\"https:\\\/\\\/eabctcongress.org\\\/wp-content\\\/uploads\\\/2025\\\/05\\\/eabct_2-300x205.jpg\",\"contentUrl\":\"https:\\\/\\\/eabctcongress.org\\\/wp-content\\\/uploads\\\/2025\\\/05\\\/eabct_2-300x205.jpg\"},{\"@type\":\"BreadcrumbList\",\"@id\":\"https:\\\/\\\/eabctcongress.org\\\/fr\\\/index.php\\\/tarifs-dinscription\\\/#breadcrumb\",\"itemListElement\":[{\"@type\":\"ListItem\",\"position\":1,\"name\":\"Home\",\"item\":\"https:\\\/\\\/eabctcongress.org\\\/fr\\\/\"},{\"@type\":\"ListItem\",\"position\":2,\"name\":\"Tarifs d&#8217;inscription\"}]},{\"@type\":\"WebSite\",\"@id\":\"https:\\\/\\\/eabctcongress.org\\\/fr\\\/#website\",\"url\":\"https:\\\/\\\/eabctcongress.org\\\/fr\\\/\",\"name\":\"EABCT\",\"description\":\"\",\"potentialAction\":[{\"@type\":\"SearchAction\",\"target\":{\"@type\":\"EntryPoint\",\"urlTemplate\":\"https:\\\/\\\/eabctcongress.org\\\/fr\\\/?s={search_term_string}\"},\"query-input\":{\"@type\":\"PropertyValueSpecification\",\"valueRequired\":true,\"valueName\":\"search_term_string\"}}],\"inLanguage\":\"en-US\"}]}<\/script>\n<!-- \/ Yoast SEO plugin. -->","yoast_head_json":{"title":"Tarifs d'inscription - EABCT","robots":{"index":"index","follow":"follow","max-snippet":"max-snippet:-1","max-image-preview":"max-image-preview:large","max-video-preview":"max-video-preview:-1"},"canonical":"https:\/\/eabctcongress.org\/fr\/index.php\/tarifs-dinscription\/","og_locale":"en_US","og_type":"article","og_title":"Tarifs d'inscription - EABCT","og_description":"Tarifs d'inscription Les frais d'inscription comprennent les rafra\u00eechissements et le d\u00e9jeuner chaque jour.Tous les frais d'inscription incluent la TVA locale. Tarif pr\u00e9f\u00e9rentieljusqu'au 28 Juin 2026 Standardjusqu'au 15 Ao\u00fbt\u00a02026 Du 16 Ao\u00fbt 2026\u00e0 sur place Inscription au congr\u00e8s Membre 475 \u20ac 545 \u20ac 595 \u20ac Non membre 575 \u20ac 645 \u20ac 695 \u20ac Pays \u00e9mergents &amp; [&hellip;]","og_url":"https:\/\/eabctcongress.org\/fr\/index.php\/tarifs-dinscription\/","og_site_name":"EABCT","article_modified_time":"2026-03-18T08:43:49+00:00","og_image":[{"width":750,"height":500,"url":"https:\/\/eabctcongress.org\/fr\/wp-content\/uploads\/2025\/10\/Therapy-01.jpg","type":"image\/jpeg"}],"twitter_card":"summary_large_image","schema":{"@context":"https:\/\/schema.org","@graph":[{"@type":"WebPage","@id":"https:\/\/eabctcongress.org\/fr\/index.php\/tarifs-dinscription\/","url":"https:\/\/eabctcongress.org\/fr\/index.php\/tarifs-dinscription\/","name":"Tarifs d'inscription - EABCT","isPartOf":{"@id":"https:\/\/eabctcongress.org\/fr\/#website"},"primaryImageOfPage":{"@id":"https:\/\/eabctcongress.org\/fr\/index.php\/tarifs-dinscription\/#primaryimage"},"image":{"@id":"https:\/\/eabctcongress.org\/fr\/index.php\/tarifs-dinscription\/#primaryimage"},"thumbnailUrl":"https:\/\/eabctcongress.org\/wp-content\/uploads\/2025\/05\/eabct_2-300x205.jpg","datePublished":"2026-01-22T13:55:57+00:00","dateModified":"2026-03-18T08:43:49+00:00","breadcrumb":{"@id":"https:\/\/eabctcongress.org\/fr\/index.php\/tarifs-dinscription\/#breadcrumb"},"inLanguage":"en-US","potentialAction":[{"@type":"ReadAction","target":["https:\/\/eabctcongress.org\/fr\/index.php\/tarifs-dinscription\/"]}]},{"@type":"ImageObject","inLanguage":"en-US","@id":"https:\/\/eabctcongress.org\/fr\/index.php\/tarifs-dinscription\/#primaryimage","url":"https:\/\/eabctcongress.org\/wp-content\/uploads\/2025\/05\/eabct_2-300x205.jpg","contentUrl":"https:\/\/eabctcongress.org\/wp-content\/uploads\/2025\/05\/eabct_2-300x205.jpg"},{"@type":"BreadcrumbList","@id":"https:\/\/eabctcongress.org\/fr\/index.php\/tarifs-dinscription\/#breadcrumb","itemListElement":[{"@type":"ListItem","position":1,"name":"Home","item":"https:\/\/eabctcongress.org\/fr\/"},{"@type":"ListItem","position":2,"name":"Tarifs d&#8217;inscription"}]},{"@type":"WebSite","@id":"https:\/\/eabctcongress.org\/fr\/#website","url":"https:\/\/eabctcongress.org\/fr\/","name":"EABCT","description":"","potentialAction":[{"@type":"SearchAction","target":{"@type":"EntryPoint","urlTemplate":"https:\/\/eabctcongress.org\/fr\/?s={search_term_string}"},"query-input":{"@type":"PropertyValueSpecification","valueRequired":true,"valueName":"search_term_string"}}],"inLanguage":"en-US"}]}},"_links":{"self":[{"href":"https:\/\/eabctcongress.org\/fr\/index.php\/wp-json\/wp\/v2\/pages\/625","targetHints":{"allow":["GET"]}}],"collection":[{"href":"https:\/\/eabctcongress.org\/fr\/index.php\/wp-json\/wp\/v2\/pages"}],"about":[{"href":"https:\/\/eabctcongress.org\/fr\/index.php\/wp-json\/wp\/v2\/types\/page"}],"author":[{"embeddable":true,"href":"https:\/\/eabctcongress.org\/fr\/index.php\/wp-json\/wp\/v2\/users\/1"}],"replies":[{"embeddable":true,"href":"https:\/\/eabctcongress.org\/fr\/index.php\/wp-json\/wp\/v2\/comments?post=625"}],"version-history":[{"count":16,"href":"https:\/\/eabctcongress.org\/fr\/index.php\/wp-json\/wp\/v2\/pages\/625\/revisions"}],"predecessor-version":[{"id":770,"href":"https:\/\/eabctcongress.org\/fr\/index.php\/wp-json\/wp\/v2\/pages\/625\/revisions\/770"}],"wp:attachment":[{"href":"https:\/\/eabctcongress.org\/fr\/index.php\/wp-json\/wp\/v2\/media?parent=625"}],"curies":[{"name":"wp","href":"https:\/\/api.w.org\/{rel}","templated":true}]}}